{"id":1047513,"date":"2022-09-05T18:33:35","date_gmt":"2022-09-05T16:33:35","guid":{"rendered":"https:\/\/ml-locations.be\/?post_type=product&#038;p=1047513"},"modified":"2025-07-17T13:56:58","modified_gmt":"2025-07-17T11:56:58","slug":"ofyr-pro-diametre-1m","status":"publish","type":"product","link":"https:\/\/ml-locations.be\/nl\/locations\/ofyr-pro-diametre-1m\/","title":{"rendered":"OFYR Pro &#8211; diam\u00e8tre 1m"},"content":{"rendered":"<p>L&#8217;<strong>OFYR en location<\/strong> Classic storage pro est une belle unit\u00e9 de cuisson mobile avec poign\u00e9e et roues. Cet OFYR est une oeuvre d&#8217;art fonctionnelle con\u00e7ue pour enrichir vos cuissons en plein air!<\/p>\n<p>Ce brasero au design contemporain vous offre une grande polyvalence de cuisson ( plancha et barbecue)<\/p>\n<p>L&#8217;OFYR en location vous offrira une grande surface de cuisson avec \u00a0sa \u00a0plaque en acier de 98cm de diam\u00e8tre !<\/p>\n<p>Placez les buches au milieu et laissez chauffer la plancha&#8230;ensuite laisse place \u00e0 votre imagination<\/p>\n<p>Le simple fait d&#8217;allumer le bras\u00e9ro OFYR transforme n&#8217;importe quel \u00e9v\u00e9nement en une <strong>occasion particuli\u00e8re<\/strong> !<\/p>\n<p><strong>Convivial<\/strong>, il r\u00e9volutionnera vos soir\u00e9es, et vous fera d\u00e9couvrir une nouvelle fa\u00e7on de cuisiner en ext\u00e9rieur.<\/p>\n<p>La plaque de cuisson en acier offre la possibilit\u00e9 de cr\u00e9er diff\u00e9rentes zones de temp\u00e9ratures permettant ainsi de cuire de la viande, du poisson, des \u0153ufs, des l\u00e9gumes ou encore des fruits.<\/p>\n<p>L\u2019utilisation d\u2019une huile d\u2019origine v\u00e9g\u00e9tale permet aux r\u00e9sidus et aux jus divers de glisser vers les flammes en un mouvement machinal et \u00e0 la plaque de cuisson de ne pas conserver le go\u00fbt des ingr\u00e9dients.<\/p>\n<p><strong>Simple d&#8217;utilisation<\/strong>, vous pouvez d\u00e9marrer le brasero en une vingtaine de minutes en pla\u00e7ant du bois et de l&#8217;allume-feu dans la cuve. Vous pouvez stocker ce bois gr\u00e2ce au bac de rangement con\u00e7u avec le brasero.<\/p>\n<p>Descriptions techniques:<\/p>\n<p>Surface de cuisson : 98cm de diam\u00e8tre<\/p>\n<p>Dimensions: socle 67x65x65cm \/ hauteur du c\u00f4ne 23,5cm<\/p>\n<p>Poids : socle 59kg, C\u00f4ne 22kg \/ Plancha 55kg<\/p>\n","protected":false},"excerpt":{"rendered":"<p>L&#8217;OFYR Classic storage pro est une belle unit\u00e9 de cuisson mobile avec poign\u00e9e et roues. Cet OFYR est une oeuvre d&#8217;art fonctionnelle con\u00e7ue pour enrichir vos cuissons en plein air!<\/p>\n<p>Ce brasero au design contemporain vous offre une grande polyvalence de cuisson ( plancha et barbecue)<\/p>\n<p>L&#8217;OFYR vous offrira une grande surface de cuisson avec \u00a0sa \u00a0plaque en acier de 98cm de diam\u00e8tre !<\/p>\n<p>Placez les buches au milieu et laissez chauffer la plancha&#8230;ensuite laisse place \u00e0 votre imagination<\/p>\n","protected":false},"featured_media":1047534,"template":"","meta":{"_acf_changed":false},"product_brand":[],"product_cat":[29,34],"product_tag":[],"class_list":{"0":"post-1047513","1":"product","2":"type-product","3":"status-publish","4":"has-post-thumbnail","6":"product_cat-materiel-horeca-en-location","7":"product_cat-location-materiel-cuisine-et-buffet","8":"description-off","10":"first","11":"instock","12":"sale","13":"featured","14":"taxable","15":"shipping-taxable","16":"purchasable","17":"product-type-simple"},"acf":[],"yoast_head":"<!-- This site is optimized with the Yoast SEO plugin v25.0 - https:\/\/yoast.com\/wordpress\/plugins\/seo\/ -->\n<title>OFYR Pro - diam\u00e8tre 1m | ML Locations<\/title>\n<meta name=\"description\" content=\"L&#039;OFYR Classic storage pro est une belle unit\u00e9 de cuisson mobile avec poign\u00e9e et roues. Cet OFYR est une oeuvre d&#039;art fonctionnelle con\u00e7ue pour enrichir vos cuissons en plein air!Ce brasero au design contemporain vous offre une grande polyvalence de cuisson ( plancha et barbecue)\u00a0L&#039;OFYR vous offrira une grande surface de cuisson avec \u00a0sa \u00a0plaque en acier de 98cm de diam\u00e8tre !Placez les buches au milieu et laissez chauffer la plancha...ensuite laisse place \u00e0 votre imagination\" \/>\n<meta name=\"robots\" content=\"index, follow, max-snippet:-1, max-image-preview:large, max-video-preview:-1\" \/>\n<link rel=\"canonical\" href=\"https:\/\/ml-locations.be\/nl\/locations\/ofyr-pro-diametre-1m\/\" \/>\n<meta property=\"og:locale\" content=\"nl_NL\" \/>\n<meta property=\"og:type\" content=\"article\" \/>\n<meta property=\"og:title\" content=\"OFYR Pro - diam\u00e8tre 1m | ML Locations\" \/>\n<meta property=\"og:description\" content=\"L&#039;OFYR Classic storage pro est une belle unit\u00e9 de cuisson mobile avec poign\u00e9e et roues. Cet OFYR est une oeuvre d&#039;art fonctionnelle con\u00e7ue pour enrichir vos cuissons en plein air!Ce brasero au design contemporain vous offre une grande polyvalence de cuisson ( plancha et barbecue)\u00a0L&#039;OFYR vous offrira une grande surface de cuisson avec \u00a0sa \u00a0plaque en acier de 98cm de diam\u00e8tre !Placez les buches au milieu et laissez chauffer la plancha...ensuite laisse place \u00e0 votre imagination\" \/>\n<meta property=\"og:url\" content=\"https:\/\/ml-locations.be\/nl\/locations\/ofyr-pro-diametre-1m\/\" \/>\n<meta property=\"og:site_name\" content=\"ML Locations\" \/>\n<meta property=\"article:modified_time\" content=\"2025-07-17T11:56:58+00:00\" \/>\n<meta property=\"og:image\" content=\"https:\/\/ml-locations.be\/wp-content\/uploads\/2022\/09\/ofyr_classic_storage_corten_100_pro.png\" \/>\n\t<meta property=\"og:image:width\" content=\"700\" \/>\n\t<meta property=\"og:image:height\" content=\"700\" \/>\n\t<meta property=\"og:image:type\" content=\"image\/png\" \/>\n<meta name=\"twitter:card\" content=\"summary_large_image\" \/>\n<meta name=\"twitter:label1\" content=\"Geschatte leestijd\" \/>\n\t<meta name=\"twitter:data1\" content=\"2 minuten\" \/>\n<script type=\"application\/ld+json\" class=\"yoast-schema-graph\">{\"@context\":\"https:\/\/schema.org\",\"@graph\":[{\"@type\":\"WebPage\",\"@id\":\"https:\/\/ml-locations.be\/nl\/locations\/ofyr-pro-diametre-1m\/\",\"url\":\"https:\/\/ml-locations.be\/nl\/locations\/ofyr-pro-diametre-1m\/\",\"name\":\"OFYR Pro - diam\u00e8tre 1m | ML Locations\",\"isPartOf\":{\"@id\":\"https:\/\/ml-locations.be\/nl\/#website\"},\"primaryImageOfPage\":{\"@id\":\"https:\/\/ml-locations.be\/nl\/locations\/ofyr-pro-diametre-1m\/#primaryimage\"},\"image\":{\"@id\":\"https:\/\/ml-locations.be\/nl\/locations\/ofyr-pro-diametre-1m\/#primaryimage\"},\"thumbnailUrl\":\"https:\/\/ml-locations.be\/wp-content\/uploads\/2022\/09\/ofyr_classic_storage_corten_100_pro.png\",\"datePublished\":\"2022-09-05T16:33:35+00:00\",\"dateModified\":\"2025-07-17T11:56:58+00:00\",\"description\":\"L'OFYR Classic storage pro est une belle unit\u00e9 de cuisson mobile avec poign\u00e9e et roues. Cet OFYR est une oeuvre d'art fonctionnelle con\u00e7ue pour enrichir vos cuissons en plein air!Ce brasero au design contemporain vous offre une grande polyvalence de cuisson ( plancha et barbecue)\u00a0L'OFYR vous offrira une grande surface de cuisson avec \u00a0sa \u00a0plaque en acier de 98cm de diam\u00e8tre !Placez les buches au milieu et laissez chauffer la plancha...ensuite laisse place \u00e0 votre imagination\",\"breadcrumb\":{\"@id\":\"https:\/\/ml-locations.be\/nl\/locations\/ofyr-pro-diametre-1m\/#breadcrumb\"},\"inLanguage\":\"nl-NL\",\"potentialAction\":[{\"@type\":\"ReadAction\",\"target\":[\"https:\/\/ml-locations.be\/nl\/locations\/ofyr-pro-diametre-1m\/\"]}]},{\"@type\":\"ImageObject\",\"inLanguage\":\"nl-NL\",\"@id\":\"https:\/\/ml-locations.be\/nl\/locations\/ofyr-pro-diametre-1m\/#primaryimage\",\"url\":\"https:\/\/ml-locations.be\/wp-content\/uploads\/2022\/09\/ofyr_classic_storage_corten_100_pro.png\",\"contentUrl\":\"https:\/\/ml-locations.be\/wp-content\/uploads\/2022\/09\/ofyr_classic_storage_corten_100_pro.png\",\"width\":700,\"height\":700},{\"@type\":\"BreadcrumbList\",\"@id\":\"https:\/\/ml-locations.be\/nl\/locations\/ofyr-pro-diametre-1m\/#breadcrumb\",\"itemListElement\":[{\"@type\":\"ListItem\",\"position\":1,\"name\":\"Accueil\",\"item\":\"https:\/\/ml-locations.be\/nl\/\"},{\"@type\":\"ListItem\",\"position\":2,\"name\":\"Winkel\",\"item\":\"https:\/\/ml-locations.be\/nl\/winkel\/\"},{\"@type\":\"ListItem\",\"position\":3,\"name\":\"OFYR Pro &#8211; diam\u00e8tre 1m\"}]},{\"@type\":\"WebSite\",\"@id\":\"https:\/\/ml-locations.be\/nl\/#website\",\"url\":\"https:\/\/ml-locations.be\/nl\/\",\"name\":\"ML Locations\",\"description\":\"Mat\u00e9riel \u00e9v\u00e9nementiel : location chaise, table et mange debout, mat\u00e9riel horeca, frigos,...\",\"publisher\":{\"@id\":\"https:\/\/ml-locations.be\/nl\/#organization\"},\"potentialAction\":[{\"@type\":\"SearchAction\",\"target\":{\"@type\":\"EntryPoint\",\"urlTemplate\":\"https:\/\/ml-locations.be\/nl\/?s={search_term_string}\"},\"query-input\":{\"@type\":\"PropertyValueSpecification\",\"valueRequired\":true,\"valueName\":\"search_term_string\"}}],\"inLanguage\":\"nl-NL\"},{\"@type\":\"Organization\",\"@id\":\"https:\/\/ml-locations.be\/nl\/#organization\",\"name\":\"ML Locations\",\"url\":\"https:\/\/ml-locations.be\/nl\/\",\"logo\":{\"@type\":\"ImageObject\",\"inLanguage\":\"nl-NL\",\"@id\":\"https:\/\/ml-locations.be\/nl\/#\/schema\/logo\/image\/\",\"url\":\"https:\/\/ml-locations.be\/wp-content\/uploads\/2018\/05\/LOGO-location-BON.png\",\"contentUrl\":\"https:\/\/ml-locations.be\/wp-content\/uploads\/2018\/05\/LOGO-location-BON.png\",\"width\":1200,\"height\":1200,\"caption\":\"ML Locations\"},\"image\":{\"@id\":\"https:\/\/ml-locations.be\/nl\/#\/schema\/logo\/image\/\"}}]}<\/script>\n<!-- \/ Yoast SEO plugin. -->","yoast_head_json":{"title":"OFYR Pro - diam\u00e8tre 1m | ML Locations","description":"L'OFYR Classic storage pro est une belle unit\u00e9 de cuisson mobile avec poign\u00e9e et roues. Cet OFYR est une oeuvre d'art fonctionnelle con\u00e7ue pour enrichir vos cuissons en plein air!Ce brasero au design contemporain vous offre une grande polyvalence de cuisson ( plancha et barbecue)\u00a0L'OFYR vous offrira une grande surface de cuisson avec \u00a0sa \u00a0plaque en acier de 98cm de diam\u00e8tre !Placez les buches au milieu et laissez chauffer la plancha...ensuite laisse place \u00e0 votre imagination","robots":{"index":"index","follow":"follow","max-snippet":"max-snippet:-1","max-image-preview":"max-image-preview:large","max-video-preview":"max-video-preview:-1"},"canonical":"https:\/\/ml-locations.be\/nl\/locations\/ofyr-pro-diametre-1m\/","og_locale":"nl_NL","og_type":"article","og_title":"OFYR Pro - diam\u00e8tre 1m | ML Locations","og_description":"L'OFYR Classic storage pro est une belle unit\u00e9 de cuisson mobile avec poign\u00e9e et roues. Cet OFYR est une oeuvre d'art fonctionnelle con\u00e7ue pour enrichir vos cuissons en plein air!Ce brasero au design contemporain vous offre une grande polyvalence de cuisson ( plancha et barbecue)\u00a0L'OFYR vous offrira une grande surface de cuisson avec \u00a0sa \u00a0plaque en acier de 98cm de diam\u00e8tre !Placez les buches au milieu et laissez chauffer la plancha...ensuite laisse place \u00e0 votre imagination","og_url":"https:\/\/ml-locations.be\/nl\/locations\/ofyr-pro-diametre-1m\/","og_site_name":"ML Locations","article_modified_time":"2025-07-17T11:56:58+00:00","og_image":[{"width":700,"height":700,"url":"https:\/\/ml-locations.be\/wp-content\/uploads\/2022\/09\/ofyr_classic_storage_corten_100_pro.png","type":"image\/png"}],"twitter_card":"summary_large_image","twitter_misc":{"Geschatte leestijd":"2 minuten"},"schema":{"@context":"https:\/\/schema.org","@graph":[{"@type":"WebPage","@id":"https:\/\/ml-locations.be\/nl\/locations\/ofyr-pro-diametre-1m\/","url":"https:\/\/ml-locations.be\/nl\/locations\/ofyr-pro-diametre-1m\/","name":"OFYR Pro - diam\u00e8tre 1m | ML Locations","isPartOf":{"@id":"https:\/\/ml-locations.be\/nl\/#website"},"primaryImageOfPage":{"@id":"https:\/\/ml-locations.be\/nl\/locations\/ofyr-pro-diametre-1m\/#primaryimage"},"image":{"@id":"https:\/\/ml-locations.be\/nl\/locations\/ofyr-pro-diametre-1m\/#primaryimage"},"thumbnailUrl":"https:\/\/ml-locations.be\/wp-content\/uploads\/2022\/09\/ofyr_classic_storage_corten_100_pro.png","datePublished":"2022-09-05T16:33:35+00:00","dateModified":"2025-07-17T11:56:58+00:00","description":"L'OFYR Classic storage pro est une belle unit\u00e9 de cuisson mobile avec poign\u00e9e et roues. Cet OFYR est une oeuvre d'art fonctionnelle con\u00e7ue pour enrichir vos cuissons en plein air!Ce brasero au design contemporain vous offre une grande polyvalence de cuisson ( plancha et barbecue)\u00a0L'OFYR vous offrira une grande surface de cuisson avec \u00a0sa \u00a0plaque en acier de 98cm de diam\u00e8tre !Placez les buches au milieu et laissez chauffer la plancha...ensuite laisse place \u00e0 votre imagination","breadcrumb":{"@id":"https:\/\/ml-locations.be\/nl\/locations\/ofyr-pro-diametre-1m\/#breadcrumb"},"inLanguage":"nl-NL","potentialAction":[{"@type":"ReadAction","target":["https:\/\/ml-locations.be\/nl\/locations\/ofyr-pro-diametre-1m\/"]}]},{"@type":"ImageObject","inLanguage":"nl-NL","@id":"https:\/\/ml-locations.be\/nl\/locations\/ofyr-pro-diametre-1m\/#primaryimage","url":"https:\/\/ml-locations.be\/wp-content\/uploads\/2022\/09\/ofyr_classic_storage_corten_100_pro.png","contentUrl":"https:\/\/ml-locations.be\/wp-content\/uploads\/2022\/09\/ofyr_classic_storage_corten_100_pro.png","width":700,"height":700},{"@type":"BreadcrumbList","@id":"https:\/\/ml-locations.be\/nl\/locations\/ofyr-pro-diametre-1m\/#breadcrumb","itemListElement":[{"@type":"ListItem","position":1,"name":"Accueil","item":"https:\/\/ml-locations.be\/nl\/"},{"@type":"ListItem","position":2,"name":"Winkel","item":"https:\/\/ml-locations.be\/nl\/winkel\/"},{"@type":"ListItem","position":3,"name":"OFYR Pro &#8211; diam\u00e8tre 1m"}]},{"@type":"WebSite","@id":"https:\/\/ml-locations.be\/nl\/#website","url":"https:\/\/ml-locations.be\/nl\/","name":"ML Locations","description":"Mat\u00e9riel \u00e9v\u00e9nementiel : location chaise, table et mange debout, mat\u00e9riel horeca, frigos,...","publisher":{"@id":"https:\/\/ml-locations.be\/nl\/#organization"},"potentialAction":[{"@type":"SearchAction","target":{"@type":"EntryPoint","urlTemplate":"https:\/\/ml-locations.be\/nl\/?s={search_term_string}"},"query-input":{"@type":"PropertyValueSpecification","valueRequired":true,"valueName":"search_term_string"}}],"inLanguage":"nl-NL"},{"@type":"Organization","@id":"https:\/\/ml-locations.be\/nl\/#organization","name":"ML Locations","url":"https:\/\/ml-locations.be\/nl\/","logo":{"@type":"ImageObject","inLanguage":"nl-NL","@id":"https:\/\/ml-locations.be\/nl\/#\/schema\/logo\/image\/","url":"https:\/\/ml-locations.be\/wp-content\/uploads\/2018\/05\/LOGO-location-BON.png","contentUrl":"https:\/\/ml-locations.be\/wp-content\/uploads\/2018\/05\/LOGO-location-BON.png","width":1200,"height":1200,"caption":"ML Locations"},"image":{"@id":"https:\/\/ml-locations.be\/nl\/#\/schema\/logo\/image\/"}}]}},"_links":{"self":[{"href":"https:\/\/ml-locations.be\/nl\/wp-json\/wp\/v2\/product\/1047513","targetHints":{"allow":["GET"]}}],"collection":[{"href":"https:\/\/ml-locations.be\/nl\/wp-json\/wp\/v2\/product"}],"about":[{"href":"https:\/\/ml-locations.be\/nl\/wp-json\/wp\/v2\/types\/product"}],"wp:featuredmedia":[{"embeddable":true,"href":"https:\/\/ml-locations.be\/nl\/wp-json\/wp\/v2\/media\/1047534"}],"wp:attachment":[{"href":"https:\/\/ml-locations.be\/nl\/wp-json\/wp\/v2\/media?parent=1047513"}],"wp:term":[{"taxonomy":"product_brand","embeddable":true,"href":"https:\/\/ml-locations.be\/nl\/wp-json\/wp\/v2\/product_brand?post=1047513"},{"taxonomy":"product_cat","embeddable":true,"href":"https:\/\/ml-locations.be\/nl\/wp-json\/wp\/v2\/product_cat?post=1047513"},{"taxonomy":"product_tag","embeddable":true,"href":"https:\/\/ml-locations.be\/nl\/wp-json\/wp\/v2\/product_tag?post=1047513"}],"curies":[{"name":"wp","href":"https:\/\/api.w.org\/{rel}","templated":true}]}}