{"id":1048665,"date":"2022-10-06T16:26:43","date_gmt":"2022-10-06T14:26:43","guid":{"rendered":"https:\/\/ml-locations.be\/?post_type=product&#038;p=1048665"},"modified":"2025-07-17T14:08:39","modified_gmt":"2025-07-17T12:08:39","slug":"assiette-onda-27-cm","status":"publish","type":"product","link":"https:\/\/ml-locations.be\/nl\/locations\/assiette-onda-27-cm\/","title":{"rendered":"Assiette onda 27 cm"},"content":{"rendered":"<p>Cette <strong>assiette en location<\/strong> revient \u00e0 la simplicit\u00e9 et la modernit\u00e9. La vaisselle Onda est en porcelaine blanche \u00e0 la finition structur\u00e9e et aux formes arrondies et tr\u00e8s r\u00e9sistante aux chocs!<\/p>\n<p>Ce mod\u00e8le s&#8217;appelle Onda au vu de son pourtour d\u00e9cor\u00e9e de lignes en formes d&#8217;ondes.<\/p>\n<p>Cette assiette \u00e0 la location est tr\u00e8s robuste et donc conviendra parfaitement pour tous vos \u00e9v\u00e9nements de types anniversaires, banquets, mariages,&#8230;<\/p>\n<p>L&#8217;assiette onda 27cm conviendra pour vos plats<\/p>\n<p>Vous retrouverez \u00e9galement pour compl\u00e9ter l&#8217;assiette onda en 21cm<\/p>\n","protected":false},"excerpt":{"rendered":"<p>Cette <strong>assiette en location<\/strong> revient \u00e0 la simplicit\u00e9 et la modernit\u00e9. La vaisselle Onda est en porcelaine blanche \u00e0 la finition structur\u00e9e et aux formes arrondies et tr\u00e8s r\u00e9sistante aux chocs!<\/p>\n<p>Ce mod\u00e8le s&#8217;appelle Onda au vu de son pourtour d\u00e9cor\u00e9e de lignes en formes d&#8217;ondes.<\/p>\n<p>Cette assiette \u00e0 la location est tr\u00e8s robuste et donc conviendra parfaitement pour tous vos \u00e9v\u00e9nements de types anniversaires, banquets, mariages,&#8230;<\/p>\n","protected":false},"featured_media":1048663,"template":"","meta":{"_acf_changed":false},"product_brand":[],"product_cat":[33],"product_tag":[],"class_list":{"0":"post-1048665","1":"product","2":"type-product","3":"status-publish","4":"has-post-thumbnail","6":"product_cat-location-vaisselle","7":"description-off","9":"first","10":"instock","11":"taxable","12":"shipping-taxable","13":"purchasable","14":"product-type-simple"},"acf":[],"yoast_head":"<!-- This site is optimized with the Yoast SEO plugin v25.0 - https:\/\/yoast.com\/wordpress\/plugins\/seo\/ -->\n<title>Assiette onda 27 cm | ML Locations<\/title>\n<meta name=\"description\" content=\"Cette assiette en location revient \u00e0 la simplicit\u00e9 et la modernit\u00e9. La vaisselle Onda est en porcelaine blanche \u00e0 la finition structur\u00e9e et aux formes arrondies et tr\u00e8s r\u00e9sistante aux chocs!Ce mod\u00e8le s&#039;appelle Onda au vu de son pourtour d\u00e9cor\u00e9e de lignes en formes d&#039;ondes. Cette assiette \u00e0 la location est tr\u00e8s robuste et donc conviendra parfaitement pour tous vos \u00e9v\u00e9nements de types anniversaires, banquets, mariages,...L&#039;assiette onda 27cm conviendra pour vos plats\" \/>\n<meta name=\"robots\" content=\"index, follow, max-snippet:-1, max-image-preview:large, max-video-preview:-1\" \/>\n<link rel=\"canonical\" href=\"https:\/\/ml-locations.be\/nl\/locations\/assiette-onda-27-cm\/\" \/>\n<meta property=\"og:locale\" content=\"nl_NL\" \/>\n<meta property=\"og:type\" content=\"article\" \/>\n<meta property=\"og:title\" content=\"Assiette onda 27 cm | ML Locations\" \/>\n<meta property=\"og:description\" content=\"Cette assiette en location revient \u00e0 la simplicit\u00e9 et la modernit\u00e9. La vaisselle Onda est en porcelaine blanche \u00e0 la finition structur\u00e9e et aux formes arrondies et tr\u00e8s r\u00e9sistante aux chocs!Ce mod\u00e8le s&#039;appelle Onda au vu de son pourtour d\u00e9cor\u00e9e de lignes en formes d&#039;ondes. Cette assiette \u00e0 la location est tr\u00e8s robuste et donc conviendra parfaitement pour tous vos \u00e9v\u00e9nements de types anniversaires, banquets, mariages,...L&#039;assiette onda 27cm conviendra pour vos plats\" \/>\n<meta property=\"og:url\" content=\"https:\/\/ml-locations.be\/nl\/locations\/assiette-onda-27-cm\/\" \/>\n<meta property=\"og:site_name\" content=\"ML Locations\" \/>\n<meta property=\"article:modified_time\" content=\"2025-07-17T12:08:39+00:00\" \/>\n<meta property=\"og:image\" content=\"https:\/\/ml-locations.be\/wp-content\/uploads\/2022\/10\/FDL_Onda_1250x484.jpg\" \/>\n\t<meta property=\"og:image:width\" content=\"1200\" \/>\n\t<meta property=\"og:image:height\" content=\"465\" \/>\n\t<meta property=\"og:image:type\" content=\"image\/jpeg\" \/>\n<meta name=\"twitter:card\" content=\"summary_large_image\" \/>\n<meta name=\"twitter:label1\" content=\"Geschatte leestijd\" \/>\n\t<meta name=\"twitter:data1\" content=\"1 minuut\" \/>\n<script type=\"application\/ld+json\" class=\"yoast-schema-graph\">{\"@context\":\"https:\/\/schema.org\",\"@graph\":[{\"@type\":\"WebPage\",\"@id\":\"https:\/\/ml-locations.be\/nl\/locations\/assiette-onda-27-cm\/\",\"url\":\"https:\/\/ml-locations.be\/nl\/locations\/assiette-onda-27-cm\/\",\"name\":\"Assiette onda 27 cm | ML Locations\",\"isPartOf\":{\"@id\":\"https:\/\/ml-locations.be\/nl\/#website\"},\"primaryImageOfPage\":{\"@id\":\"https:\/\/ml-locations.be\/nl\/locations\/assiette-onda-27-cm\/#primaryimage\"},\"image\":{\"@id\":\"https:\/\/ml-locations.be\/nl\/locations\/assiette-onda-27-cm\/#primaryimage\"},\"thumbnailUrl\":\"https:\/\/ml-locations.be\/wp-content\/uploads\/2022\/10\/FDL_Onda_1250x484.jpg\",\"datePublished\":\"2022-10-06T14:26:43+00:00\",\"dateModified\":\"2025-07-17T12:08:39+00:00\",\"description\":\"Cette assiette en location revient \u00e0 la simplicit\u00e9 et la modernit\u00e9. La vaisselle Onda est en porcelaine blanche \u00e0 la finition structur\u00e9e et aux formes arrondies et tr\u00e8s r\u00e9sistante aux chocs!Ce mod\u00e8le s'appelle Onda au vu de son pourtour d\u00e9cor\u00e9e de lignes en formes d'ondes. Cette assiette \u00e0 la location est tr\u00e8s robuste et donc conviendra parfaitement pour tous vos \u00e9v\u00e9nements de types anniversaires, banquets, mariages,...L'assiette onda 27cm conviendra pour vos plats\",\"breadcrumb\":{\"@id\":\"https:\/\/ml-locations.be\/nl\/locations\/assiette-onda-27-cm\/#breadcrumb\"},\"inLanguage\":\"nl-NL\",\"potentialAction\":[{\"@type\":\"ReadAction\",\"target\":[\"https:\/\/ml-locations.be\/nl\/locations\/assiette-onda-27-cm\/\"]}]},{\"@type\":\"ImageObject\",\"inLanguage\":\"nl-NL\",\"@id\":\"https:\/\/ml-locations.be\/nl\/locations\/assiette-onda-27-cm\/#primaryimage\",\"url\":\"https:\/\/ml-locations.be\/wp-content\/uploads\/2022\/10\/FDL_Onda_1250x484.jpg\",\"contentUrl\":\"https:\/\/ml-locations.be\/wp-content\/uploads\/2022\/10\/FDL_Onda_1250x484.jpg\",\"width\":1200,\"height\":465},{\"@type\":\"BreadcrumbList\",\"@id\":\"https:\/\/ml-locations.be\/nl\/locations\/assiette-onda-27-cm\/#breadcrumb\",\"itemListElement\":[{\"@type\":\"ListItem\",\"position\":1,\"name\":\"Accueil\",\"item\":\"https:\/\/ml-locations.be\/nl\/\"},{\"@type\":\"ListItem\",\"position\":2,\"name\":\"Winkel\",\"item\":\"https:\/\/ml-locations.be\/nl\/winkel\/\"},{\"@type\":\"ListItem\",\"position\":3,\"name\":\"Assiette onda 27 cm\"}]},{\"@type\":\"WebSite\",\"@id\":\"https:\/\/ml-locations.be\/nl\/#website\",\"url\":\"https:\/\/ml-locations.be\/nl\/\",\"name\":\"ML Locations\",\"description\":\"Mat\u00e9riel \u00e9v\u00e9nementiel : location chaise, table et mange debout, mat\u00e9riel horeca, frigos,...\",\"publisher\":{\"@id\":\"https:\/\/ml-locations.be\/nl\/#organization\"},\"potentialAction\":[{\"@type\":\"SearchAction\",\"target\":{\"@type\":\"EntryPoint\",\"urlTemplate\":\"https:\/\/ml-locations.be\/nl\/?s={search_term_string}\"},\"query-input\":{\"@type\":\"PropertyValueSpecification\",\"valueRequired\":true,\"valueName\":\"search_term_string\"}}],\"inLanguage\":\"nl-NL\"},{\"@type\":\"Organization\",\"@id\":\"https:\/\/ml-locations.be\/nl\/#organization\",\"name\":\"ML Locations\",\"url\":\"https:\/\/ml-locations.be\/nl\/\",\"logo\":{\"@type\":\"ImageObject\",\"inLanguage\":\"nl-NL\",\"@id\":\"https:\/\/ml-locations.be\/nl\/#\/schema\/logo\/image\/\",\"url\":\"https:\/\/ml-locations.be\/wp-content\/uploads\/2018\/05\/LOGO-location-BON.png\",\"contentUrl\":\"https:\/\/ml-locations.be\/wp-content\/uploads\/2018\/05\/LOGO-location-BON.png\",\"width\":1200,\"height\":1200,\"caption\":\"ML Locations\"},\"image\":{\"@id\":\"https:\/\/ml-locations.be\/nl\/#\/schema\/logo\/image\/\"}}]}<\/script>\n<!-- \/ Yoast SEO plugin. -->","yoast_head_json":{"title":"Assiette onda 27 cm | ML Locations","description":"Cette assiette en location revient \u00e0 la simplicit\u00e9 et la modernit\u00e9. La vaisselle Onda est en porcelaine blanche \u00e0 la finition structur\u00e9e et aux formes arrondies et tr\u00e8s r\u00e9sistante aux chocs!Ce mod\u00e8le s'appelle Onda au vu de son pourtour d\u00e9cor\u00e9e de lignes en formes d'ondes. Cette assiette \u00e0 la location est tr\u00e8s robuste et donc conviendra parfaitement pour tous vos \u00e9v\u00e9nements de types anniversaires, banquets, mariages,...L'assiette onda 27cm conviendra pour vos plats","robots":{"index":"index","follow":"follow","max-snippet":"max-snippet:-1","max-image-preview":"max-image-preview:large","max-video-preview":"max-video-preview:-1"},"canonical":"https:\/\/ml-locations.be\/nl\/locations\/assiette-onda-27-cm\/","og_locale":"nl_NL","og_type":"article","og_title":"Assiette onda 27 cm | ML Locations","og_description":"Cette assiette en location revient \u00e0 la simplicit\u00e9 et la modernit\u00e9. La vaisselle Onda est en porcelaine blanche \u00e0 la finition structur\u00e9e et aux formes arrondies et tr\u00e8s r\u00e9sistante aux chocs!Ce mod\u00e8le s'appelle Onda au vu de son pourtour d\u00e9cor\u00e9e de lignes en formes d'ondes. Cette assiette \u00e0 la location est tr\u00e8s robuste et donc conviendra parfaitement pour tous vos \u00e9v\u00e9nements de types anniversaires, banquets, mariages,...L'assiette onda 27cm conviendra pour vos plats","og_url":"https:\/\/ml-locations.be\/nl\/locations\/assiette-onda-27-cm\/","og_site_name":"ML Locations","article_modified_time":"2025-07-17T12:08:39+00:00","og_image":[{"width":1200,"height":465,"url":"https:\/\/ml-locations.be\/wp-content\/uploads\/2022\/10\/FDL_Onda_1250x484.jpg","type":"image\/jpeg"}],"twitter_card":"summary_large_image","twitter_misc":{"Geschatte leestijd":"1 minuut"},"schema":{"@context":"https:\/\/schema.org","@graph":[{"@type":"WebPage","@id":"https:\/\/ml-locations.be\/nl\/locations\/assiette-onda-27-cm\/","url":"https:\/\/ml-locations.be\/nl\/locations\/assiette-onda-27-cm\/","name":"Assiette onda 27 cm | ML Locations","isPartOf":{"@id":"https:\/\/ml-locations.be\/nl\/#website"},"primaryImageOfPage":{"@id":"https:\/\/ml-locations.be\/nl\/locations\/assiette-onda-27-cm\/#primaryimage"},"image":{"@id":"https:\/\/ml-locations.be\/nl\/locations\/assiette-onda-27-cm\/#primaryimage"},"thumbnailUrl":"https:\/\/ml-locations.be\/wp-content\/uploads\/2022\/10\/FDL_Onda_1250x484.jpg","datePublished":"2022-10-06T14:26:43+00:00","dateModified":"2025-07-17T12:08:39+00:00","description":"Cette assiette en location revient \u00e0 la simplicit\u00e9 et la modernit\u00e9. La vaisselle Onda est en porcelaine blanche \u00e0 la finition structur\u00e9e et aux formes arrondies et tr\u00e8s r\u00e9sistante aux chocs!Ce mod\u00e8le s'appelle Onda au vu de son pourtour d\u00e9cor\u00e9e de lignes en formes d'ondes. Cette assiette \u00e0 la location est tr\u00e8s robuste et donc conviendra parfaitement pour tous vos \u00e9v\u00e9nements de types anniversaires, banquets, mariages,...L'assiette onda 27cm conviendra pour vos plats","breadcrumb":{"@id":"https:\/\/ml-locations.be\/nl\/locations\/assiette-onda-27-cm\/#breadcrumb"},"inLanguage":"nl-NL","potentialAction":[{"@type":"ReadAction","target":["https:\/\/ml-locations.be\/nl\/locations\/assiette-onda-27-cm\/"]}]},{"@type":"ImageObject","inLanguage":"nl-NL","@id":"https:\/\/ml-locations.be\/nl\/locations\/assiette-onda-27-cm\/#primaryimage","url":"https:\/\/ml-locations.be\/wp-content\/uploads\/2022\/10\/FDL_Onda_1250x484.jpg","contentUrl":"https:\/\/ml-locations.be\/wp-content\/uploads\/2022\/10\/FDL_Onda_1250x484.jpg","width":1200,"height":465},{"@type":"BreadcrumbList","@id":"https:\/\/ml-locations.be\/nl\/locations\/assiette-onda-27-cm\/#breadcrumb","itemListElement":[{"@type":"ListItem","position":1,"name":"Accueil","item":"https:\/\/ml-locations.be\/nl\/"},{"@type":"ListItem","position":2,"name":"Winkel","item":"https:\/\/ml-locations.be\/nl\/winkel\/"},{"@type":"ListItem","position":3,"name":"Assiette onda 27 cm"}]},{"@type":"WebSite","@id":"https:\/\/ml-locations.be\/nl\/#website","url":"https:\/\/ml-locations.be\/nl\/","name":"ML Locations","description":"Mat\u00e9riel \u00e9v\u00e9nementiel : location chaise, table et mange debout, mat\u00e9riel horeca, frigos,...","publisher":{"@id":"https:\/\/ml-locations.be\/nl\/#organization"},"potentialAction":[{"@type":"SearchAction","target":{"@type":"EntryPoint","urlTemplate":"https:\/\/ml-locations.be\/nl\/?s={search_term_string}"},"query-input":{"@type":"PropertyValueSpecification","valueRequired":true,"valueName":"search_term_string"}}],"inLanguage":"nl-NL"},{"@type":"Organization","@id":"https:\/\/ml-locations.be\/nl\/#organization","name":"ML Locations","url":"https:\/\/ml-locations.be\/nl\/","logo":{"@type":"ImageObject","inLanguage":"nl-NL","@id":"https:\/\/ml-locations.be\/nl\/#\/schema\/logo\/image\/","url":"https:\/\/ml-locations.be\/wp-content\/uploads\/2018\/05\/LOGO-location-BON.png","contentUrl":"https:\/\/ml-locations.be\/wp-content\/uploads\/2018\/05\/LOGO-location-BON.png","width":1200,"height":1200,"caption":"ML Locations"},"image":{"@id":"https:\/\/ml-locations.be\/nl\/#\/schema\/logo\/image\/"}}]}},"_links":{"self":[{"href":"https:\/\/ml-locations.be\/nl\/wp-json\/wp\/v2\/product\/1048665","targetHints":{"allow":["GET"]}}],"collection":[{"href":"https:\/\/ml-locations.be\/nl\/wp-json\/wp\/v2\/product"}],"about":[{"href":"https:\/\/ml-locations.be\/nl\/wp-json\/wp\/v2\/types\/product"}],"wp:featuredmedia":[{"embeddable":true,"href":"https:\/\/ml-locations.be\/nl\/wp-json\/wp\/v2\/media\/1048663"}],"wp:attachment":[{"href":"https:\/\/ml-locations.be\/nl\/wp-json\/wp\/v2\/media?parent=1048665"}],"wp:term":[{"taxonomy":"product_brand","embeddable":true,"href":"https:\/\/ml-locations.be\/nl\/wp-json\/wp\/v2\/product_brand?post=1048665"},{"taxonomy":"product_cat","embeddable":true,"href":"https:\/\/ml-locations.be\/nl\/wp-json\/wp\/v2\/product_cat?post=1048665"},{"taxonomy":"product_tag","embeddable":true,"href":"https:\/\/ml-locations.be\/nl\/wp-json\/wp\/v2\/product_tag?post=1048665"}],"curies":[{"name":"wp","href":"https:\/\/api.w.org\/{rel}","templated":true}]}}