{"id":1049264,"date":"2022-10-31T18:33:25","date_gmt":"2022-10-31T17:33:25","guid":{"rendered":"https:\/\/ml-locations.be\/?post_type=product&#038;p=1049264"},"modified":"2025-07-17T14:12:28","modified_gmt":"2025-07-17T12:12:28","slug":"plat-a-four-forno","status":"publish","type":"product","link":"https:\/\/ml-locations.be\/nl\/locations\/plat-a-four-forno\/","title":{"rendered":"Plat \u00e0 four &#8220;Forno&#8221;"},"content":{"rendered":"<p>Vous cherchez une assiette ou un plat en location qui puisse r\u00e9sister \u00e0 la chaleur de la cuisson au four? Vous \u00a0allez adorer cette collection en terre cuite.<\/p>\n<p>Ces assiettes aux formes arrondies sont finies avec un \u00e9mail r\u00e9actif et tr\u00e8s r\u00e9sistant \u00e0 la chaleur.<\/p>\n<p>Ces les <strong>plats \u00e0 four &#8221; forno &#8220;en location<\/strong> sont parfaits pour les pr\u00e9paration en gratin comme les <strong>tartiflettes, cassoulets, p\u00e2tes gratin\u00e9es, endives au gratin, hachis parmentier,&#8230;<\/strong><\/p>\n<p>Dimensions:<\/p>\n<p>Diam\u00e8tre 20cm<\/p>\n<p>hauteur 5,5cm<\/p>\n<p>Mati\u00e8re : terracotta<\/p>\n<p>Passe au four<\/p>\n<p>&nbsp;<\/p>\n","protected":false},"excerpt":{"rendered":"<p>Vous cherchez une assiette ou un plat en location qui puisse r\u00e9sister \u00e0 la chaleur de la cuisson au four? Vous \u00a0allez adorer cette collection en terre cuite.<\/p>\n<p>Ces assiettes aux formes arrondies sont finies avec un \u00e9mail r\u00e9actif et tr\u00e8s r\u00e9sistant \u00e0 la chaleur.<\/p>\n<p>Ces les <strong>plats \u00e0 four &#8221; forno &#8220;en location<\/strong> sont parfaits pour les pr\u00e9paration en gratin comme les <strong>tartiflettes, cassoulets, p\u00e2tes gratin\u00e9es, endives au gratin, hachis parmentier,&#8230;<\/strong><\/p>\n","protected":false},"featured_media":1049265,"template":"","meta":{"_acf_changed":false},"product_brand":[],"product_cat":[33],"product_tag":[],"class_list":{"0":"post-1049264","1":"product","2":"type-product","3":"status-publish","4":"has-post-thumbnail","6":"product_cat-location-vaisselle","7":"description-off","9":"first","10":"instock","11":"taxable","12":"shipping-taxable","13":"purchasable","14":"product-type-simple"},"acf":[],"yoast_head":"<!-- This site is optimized with the Yoast SEO plugin v25.0 - https:\/\/yoast.com\/wordpress\/plugins\/seo\/ -->\n<title>Plat \u00e0 four &quot;Forno&quot; | ML Locations<\/title>\n<meta name=\"description\" content=\"Vous cherchez une assiette ou un plat en location qui puisse r\u00e9sister \u00e0 la chaleur de la cuisson au four? Vous \u00a0allez adorer cette collection en terre cuite.Ces assiettes aux formes arrondies sont finies avec un \u00e9mail r\u00e9actif et tr\u00e8s r\u00e9sistant \u00e0 la chaleur.Ces les plats \u00e0 four &quot; forno &quot;en location sont parfaits pour les pr\u00e9paration en gratin comme les tartiflettes, cassoulets, p\u00e2tes gratin\u00e9es, endives au gratin, hachis parmentier,...\" \/>\n<meta name=\"robots\" content=\"index, follow, max-snippet:-1, max-image-preview:large, max-video-preview:-1\" \/>\n<link rel=\"canonical\" href=\"https:\/\/ml-locations.be\/nl\/locations\/plat-a-four-forno\/\" \/>\n<meta property=\"og:locale\" content=\"nl_NL\" \/>\n<meta property=\"og:type\" content=\"article\" \/>\n<meta property=\"og:title\" content=\"Plat \u00e0 four &quot;Forno&quot; | ML Locations\" \/>\n<meta property=\"og:description\" content=\"Vous cherchez une assiette ou un plat en location qui puisse r\u00e9sister \u00e0 la chaleur de la cuisson au four? Vous \u00a0allez adorer cette collection en terre cuite.Ces assiettes aux formes arrondies sont finies avec un \u00e9mail r\u00e9actif et tr\u00e8s r\u00e9sistant \u00e0 la chaleur.Ces les plats \u00e0 four &quot; forno &quot;en location sont parfaits pour les pr\u00e9paration en gratin comme les tartiflettes, cassoulets, p\u00e2tes gratin\u00e9es, endives au gratin, hachis parmentier,...\" \/>\n<meta property=\"og:url\" content=\"https:\/\/ml-locations.be\/nl\/locations\/plat-a-four-forno\/\" \/>\n<meta property=\"og:site_name\" content=\"ML Locations\" \/>\n<meta property=\"article:modified_time\" content=\"2025-07-17T12:12:28+00:00\" \/>\n<meta property=\"og:image\" content=\"https:\/\/ml-locations.be\/wp-content\/uploads\/2022\/10\/images-4.jpeg\" \/>\n\t<meta property=\"og:image:width\" content=\"292\" \/>\n\t<meta property=\"og:image:height\" content=\"173\" \/>\n\t<meta property=\"og:image:type\" content=\"image\/jpeg\" \/>\n<meta name=\"twitter:card\" content=\"summary_large_image\" \/>\n<meta name=\"twitter:label1\" content=\"Geschatte leestijd\" \/>\n\t<meta name=\"twitter:data1\" content=\"1 minuut\" \/>\n<script type=\"application\/ld+json\" class=\"yoast-schema-graph\">{\"@context\":\"https:\/\/schema.org\",\"@graph\":[{\"@type\":\"WebPage\",\"@id\":\"https:\/\/ml-locations.be\/nl\/locations\/plat-a-four-forno\/\",\"url\":\"https:\/\/ml-locations.be\/nl\/locations\/plat-a-four-forno\/\",\"name\":\"Plat \u00e0 four \\\"Forno\\\" | ML Locations\",\"isPartOf\":{\"@id\":\"https:\/\/ml-locations.be\/nl\/#website\"},\"primaryImageOfPage\":{\"@id\":\"https:\/\/ml-locations.be\/nl\/locations\/plat-a-four-forno\/#primaryimage\"},\"image\":{\"@id\":\"https:\/\/ml-locations.be\/nl\/locations\/plat-a-four-forno\/#primaryimage\"},\"thumbnailUrl\":\"https:\/\/ml-locations.be\/wp-content\/uploads\/2022\/10\/images-4.jpeg\",\"datePublished\":\"2022-10-31T17:33:25+00:00\",\"dateModified\":\"2025-07-17T12:12:28+00:00\",\"description\":\"Vous cherchez une assiette ou un plat en location qui puisse r\u00e9sister \u00e0 la chaleur de la cuisson au four? Vous \u00a0allez adorer cette collection en terre cuite.Ces assiettes aux formes arrondies sont finies avec un \u00e9mail r\u00e9actif et tr\u00e8s r\u00e9sistant \u00e0 la chaleur.Ces les plats \u00e0 four \\\" forno \\\"en location sont parfaits pour les pr\u00e9paration en gratin comme les tartiflettes, cassoulets, p\u00e2tes gratin\u00e9es, endives au gratin, hachis parmentier,...\",\"breadcrumb\":{\"@id\":\"https:\/\/ml-locations.be\/nl\/locations\/plat-a-four-forno\/#breadcrumb\"},\"inLanguage\":\"nl-NL\",\"potentialAction\":[{\"@type\":\"ReadAction\",\"target\":[\"https:\/\/ml-locations.be\/nl\/locations\/plat-a-four-forno\/\"]}]},{\"@type\":\"ImageObject\",\"inLanguage\":\"nl-NL\",\"@id\":\"https:\/\/ml-locations.be\/nl\/locations\/plat-a-four-forno\/#primaryimage\",\"url\":\"https:\/\/ml-locations.be\/wp-content\/uploads\/2022\/10\/images-4.jpeg\",\"contentUrl\":\"https:\/\/ml-locations.be\/wp-content\/uploads\/2022\/10\/images-4.jpeg\",\"width\":292,\"height\":173},{\"@type\":\"BreadcrumbList\",\"@id\":\"https:\/\/ml-locations.be\/nl\/locations\/plat-a-four-forno\/#breadcrumb\",\"itemListElement\":[{\"@type\":\"ListItem\",\"position\":1,\"name\":\"Accueil\",\"item\":\"https:\/\/ml-locations.be\/nl\/\"},{\"@type\":\"ListItem\",\"position\":2,\"name\":\"Winkel\",\"item\":\"https:\/\/ml-locations.be\/nl\/winkel\/\"},{\"@type\":\"ListItem\",\"position\":3,\"name\":\"Plat \u00e0 four &#8220;Forno&#8221;\"}]},{\"@type\":\"WebSite\",\"@id\":\"https:\/\/ml-locations.be\/nl\/#website\",\"url\":\"https:\/\/ml-locations.be\/nl\/\",\"name\":\"ML Locations\",\"description\":\"Mat\u00e9riel \u00e9v\u00e9nementiel : location chaise, table et mange debout, mat\u00e9riel horeca, frigos,...\",\"publisher\":{\"@id\":\"https:\/\/ml-locations.be\/nl\/#organization\"},\"potentialAction\":[{\"@type\":\"SearchAction\",\"target\":{\"@type\":\"EntryPoint\",\"urlTemplate\":\"https:\/\/ml-locations.be\/nl\/?s={search_term_string}\"},\"query-input\":{\"@type\":\"PropertyValueSpecification\",\"valueRequired\":true,\"valueName\":\"search_term_string\"}}],\"inLanguage\":\"nl-NL\"},{\"@type\":\"Organization\",\"@id\":\"https:\/\/ml-locations.be\/nl\/#organization\",\"name\":\"ML Locations\",\"url\":\"https:\/\/ml-locations.be\/nl\/\",\"logo\":{\"@type\":\"ImageObject\",\"inLanguage\":\"nl-NL\",\"@id\":\"https:\/\/ml-locations.be\/nl\/#\/schema\/logo\/image\/\",\"url\":\"https:\/\/ml-locations.be\/wp-content\/uploads\/2018\/05\/LOGO-location-BON.png\",\"contentUrl\":\"https:\/\/ml-locations.be\/wp-content\/uploads\/2018\/05\/LOGO-location-BON.png\",\"width\":1200,\"height\":1200,\"caption\":\"ML Locations\"},\"image\":{\"@id\":\"https:\/\/ml-locations.be\/nl\/#\/schema\/logo\/image\/\"}}]}<\/script>\n<!-- \/ Yoast SEO plugin. -->","yoast_head_json":{"title":"Plat \u00e0 four \"Forno\" | ML Locations","description":"Vous cherchez une assiette ou un plat en location qui puisse r\u00e9sister \u00e0 la chaleur de la cuisson au four? Vous \u00a0allez adorer cette collection en terre cuite.Ces assiettes aux formes arrondies sont finies avec un \u00e9mail r\u00e9actif et tr\u00e8s r\u00e9sistant \u00e0 la chaleur.Ces les plats \u00e0 four \" forno \"en location sont parfaits pour les pr\u00e9paration en gratin comme les tartiflettes, cassoulets, p\u00e2tes gratin\u00e9es, endives au gratin, hachis parmentier,...","robots":{"index":"index","follow":"follow","max-snippet":"max-snippet:-1","max-image-preview":"max-image-preview:large","max-video-preview":"max-video-preview:-1"},"canonical":"https:\/\/ml-locations.be\/nl\/locations\/plat-a-four-forno\/","og_locale":"nl_NL","og_type":"article","og_title":"Plat \u00e0 four \"Forno\" | ML Locations","og_description":"Vous cherchez une assiette ou un plat en location qui puisse r\u00e9sister \u00e0 la chaleur de la cuisson au four? Vous \u00a0allez adorer cette collection en terre cuite.Ces assiettes aux formes arrondies sont finies avec un \u00e9mail r\u00e9actif et tr\u00e8s r\u00e9sistant \u00e0 la chaleur.Ces les plats \u00e0 four \" forno \"en location sont parfaits pour les pr\u00e9paration en gratin comme les tartiflettes, cassoulets, p\u00e2tes gratin\u00e9es, endives au gratin, hachis parmentier,...","og_url":"https:\/\/ml-locations.be\/nl\/locations\/plat-a-four-forno\/","og_site_name":"ML Locations","article_modified_time":"2025-07-17T12:12:28+00:00","og_image":[{"width":292,"height":173,"url":"https:\/\/ml-locations.be\/wp-content\/uploads\/2022\/10\/images-4.jpeg","type":"image\/jpeg"}],"twitter_card":"summary_large_image","twitter_misc":{"Geschatte leestijd":"1 minuut"},"schema":{"@context":"https:\/\/schema.org","@graph":[{"@type":"WebPage","@id":"https:\/\/ml-locations.be\/nl\/locations\/plat-a-four-forno\/","url":"https:\/\/ml-locations.be\/nl\/locations\/plat-a-four-forno\/","name":"Plat \u00e0 four \"Forno\" | ML Locations","isPartOf":{"@id":"https:\/\/ml-locations.be\/nl\/#website"},"primaryImageOfPage":{"@id":"https:\/\/ml-locations.be\/nl\/locations\/plat-a-four-forno\/#primaryimage"},"image":{"@id":"https:\/\/ml-locations.be\/nl\/locations\/plat-a-four-forno\/#primaryimage"},"thumbnailUrl":"https:\/\/ml-locations.be\/wp-content\/uploads\/2022\/10\/images-4.jpeg","datePublished":"2022-10-31T17:33:25+00:00","dateModified":"2025-07-17T12:12:28+00:00","description":"Vous cherchez une assiette ou un plat en location qui puisse r\u00e9sister \u00e0 la chaleur de la cuisson au four? Vous \u00a0allez adorer cette collection en terre cuite.Ces assiettes aux formes arrondies sont finies avec un \u00e9mail r\u00e9actif et tr\u00e8s r\u00e9sistant \u00e0 la chaleur.Ces les plats \u00e0 four \" forno \"en location sont parfaits pour les pr\u00e9paration en gratin comme les tartiflettes, cassoulets, p\u00e2tes gratin\u00e9es, endives au gratin, hachis parmentier,...","breadcrumb":{"@id":"https:\/\/ml-locations.be\/nl\/locations\/plat-a-four-forno\/#breadcrumb"},"inLanguage":"nl-NL","potentialAction":[{"@type":"ReadAction","target":["https:\/\/ml-locations.be\/nl\/locations\/plat-a-four-forno\/"]}]},{"@type":"ImageObject","inLanguage":"nl-NL","@id":"https:\/\/ml-locations.be\/nl\/locations\/plat-a-four-forno\/#primaryimage","url":"https:\/\/ml-locations.be\/wp-content\/uploads\/2022\/10\/images-4.jpeg","contentUrl":"https:\/\/ml-locations.be\/wp-content\/uploads\/2022\/10\/images-4.jpeg","width":292,"height":173},{"@type":"BreadcrumbList","@id":"https:\/\/ml-locations.be\/nl\/locations\/plat-a-four-forno\/#breadcrumb","itemListElement":[{"@type":"ListItem","position":1,"name":"Accueil","item":"https:\/\/ml-locations.be\/nl\/"},{"@type":"ListItem","position":2,"name":"Winkel","item":"https:\/\/ml-locations.be\/nl\/winkel\/"},{"@type":"ListItem","position":3,"name":"Plat \u00e0 four &#8220;Forno&#8221;"}]},{"@type":"WebSite","@id":"https:\/\/ml-locations.be\/nl\/#website","url":"https:\/\/ml-locations.be\/nl\/","name":"ML Locations","description":"Mat\u00e9riel \u00e9v\u00e9nementiel : location chaise, table et mange debout, mat\u00e9riel horeca, frigos,...","publisher":{"@id":"https:\/\/ml-locations.be\/nl\/#organization"},"potentialAction":[{"@type":"SearchAction","target":{"@type":"EntryPoint","urlTemplate":"https:\/\/ml-locations.be\/nl\/?s={search_term_string}"},"query-input":{"@type":"PropertyValueSpecification","valueRequired":true,"valueName":"search_term_string"}}],"inLanguage":"nl-NL"},{"@type":"Organization","@id":"https:\/\/ml-locations.be\/nl\/#organization","name":"ML Locations","url":"https:\/\/ml-locations.be\/nl\/","logo":{"@type":"ImageObject","inLanguage":"nl-NL","@id":"https:\/\/ml-locations.be\/nl\/#\/schema\/logo\/image\/","url":"https:\/\/ml-locations.be\/wp-content\/uploads\/2018\/05\/LOGO-location-BON.png","contentUrl":"https:\/\/ml-locations.be\/wp-content\/uploads\/2018\/05\/LOGO-location-BON.png","width":1200,"height":1200,"caption":"ML Locations"},"image":{"@id":"https:\/\/ml-locations.be\/nl\/#\/schema\/logo\/image\/"}}]}},"_links":{"self":[{"href":"https:\/\/ml-locations.be\/nl\/wp-json\/wp\/v2\/product\/1049264","targetHints":{"allow":["GET"]}}],"collection":[{"href":"https:\/\/ml-locations.be\/nl\/wp-json\/wp\/v2\/product"}],"about":[{"href":"https:\/\/ml-locations.be\/nl\/wp-json\/wp\/v2\/types\/product"}],"wp:featuredmedia":[{"embeddable":true,"href":"https:\/\/ml-locations.be\/nl\/wp-json\/wp\/v2\/media\/1049265"}],"wp:attachment":[{"href":"https:\/\/ml-locations.be\/nl\/wp-json\/wp\/v2\/media?parent=1049264"}],"wp:term":[{"taxonomy":"product_brand","embeddable":true,"href":"https:\/\/ml-locations.be\/nl\/wp-json\/wp\/v2\/product_brand?post=1049264"},{"taxonomy":"product_cat","embeddable":true,"href":"https:\/\/ml-locations.be\/nl\/wp-json\/wp\/v2\/product_cat?post=1049264"},{"taxonomy":"product_tag","embeddable":true,"href":"https:\/\/ml-locations.be\/nl\/wp-json\/wp\/v2\/product_tag?post=1049264"}],"curies":[{"name":"wp","href":"https:\/\/api.w.org\/{rel}","templated":true}]}}