{"id":1065901,"date":"2023-03-21T12:05:57","date_gmt":"2023-03-21T11:05:57","guid":{"rendered":"https:\/\/ml-locations.be\/?post_type=product&#038;p=1065901"},"modified":"2026-03-27T14:18:53","modified_gmt":"2026-03-27T13:18:53","slug":"brasero-kubik-en-acier-corten","status":"publish","type":"product","link":"https:\/\/ml-locations.be\/nl\/locations\/brasero-kubik-en-acier-corten\/","title":{"rendered":"Bras\u00e9ro Kubik en acier corten"},"content":{"rendered":"<p>Rassemblez vous autour d&#8217;un feu sur ce bras\u00e9ro kubik en location, il est en acier corten d&#8217;une dimension de 125cmx125cm<\/p>\n","protected":false},"excerpt":{"rendered":"<p>Rassemblez vous autour d&#8217;un feu sur ce bras\u00e9ro kubik en location, il est en acier corten d&#8217;une dimension de 125cmx125cm<\/p>\n","protected":false},"featured_media":1105203,"template":"","meta":{"_acf_changed":false},"product_brand":[],"product_cat":[42],"product_tag":[],"class_list":{"0":"post-1065901","1":"product","2":"type-product","3":"status-publish","4":"has-post-thumbnail","6":"product_cat-chauffage-et-chauffe-terrasse-a-louer","7":"description-off","9":"first","10":"instock","11":"featured","12":"taxable","13":"shipping-taxable","14":"purchasable","15":"product-type-simple"},"acf":[],"yoast_head":"<!-- This site is optimized with the Yoast SEO plugin v25.0 - https:\/\/yoast.com\/wordpress\/plugins\/seo\/ -->\n<title>Bras\u00e9ro Kubik en acier corten | ML Locations<\/title>\n<meta name=\"description\" content=\"Rassemblez vous autour d&#039;un feu sur ce bras\u00e9ro kubik en location, il est en acier corten d&#039;une dimension de 125cmx125cm\" \/>\n<meta name=\"robots\" content=\"index, follow, max-snippet:-1, max-image-preview:large, max-video-preview:-1\" \/>\n<link rel=\"canonical\" href=\"https:\/\/ml-locations.be\/nl\/locations\/brasero-kubik-en-acier-corten\/\" \/>\n<meta property=\"og:locale\" content=\"nl_NL\" \/>\n<meta property=\"og:type\" content=\"article\" \/>\n<meta property=\"og:title\" content=\"Bras\u00e9ro Kubik en acier corten | ML Locations\" \/>\n<meta property=\"og:description\" content=\"Rassemblez vous autour d&#039;un feu sur ce bras\u00e9ro kubik en location, il est en acier corten d&#039;une dimension de 125cmx125cm\" \/>\n<meta property=\"og:url\" content=\"https:\/\/ml-locations.be\/nl\/locations\/brasero-kubik-en-acier-corten\/\" \/>\n<meta property=\"og:site_name\" content=\"ML Locations\" \/>\n<meta property=\"article:modified_time\" content=\"2026-03-27T13:18:53+00:00\" \/>\n<meta property=\"og:image\" content=\"https:\/\/ml-locations.be\/wp-content\/uploads\/2023\/03\/brasero-kubik-4.jpg\" \/>\n\t<meta property=\"og:image:width\" content=\"900\" \/>\n\t<meta property=\"og:image:height\" content=\"1200\" \/>\n\t<meta property=\"og:image:type\" content=\"image\/jpeg\" \/>\n<meta name=\"twitter:card\" content=\"summary_large_image\" \/>\n<meta name=\"twitter:label1\" content=\"Geschatte leestijd\" \/>\n\t<meta name=\"twitter:data1\" content=\"1 minuut\" \/>\n<script type=\"application\/ld+json\" class=\"yoast-schema-graph\">{\"@context\":\"https:\/\/schema.org\",\"@graph\":[{\"@type\":\"WebPage\",\"@id\":\"https:\/\/ml-locations.be\/nl\/locations\/brasero-kubik-en-acier-corten\/\",\"url\":\"https:\/\/ml-locations.be\/nl\/locations\/brasero-kubik-en-acier-corten\/\",\"name\":\"Bras\u00e9ro Kubik en acier corten | ML Locations\",\"isPartOf\":{\"@id\":\"https:\/\/ml-locations.be\/nl\/#website\"},\"primaryImageOfPage\":{\"@id\":\"https:\/\/ml-locations.be\/nl\/locations\/brasero-kubik-en-acier-corten\/#primaryimage\"},\"image\":{\"@id\":\"https:\/\/ml-locations.be\/nl\/locations\/brasero-kubik-en-acier-corten\/#primaryimage\"},\"thumbnailUrl\":\"https:\/\/ml-locations.be\/wp-content\/uploads\/2023\/03\/brasero-kubik-4.jpg\",\"datePublished\":\"2023-03-21T11:05:57+00:00\",\"dateModified\":\"2026-03-27T13:18:53+00:00\",\"description\":\"Rassemblez vous autour d'un feu sur ce bras\u00e9ro kubik en location, il est en acier corten d'une dimension de 125cmx125cm\",\"breadcrumb\":{\"@id\":\"https:\/\/ml-locations.be\/nl\/locations\/brasero-kubik-en-acier-corten\/#breadcrumb\"},\"inLanguage\":\"nl-NL\",\"potentialAction\":[{\"@type\":\"ReadAction\",\"target\":[\"https:\/\/ml-locations.be\/nl\/locations\/brasero-kubik-en-acier-corten\/\"]}]},{\"@type\":\"ImageObject\",\"inLanguage\":\"nl-NL\",\"@id\":\"https:\/\/ml-locations.be\/nl\/locations\/brasero-kubik-en-acier-corten\/#primaryimage\",\"url\":\"https:\/\/ml-locations.be\/wp-content\/uploads\/2023\/03\/brasero-kubik-4.jpg\",\"contentUrl\":\"https:\/\/ml-locations.be\/wp-content\/uploads\/2023\/03\/brasero-kubik-4.jpg\",\"width\":900,\"height\":1200},{\"@type\":\"BreadcrumbList\",\"@id\":\"https:\/\/ml-locations.be\/nl\/locations\/brasero-kubik-en-acier-corten\/#breadcrumb\",\"itemListElement\":[{\"@type\":\"ListItem\",\"position\":1,\"name\":\"Accueil\",\"item\":\"https:\/\/ml-locations.be\/nl\/\"},{\"@type\":\"ListItem\",\"position\":2,\"name\":\"Winkel\",\"item\":\"https:\/\/ml-locations.be\/nl\/winkel\/\"},{\"@type\":\"ListItem\",\"position\":3,\"name\":\"Bras\u00e9ro Kubik en acier corten\"}]},{\"@type\":\"WebSite\",\"@id\":\"https:\/\/ml-locations.be\/nl\/#website\",\"url\":\"https:\/\/ml-locations.be\/nl\/\",\"name\":\"ML Locations\",\"description\":\"Mat\u00e9riel \u00e9v\u00e9nementiel : location chaise, table et mange debout, mat\u00e9riel horeca, frigos,...\",\"publisher\":{\"@id\":\"https:\/\/ml-locations.be\/nl\/#organization\"},\"potentialAction\":[{\"@type\":\"SearchAction\",\"target\":{\"@type\":\"EntryPoint\",\"urlTemplate\":\"https:\/\/ml-locations.be\/nl\/?s={search_term_string}\"},\"query-input\":{\"@type\":\"PropertyValueSpecification\",\"valueRequired\":true,\"valueName\":\"search_term_string\"}}],\"inLanguage\":\"nl-NL\"},{\"@type\":\"Organization\",\"@id\":\"https:\/\/ml-locations.be\/nl\/#organization\",\"name\":\"ML Locations\",\"url\":\"https:\/\/ml-locations.be\/nl\/\",\"logo\":{\"@type\":\"ImageObject\",\"inLanguage\":\"nl-NL\",\"@id\":\"https:\/\/ml-locations.be\/nl\/#\/schema\/logo\/image\/\",\"url\":\"https:\/\/ml-locations.be\/wp-content\/uploads\/2018\/05\/LOGO-location-BON.png\",\"contentUrl\":\"https:\/\/ml-locations.be\/wp-content\/uploads\/2018\/05\/LOGO-location-BON.png\",\"width\":1200,\"height\":1200,\"caption\":\"ML Locations\"},\"image\":{\"@id\":\"https:\/\/ml-locations.be\/nl\/#\/schema\/logo\/image\/\"}}]}<\/script>\n<!-- \/ Yoast SEO plugin. -->","yoast_head_json":{"title":"Bras\u00e9ro Kubik en acier corten | ML Locations","description":"Rassemblez vous autour d'un feu sur ce bras\u00e9ro kubik en location, il est en acier corten d'une dimension de 125cmx125cm","robots":{"index":"index","follow":"follow","max-snippet":"max-snippet:-1","max-image-preview":"max-image-preview:large","max-video-preview":"max-video-preview:-1"},"canonical":"https:\/\/ml-locations.be\/nl\/locations\/brasero-kubik-en-acier-corten\/","og_locale":"nl_NL","og_type":"article","og_title":"Bras\u00e9ro Kubik en acier corten | ML Locations","og_description":"Rassemblez vous autour d'un feu sur ce bras\u00e9ro kubik en location, il est en acier corten d'une dimension de 125cmx125cm","og_url":"https:\/\/ml-locations.be\/nl\/locations\/brasero-kubik-en-acier-corten\/","og_site_name":"ML Locations","article_modified_time":"2026-03-27T13:18:53+00:00","og_image":[{"width":900,"height":1200,"url":"https:\/\/ml-locations.be\/wp-content\/uploads\/2023\/03\/brasero-kubik-4.jpg","type":"image\/jpeg"}],"twitter_card":"summary_large_image","twitter_misc":{"Geschatte leestijd":"1 minuut"},"schema":{"@context":"https:\/\/schema.org","@graph":[{"@type":"WebPage","@id":"https:\/\/ml-locations.be\/nl\/locations\/brasero-kubik-en-acier-corten\/","url":"https:\/\/ml-locations.be\/nl\/locations\/brasero-kubik-en-acier-corten\/","name":"Bras\u00e9ro Kubik en acier corten | ML Locations","isPartOf":{"@id":"https:\/\/ml-locations.be\/nl\/#website"},"primaryImageOfPage":{"@id":"https:\/\/ml-locations.be\/nl\/locations\/brasero-kubik-en-acier-corten\/#primaryimage"},"image":{"@id":"https:\/\/ml-locations.be\/nl\/locations\/brasero-kubik-en-acier-corten\/#primaryimage"},"thumbnailUrl":"https:\/\/ml-locations.be\/wp-content\/uploads\/2023\/03\/brasero-kubik-4.jpg","datePublished":"2023-03-21T11:05:57+00:00","dateModified":"2026-03-27T13:18:53+00:00","description":"Rassemblez vous autour d'un feu sur ce bras\u00e9ro kubik en location, il est en acier corten d'une dimension de 125cmx125cm","breadcrumb":{"@id":"https:\/\/ml-locations.be\/nl\/locations\/brasero-kubik-en-acier-corten\/#breadcrumb"},"inLanguage":"nl-NL","potentialAction":[{"@type":"ReadAction","target":["https:\/\/ml-locations.be\/nl\/locations\/brasero-kubik-en-acier-corten\/"]}]},{"@type":"ImageObject","inLanguage":"nl-NL","@id":"https:\/\/ml-locations.be\/nl\/locations\/brasero-kubik-en-acier-corten\/#primaryimage","url":"https:\/\/ml-locations.be\/wp-content\/uploads\/2023\/03\/brasero-kubik-4.jpg","contentUrl":"https:\/\/ml-locations.be\/wp-content\/uploads\/2023\/03\/brasero-kubik-4.jpg","width":900,"height":1200},{"@type":"BreadcrumbList","@id":"https:\/\/ml-locations.be\/nl\/locations\/brasero-kubik-en-acier-corten\/#breadcrumb","itemListElement":[{"@type":"ListItem","position":1,"name":"Accueil","item":"https:\/\/ml-locations.be\/nl\/"},{"@type":"ListItem","position":2,"name":"Winkel","item":"https:\/\/ml-locations.be\/nl\/winkel\/"},{"@type":"ListItem","position":3,"name":"Bras\u00e9ro Kubik en acier corten"}]},{"@type":"WebSite","@id":"https:\/\/ml-locations.be\/nl\/#website","url":"https:\/\/ml-locations.be\/nl\/","name":"ML Locations","description":"Mat\u00e9riel \u00e9v\u00e9nementiel : location chaise, table et mange debout, mat\u00e9riel horeca, frigos,...","publisher":{"@id":"https:\/\/ml-locations.be\/nl\/#organization"},"potentialAction":[{"@type":"SearchAction","target":{"@type":"EntryPoint","urlTemplate":"https:\/\/ml-locations.be\/nl\/?s={search_term_string}"},"query-input":{"@type":"PropertyValueSpecification","valueRequired":true,"valueName":"search_term_string"}}],"inLanguage":"nl-NL"},{"@type":"Organization","@id":"https:\/\/ml-locations.be\/nl\/#organization","name":"ML Locations","url":"https:\/\/ml-locations.be\/nl\/","logo":{"@type":"ImageObject","inLanguage":"nl-NL","@id":"https:\/\/ml-locations.be\/nl\/#\/schema\/logo\/image\/","url":"https:\/\/ml-locations.be\/wp-content\/uploads\/2018\/05\/LOGO-location-BON.png","contentUrl":"https:\/\/ml-locations.be\/wp-content\/uploads\/2018\/05\/LOGO-location-BON.png","width":1200,"height":1200,"caption":"ML Locations"},"image":{"@id":"https:\/\/ml-locations.be\/nl\/#\/schema\/logo\/image\/"}}]}},"_links":{"self":[{"href":"https:\/\/ml-locations.be\/nl\/wp-json\/wp\/v2\/product\/1065901","targetHints":{"allow":["GET"]}}],"collection":[{"href":"https:\/\/ml-locations.be\/nl\/wp-json\/wp\/v2\/product"}],"about":[{"href":"https:\/\/ml-locations.be\/nl\/wp-json\/wp\/v2\/types\/product"}],"wp:featuredmedia":[{"embeddable":true,"href":"https:\/\/ml-locations.be\/nl\/wp-json\/wp\/v2\/media\/1105203"}],"wp:attachment":[{"href":"https:\/\/ml-locations.be\/nl\/wp-json\/wp\/v2\/media?parent=1065901"}],"wp:term":[{"taxonomy":"product_brand","embeddable":true,"href":"https:\/\/ml-locations.be\/nl\/wp-json\/wp\/v2\/product_brand?post=1065901"},{"taxonomy":"product_cat","embeddable":true,"href":"https:\/\/ml-locations.be\/nl\/wp-json\/wp\/v2\/product_cat?post=1065901"},{"taxonomy":"product_tag","embeddable":true,"href":"https:\/\/ml-locations.be\/nl\/wp-json\/wp\/v2\/product_tag?post=1065901"}],"curies":[{"name":"wp","href":"https:\/\/api.w.org\/{rel}","templated":true}]}}