{"id":1069436,"date":"2023-09-05T10:30:35","date_gmt":"2023-09-05T08:30:35","guid":{"rendered":"https:\/\/ml-locations.be\/?post_type=product&#038;p=1069436"},"modified":"2026-01-21T10:26:19","modified_gmt":"2026-01-21T09:26:19","slug":"bol-pila-vert-12cm","status":"publish","type":"product","link":"https:\/\/ml-locations.be\/nl\/locations\/bol-pila-vert-12cm\/","title":{"rendered":"Bol Pila vert 12cm"},"content":{"rendered":"<p>Le Bol Vert PILA est le choix parfait pour ajouter une touche de fra\u00eecheur et d&#8217;\u00e9l\u00e9gance \u00e0 votre \u00e9v\u00e9nement ou \u00e0 votre table. Ce bol polyvalent est id\u00e9al pour servir des salades, des fruits frais, des plats d&#8217;accompagnement, ou m\u00eame des desserts. Sa teinte verte vibrante et son design contemporain en font un ajout esth\u00e9tique \u00e0 toute occasion.<\/p>\n<p>Ce Bol vert Pila est \u00e9galement id\u00e9al pour vos belles vermines pour des \u00e9v\u00e9nements comme des cocktails dinatoires<\/p>\n<p>Dimensions\u00a0du bol:<\/p>\n<p>Diam\u00e8tre : 12cm<\/p>\n<p>Hauteur: 5cm<\/p>\n<p>&nbsp;<\/p>\n","protected":false},"excerpt":{"rendered":"<p>Le Bol Vert PILA est le choix parfait pour ajouter une touche de fra\u00eecheur et d&#8217;\u00e9l\u00e9gance \u00e0 votre \u00e9v\u00e9nement ou \u00e0 votre table. Ce bol polyvalent est id\u00e9al pour servir des salades, des fruits frais, des plats d&#8217;accompagnement, ou m\u00eame des desserts. Sa teinte verte vibrante et son design contemporain en font un ajout esth\u00e9tique \u00e0 toute occasion.<\/p>\n<p>Ce Bol vert Pila est \u00e9galement id\u00e9al pour vos belles vermines pour des \u00e9v\u00e9nements comme des cocktails dinatoires<\/p>\n","protected":false},"featured_media":1069437,"template":"","meta":{"_acf_changed":false},"product_brand":[],"product_cat":[33],"product_tag":[],"class_list":{"0":"post-1069436","1":"product","2":"type-product","3":"status-publish","4":"has-post-thumbnail","6":"product_cat-location-vaisselle","7":"description-off","9":"first","10":"instock","11":"taxable","12":"shipping-taxable","13":"purchasable","14":"product-type-simple"},"acf":[],"yoast_head":"<!-- This site is optimized with the Yoast SEO plugin v25.0 - https:\/\/yoast.com\/wordpress\/plugins\/seo\/ -->\n<title>Bol Pila vert 12cm | ML Locations<\/title>\n<meta name=\"description\" content=\"Le Bol Vert PILA est le choix parfait pour ajouter une touche de fra\u00eecheur et d&#039;\u00e9l\u00e9gance \u00e0 votre \u00e9v\u00e9nement ou \u00e0 votre table. Ce bol polyvalent est id\u00e9al pour servir des salades, des fruits frais, des plats d&#039;accompagnement, ou m\u00eame des desserts. Sa teinte verte vibrante et son design contemporain en font un ajout esth\u00e9tique \u00e0 toute occasion.Ce Bol vert Pila est \u00e9galement id\u00e9al pour vos belles vermines pour des \u00e9v\u00e9nements comme des cocktails dinatoires\u00a0\" \/>\n<meta name=\"robots\" content=\"index, follow, max-snippet:-1, max-image-preview:large, max-video-preview:-1\" \/>\n<link rel=\"canonical\" href=\"https:\/\/ml-locations.be\/nl\/locations\/bol-pila-vert-12cm\/\" \/>\n<meta property=\"og:locale\" content=\"nl_NL\" \/>\n<meta property=\"og:type\" content=\"article\" \/>\n<meta property=\"og:title\" content=\"Bol Pila vert 12cm | ML Locations\" \/>\n<meta property=\"og:description\" content=\"Le Bol Vert PILA est le choix parfait pour ajouter une touche de fra\u00eecheur et d&#039;\u00e9l\u00e9gance \u00e0 votre \u00e9v\u00e9nement ou \u00e0 votre table. Ce bol polyvalent est id\u00e9al pour servir des salades, des fruits frais, des plats d&#039;accompagnement, ou m\u00eame des desserts. Sa teinte verte vibrante et son design contemporain en font un ajout esth\u00e9tique \u00e0 toute occasion.Ce Bol vert Pila est \u00e9galement id\u00e9al pour vos belles vermines pour des \u00e9v\u00e9nements comme des cocktails dinatoires\u00a0\" \/>\n<meta property=\"og:url\" content=\"https:\/\/ml-locations.be\/nl\/locations\/bol-pila-vert-12cm\/\" \/>\n<meta property=\"og:site_name\" content=\"ML Locations\" \/>\n<meta property=\"article:modified_time\" content=\"2026-01-21T09:26:19+00:00\" \/>\n<meta property=\"og:image\" content=\"https:\/\/ml-locations.be\/wp-content\/uploads\/2023\/09\/url_7_4_740948.jpg\" \/>\n\t<meta property=\"og:image:width\" content=\"1000\" \/>\n\t<meta property=\"og:image:height\" content=\"600\" \/>\n\t<meta property=\"og:image:type\" content=\"image\/jpeg\" \/>\n<meta name=\"twitter:card\" content=\"summary_large_image\" \/>\n<meta name=\"twitter:label1\" content=\"Geschatte leestijd\" \/>\n\t<meta name=\"twitter:data1\" content=\"1 minuut\" \/>\n<script type=\"application\/ld+json\" class=\"yoast-schema-graph\">{\"@context\":\"https:\/\/schema.org\",\"@graph\":[{\"@type\":\"WebPage\",\"@id\":\"https:\/\/ml-locations.be\/nl\/locations\/bol-pila-vert-12cm\/\",\"url\":\"https:\/\/ml-locations.be\/nl\/locations\/bol-pila-vert-12cm\/\",\"name\":\"Bol Pila vert 12cm | ML Locations\",\"isPartOf\":{\"@id\":\"https:\/\/ml-locations.be\/nl\/#website\"},\"primaryImageOfPage\":{\"@id\":\"https:\/\/ml-locations.be\/nl\/locations\/bol-pila-vert-12cm\/#primaryimage\"},\"image\":{\"@id\":\"https:\/\/ml-locations.be\/nl\/locations\/bol-pila-vert-12cm\/#primaryimage\"},\"thumbnailUrl\":\"https:\/\/ml-locations.be\/wp-content\/uploads\/2023\/09\/url_7_4_740948.jpg\",\"datePublished\":\"2023-09-05T08:30:35+00:00\",\"dateModified\":\"2026-01-21T09:26:19+00:00\",\"description\":\"Le Bol Vert PILA est le choix parfait pour ajouter une touche de fra\u00eecheur et d'\u00e9l\u00e9gance \u00e0 votre \u00e9v\u00e9nement ou \u00e0 votre table. Ce bol polyvalent est id\u00e9al pour servir des salades, des fruits frais, des plats d'accompagnement, ou m\u00eame des desserts. Sa teinte verte vibrante et son design contemporain en font un ajout esth\u00e9tique \u00e0 toute occasion.Ce Bol vert Pila est \u00e9galement id\u00e9al pour vos belles vermines pour des \u00e9v\u00e9nements comme des cocktails dinatoires\u00a0\",\"breadcrumb\":{\"@id\":\"https:\/\/ml-locations.be\/nl\/locations\/bol-pila-vert-12cm\/#breadcrumb\"},\"inLanguage\":\"nl-NL\",\"potentialAction\":[{\"@type\":\"ReadAction\",\"target\":[\"https:\/\/ml-locations.be\/nl\/locations\/bol-pila-vert-12cm\/\"]}]},{\"@type\":\"ImageObject\",\"inLanguage\":\"nl-NL\",\"@id\":\"https:\/\/ml-locations.be\/nl\/locations\/bol-pila-vert-12cm\/#primaryimage\",\"url\":\"https:\/\/ml-locations.be\/wp-content\/uploads\/2023\/09\/url_7_4_740948.jpg\",\"contentUrl\":\"https:\/\/ml-locations.be\/wp-content\/uploads\/2023\/09\/url_7_4_740948.jpg\",\"width\":1000,\"height\":600},{\"@type\":\"BreadcrumbList\",\"@id\":\"https:\/\/ml-locations.be\/nl\/locations\/bol-pila-vert-12cm\/#breadcrumb\",\"itemListElement\":[{\"@type\":\"ListItem\",\"position\":1,\"name\":\"Accueil\",\"item\":\"https:\/\/ml-locations.be\/nl\/\"},{\"@type\":\"ListItem\",\"position\":2,\"name\":\"Winkel\",\"item\":\"https:\/\/ml-locations.be\/nl\/winkel\/\"},{\"@type\":\"ListItem\",\"position\":3,\"name\":\"Bol Pila vert 12cm\"}]},{\"@type\":\"WebSite\",\"@id\":\"https:\/\/ml-locations.be\/nl\/#website\",\"url\":\"https:\/\/ml-locations.be\/nl\/\",\"name\":\"ML Locations\",\"description\":\"Mat\u00e9riel \u00e9v\u00e9nementiel : location chaise, table et mange debout, mat\u00e9riel horeca, frigos,...\",\"publisher\":{\"@id\":\"https:\/\/ml-locations.be\/nl\/#organization\"},\"potentialAction\":[{\"@type\":\"SearchAction\",\"target\":{\"@type\":\"EntryPoint\",\"urlTemplate\":\"https:\/\/ml-locations.be\/nl\/?s={search_term_string}\"},\"query-input\":{\"@type\":\"PropertyValueSpecification\",\"valueRequired\":true,\"valueName\":\"search_term_string\"}}],\"inLanguage\":\"nl-NL\"},{\"@type\":\"Organization\",\"@id\":\"https:\/\/ml-locations.be\/nl\/#organization\",\"name\":\"ML Locations\",\"url\":\"https:\/\/ml-locations.be\/nl\/\",\"logo\":{\"@type\":\"ImageObject\",\"inLanguage\":\"nl-NL\",\"@id\":\"https:\/\/ml-locations.be\/nl\/#\/schema\/logo\/image\/\",\"url\":\"https:\/\/ml-locations.be\/wp-content\/uploads\/2018\/05\/LOGO-location-BON.png\",\"contentUrl\":\"https:\/\/ml-locations.be\/wp-content\/uploads\/2018\/05\/LOGO-location-BON.png\",\"width\":1200,\"height\":1200,\"caption\":\"ML Locations\"},\"image\":{\"@id\":\"https:\/\/ml-locations.be\/nl\/#\/schema\/logo\/image\/\"}}]}<\/script>\n<!-- \/ Yoast SEO plugin. -->","yoast_head_json":{"title":"Bol Pila vert 12cm | ML Locations","description":"Le Bol Vert PILA est le choix parfait pour ajouter une touche de fra\u00eecheur et d'\u00e9l\u00e9gance \u00e0 votre \u00e9v\u00e9nement ou \u00e0 votre table. Ce bol polyvalent est id\u00e9al pour servir des salades, des fruits frais, des plats d'accompagnement, ou m\u00eame des desserts. Sa teinte verte vibrante et son design contemporain en font un ajout esth\u00e9tique \u00e0 toute occasion.Ce Bol vert Pila est \u00e9galement id\u00e9al pour vos belles vermines pour des \u00e9v\u00e9nements comme des cocktails dinatoires\u00a0","robots":{"index":"index","follow":"follow","max-snippet":"max-snippet:-1","max-image-preview":"max-image-preview:large","max-video-preview":"max-video-preview:-1"},"canonical":"https:\/\/ml-locations.be\/nl\/locations\/bol-pila-vert-12cm\/","og_locale":"nl_NL","og_type":"article","og_title":"Bol Pila vert 12cm | ML Locations","og_description":"Le Bol Vert PILA est le choix parfait pour ajouter une touche de fra\u00eecheur et d'\u00e9l\u00e9gance \u00e0 votre \u00e9v\u00e9nement ou \u00e0 votre table. Ce bol polyvalent est id\u00e9al pour servir des salades, des fruits frais, des plats d'accompagnement, ou m\u00eame des desserts. Sa teinte verte vibrante et son design contemporain en font un ajout esth\u00e9tique \u00e0 toute occasion.Ce Bol vert Pila est \u00e9galement id\u00e9al pour vos belles vermines pour des \u00e9v\u00e9nements comme des cocktails dinatoires\u00a0","og_url":"https:\/\/ml-locations.be\/nl\/locations\/bol-pila-vert-12cm\/","og_site_name":"ML Locations","article_modified_time":"2026-01-21T09:26:19+00:00","og_image":[{"width":1000,"height":600,"url":"https:\/\/ml-locations.be\/wp-content\/uploads\/2023\/09\/url_7_4_740948.jpg","type":"image\/jpeg"}],"twitter_card":"summary_large_image","twitter_misc":{"Geschatte leestijd":"1 minuut"},"schema":{"@context":"https:\/\/schema.org","@graph":[{"@type":"WebPage","@id":"https:\/\/ml-locations.be\/nl\/locations\/bol-pila-vert-12cm\/","url":"https:\/\/ml-locations.be\/nl\/locations\/bol-pila-vert-12cm\/","name":"Bol Pila vert 12cm | ML Locations","isPartOf":{"@id":"https:\/\/ml-locations.be\/nl\/#website"},"primaryImageOfPage":{"@id":"https:\/\/ml-locations.be\/nl\/locations\/bol-pila-vert-12cm\/#primaryimage"},"image":{"@id":"https:\/\/ml-locations.be\/nl\/locations\/bol-pila-vert-12cm\/#primaryimage"},"thumbnailUrl":"https:\/\/ml-locations.be\/wp-content\/uploads\/2023\/09\/url_7_4_740948.jpg","datePublished":"2023-09-05T08:30:35+00:00","dateModified":"2026-01-21T09:26:19+00:00","description":"Le Bol Vert PILA est le choix parfait pour ajouter une touche de fra\u00eecheur et d'\u00e9l\u00e9gance \u00e0 votre \u00e9v\u00e9nement ou \u00e0 votre table. Ce bol polyvalent est id\u00e9al pour servir des salades, des fruits frais, des plats d'accompagnement, ou m\u00eame des desserts. Sa teinte verte vibrante et son design contemporain en font un ajout esth\u00e9tique \u00e0 toute occasion.Ce Bol vert Pila est \u00e9galement id\u00e9al pour vos belles vermines pour des \u00e9v\u00e9nements comme des cocktails dinatoires\u00a0","breadcrumb":{"@id":"https:\/\/ml-locations.be\/nl\/locations\/bol-pila-vert-12cm\/#breadcrumb"},"inLanguage":"nl-NL","potentialAction":[{"@type":"ReadAction","target":["https:\/\/ml-locations.be\/nl\/locations\/bol-pila-vert-12cm\/"]}]},{"@type":"ImageObject","inLanguage":"nl-NL","@id":"https:\/\/ml-locations.be\/nl\/locations\/bol-pila-vert-12cm\/#primaryimage","url":"https:\/\/ml-locations.be\/wp-content\/uploads\/2023\/09\/url_7_4_740948.jpg","contentUrl":"https:\/\/ml-locations.be\/wp-content\/uploads\/2023\/09\/url_7_4_740948.jpg","width":1000,"height":600},{"@type":"BreadcrumbList","@id":"https:\/\/ml-locations.be\/nl\/locations\/bol-pila-vert-12cm\/#breadcrumb","itemListElement":[{"@type":"ListItem","position":1,"name":"Accueil","item":"https:\/\/ml-locations.be\/nl\/"},{"@type":"ListItem","position":2,"name":"Winkel","item":"https:\/\/ml-locations.be\/nl\/winkel\/"},{"@type":"ListItem","position":3,"name":"Bol Pila vert 12cm"}]},{"@type":"WebSite","@id":"https:\/\/ml-locations.be\/nl\/#website","url":"https:\/\/ml-locations.be\/nl\/","name":"ML Locations","description":"Mat\u00e9riel \u00e9v\u00e9nementiel : location chaise, table et mange debout, mat\u00e9riel horeca, frigos,...","publisher":{"@id":"https:\/\/ml-locations.be\/nl\/#organization"},"potentialAction":[{"@type":"SearchAction","target":{"@type":"EntryPoint","urlTemplate":"https:\/\/ml-locations.be\/nl\/?s={search_term_string}"},"query-input":{"@type":"PropertyValueSpecification","valueRequired":true,"valueName":"search_term_string"}}],"inLanguage":"nl-NL"},{"@type":"Organization","@id":"https:\/\/ml-locations.be\/nl\/#organization","name":"ML Locations","url":"https:\/\/ml-locations.be\/nl\/","logo":{"@type":"ImageObject","inLanguage":"nl-NL","@id":"https:\/\/ml-locations.be\/nl\/#\/schema\/logo\/image\/","url":"https:\/\/ml-locations.be\/wp-content\/uploads\/2018\/05\/LOGO-location-BON.png","contentUrl":"https:\/\/ml-locations.be\/wp-content\/uploads\/2018\/05\/LOGO-location-BON.png","width":1200,"height":1200,"caption":"ML Locations"},"image":{"@id":"https:\/\/ml-locations.be\/nl\/#\/schema\/logo\/image\/"}}]}},"_links":{"self":[{"href":"https:\/\/ml-locations.be\/nl\/wp-json\/wp\/v2\/product\/1069436","targetHints":{"allow":["GET"]}}],"collection":[{"href":"https:\/\/ml-locations.be\/nl\/wp-json\/wp\/v2\/product"}],"about":[{"href":"https:\/\/ml-locations.be\/nl\/wp-json\/wp\/v2\/types\/product"}],"wp:featuredmedia":[{"embeddable":true,"href":"https:\/\/ml-locations.be\/nl\/wp-json\/wp\/v2\/media\/1069437"}],"wp:attachment":[{"href":"https:\/\/ml-locations.be\/nl\/wp-json\/wp\/v2\/media?parent=1069436"}],"wp:term":[{"taxonomy":"product_brand","embeddable":true,"href":"https:\/\/ml-locations.be\/nl\/wp-json\/wp\/v2\/product_brand?post=1069436"},{"taxonomy":"product_cat","embeddable":true,"href":"https:\/\/ml-locations.be\/nl\/wp-json\/wp\/v2\/product_cat?post=1069436"},{"taxonomy":"product_tag","embeddable":true,"href":"https:\/\/ml-locations.be\/nl\/wp-json\/wp\/v2\/product_tag?post=1069436"}],"curies":[{"name":"wp","href":"https:\/\/api.w.org\/{rel}","templated":true}]}}