{"id":1071643,"date":"2024-02-15T09:11:06","date_gmt":"2024-02-15T08:11:06","guid":{"rendered":"https:\/\/ml-locations.be\/?post_type=product&#038;p=1071643"},"modified":"2026-03-11T11:30:56","modified_gmt":"2026-03-11T10:30:56","slug":"assiette-plate-perla","status":"publish","type":"product","link":"https:\/\/ml-locations.be\/nl\/locations\/assiette-plate-perla\/","title":{"rendered":"Assiette plate white Perla &#8211; 25 cm"},"content":{"rendered":"<p>Cette <strong>assiette plate en location<\/strong> allie la simplicit\u00e9 et la modernit\u00e9. La vaisselle white Perla est une r\u00e9f\u00e9rence aux belles perles blanches et rondes des hu\u00eetres perli\u00e8res.<\/p>\n<p>Cette assiette \u00e0 la location est tr\u00e8s robuste et conviendra parfaitement pour tous vos \u00e9v\u00e9nements de types anniversaires, banquets, mariages,&#8230;<\/p>\n<p>L&#8217;assiette perla plate 25 cm conviendra pour toutes vos pr\u00e9parations.<\/p>\n<p>Vous retrouverez \u00e9galement pour compl\u00e9ter votre table l&#8217;assiette white Perla en 29cm.<\/p>\n","protected":false},"excerpt":{"rendered":"<p>La vaisselle white Perla est une r\u00e9f\u00e9rence aux belles perles blanches et rondes des hu\u00eetres perli\u00e8res.<\/p>\n<p>Cette assiette \u00e0 la location est tr\u00e8s robuste et conviendra parfaitement pour tous vos \u00e9v\u00e9nements de types anniversaires, banquets, mariages,&#8230;<\/p>\n<p>L&#8217;assiette perla plate 25 cm conviendra pour toutes vos pr\u00e9parations.<\/p>\n","protected":false},"featured_media":1071648,"template":"","meta":{"_acf_changed":false},"product_brand":[],"product_cat":[33],"product_tag":[],"class_list":{"0":"post-1071643","1":"product","2":"type-product","3":"status-publish","4":"has-post-thumbnail","6":"product_cat-location-vaisselle","7":"description-off","9":"first","10":"instock","11":"taxable","12":"shipping-taxable","13":"purchasable","14":"product-type-simple"},"acf":[],"yoast_head":"<!-- This site is optimized with the Yoast SEO plugin v25.0 - https:\/\/yoast.com\/wordpress\/plugins\/seo\/ -->\n<title>Assiette plate white Perla - 25 cm | ML Locations<\/title>\n<meta name=\"description\" content=\"Cette assiette en location allie la simplicit\u00e9 et la modernit\u00e9. La vaisselle white Perla est tr\u00e8s r\u00e9sistante aux chocs! La vaisselle white Perla est une r\u00e9f\u00e9rence aux belles perles blanches et rondes des hu\u00eetres perli\u00e8res. Cette assiette \u00e0 la location est tr\u00e8s robuste et conviendra parfaitement pour tous vos \u00e9v\u00e9nements de types anniversaires, banquets, mariages,...L&#039;assiette perla plate 25 cm conviendra pour toutes vos pr\u00e9parations. Vous retrouverez \u00e9galement pour compl\u00e9ter votre table l&#039;assiette white Perla en 29cm.\" \/>\n<meta name=\"robots\" content=\"index, follow, max-snippet:-1, max-image-preview:large, max-video-preview:-1\" \/>\n<link rel=\"canonical\" href=\"https:\/\/ml-locations.be\/nl\/locations\/assiette-plate-perla\/\" \/>\n<meta property=\"og:locale\" content=\"nl_NL\" \/>\n<meta property=\"og:type\" content=\"article\" \/>\n<meta property=\"og:title\" content=\"Assiette plate white Perla - 25 cm | ML Locations\" \/>\n<meta property=\"og:description\" content=\"Cette assiette en location allie la simplicit\u00e9 et la modernit\u00e9. La vaisselle white Perla est tr\u00e8s r\u00e9sistante aux chocs! La vaisselle white Perla est une r\u00e9f\u00e9rence aux belles perles blanches et rondes des hu\u00eetres perli\u00e8res. Cette assiette \u00e0 la location est tr\u00e8s robuste et conviendra parfaitement pour tous vos \u00e9v\u00e9nements de types anniversaires, banquets, mariages,...L&#039;assiette perla plate 25 cm conviendra pour toutes vos pr\u00e9parations. Vous retrouverez \u00e9galement pour compl\u00e9ter votre table l&#039;assiette white Perla en 29cm.\" \/>\n<meta property=\"og:url\" content=\"https:\/\/ml-locations.be\/nl\/locations\/assiette-plate-perla\/\" \/>\n<meta property=\"og:site_name\" content=\"ML Locations\" \/>\n<meta property=\"article:modified_time\" content=\"2026-03-11T10:30:56+00:00\" \/>\n<meta property=\"og:image\" content=\"https:\/\/ml-locations.be\/wp-content\/uploads\/2024\/02\/white_perla_plate.jpg\" \/>\n\t<meta property=\"og:image:width\" content=\"1000\" \/>\n\t<meta property=\"og:image:height\" content=\"600\" \/>\n\t<meta property=\"og:image:type\" content=\"image\/jpeg\" \/>\n<meta name=\"twitter:card\" content=\"summary_large_image\" \/>\n<meta name=\"twitter:label1\" content=\"Geschatte leestijd\" \/>\n\t<meta name=\"twitter:data1\" content=\"1 minuut\" \/>\n<script type=\"application\/ld+json\" class=\"yoast-schema-graph\">{\"@context\":\"https:\/\/schema.org\",\"@graph\":[{\"@type\":\"WebPage\",\"@id\":\"https:\/\/ml-locations.be\/nl\/locations\/assiette-plate-perla\/\",\"url\":\"https:\/\/ml-locations.be\/nl\/locations\/assiette-plate-perla\/\",\"name\":\"Assiette plate white Perla - 25 cm | ML Locations\",\"isPartOf\":{\"@id\":\"https:\/\/ml-locations.be\/nl\/#website\"},\"primaryImageOfPage\":{\"@id\":\"https:\/\/ml-locations.be\/nl\/locations\/assiette-plate-perla\/#primaryimage\"},\"image\":{\"@id\":\"https:\/\/ml-locations.be\/nl\/locations\/assiette-plate-perla\/#primaryimage\"},\"thumbnailUrl\":\"https:\/\/ml-locations.be\/wp-content\/uploads\/2024\/02\/white_perla_plate.jpg\",\"datePublished\":\"2024-02-15T08:11:06+00:00\",\"dateModified\":\"2026-03-11T10:30:56+00:00\",\"description\":\"Cette assiette en location allie la simplicit\u00e9 et la modernit\u00e9. La vaisselle white Perla est tr\u00e8s r\u00e9sistante aux chocs! La vaisselle white Perla est une r\u00e9f\u00e9rence aux belles perles blanches et rondes des hu\u00eetres perli\u00e8res. Cette assiette \u00e0 la location est tr\u00e8s robuste et conviendra parfaitement pour tous vos \u00e9v\u00e9nements de types anniversaires, banquets, mariages,...L'assiette perla plate 25 cm conviendra pour toutes vos pr\u00e9parations. Vous retrouverez \u00e9galement pour compl\u00e9ter votre table l'assiette white Perla en 29cm.\",\"breadcrumb\":{\"@id\":\"https:\/\/ml-locations.be\/nl\/locations\/assiette-plate-perla\/#breadcrumb\"},\"inLanguage\":\"nl-NL\",\"potentialAction\":[{\"@type\":\"ReadAction\",\"target\":[\"https:\/\/ml-locations.be\/nl\/locations\/assiette-plate-perla\/\"]}]},{\"@type\":\"ImageObject\",\"inLanguage\":\"nl-NL\",\"@id\":\"https:\/\/ml-locations.be\/nl\/locations\/assiette-plate-perla\/#primaryimage\",\"url\":\"https:\/\/ml-locations.be\/wp-content\/uploads\/2024\/02\/white_perla_plate.jpg\",\"contentUrl\":\"https:\/\/ml-locations.be\/wp-content\/uploads\/2024\/02\/white_perla_plate.jpg\",\"width\":1000,\"height\":600,\"caption\":\"Assiette White Perla plate - 25cm\"},{\"@type\":\"BreadcrumbList\",\"@id\":\"https:\/\/ml-locations.be\/nl\/locations\/assiette-plate-perla\/#breadcrumb\",\"itemListElement\":[{\"@type\":\"ListItem\",\"position\":1,\"name\":\"Accueil\",\"item\":\"https:\/\/ml-locations.be\/nl\/\"},{\"@type\":\"ListItem\",\"position\":2,\"name\":\"Winkel\",\"item\":\"https:\/\/ml-locations.be\/nl\/winkel\/\"},{\"@type\":\"ListItem\",\"position\":3,\"name\":\"Assiette plate white Perla &#8211; 25 cm\"}]},{\"@type\":\"WebSite\",\"@id\":\"https:\/\/ml-locations.be\/nl\/#website\",\"url\":\"https:\/\/ml-locations.be\/nl\/\",\"name\":\"ML Locations\",\"description\":\"Mat\u00e9riel \u00e9v\u00e9nementiel : location chaise, table et mange debout, mat\u00e9riel horeca, frigos,...\",\"publisher\":{\"@id\":\"https:\/\/ml-locations.be\/nl\/#organization\"},\"potentialAction\":[{\"@type\":\"SearchAction\",\"target\":{\"@type\":\"EntryPoint\",\"urlTemplate\":\"https:\/\/ml-locations.be\/nl\/?s={search_term_string}\"},\"query-input\":{\"@type\":\"PropertyValueSpecification\",\"valueRequired\":true,\"valueName\":\"search_term_string\"}}],\"inLanguage\":\"nl-NL\"},{\"@type\":\"Organization\",\"@id\":\"https:\/\/ml-locations.be\/nl\/#organization\",\"name\":\"ML Locations\",\"url\":\"https:\/\/ml-locations.be\/nl\/\",\"logo\":{\"@type\":\"ImageObject\",\"inLanguage\":\"nl-NL\",\"@id\":\"https:\/\/ml-locations.be\/nl\/#\/schema\/logo\/image\/\",\"url\":\"https:\/\/ml-locations.be\/wp-content\/uploads\/2018\/05\/LOGO-location-BON.png\",\"contentUrl\":\"https:\/\/ml-locations.be\/wp-content\/uploads\/2018\/05\/LOGO-location-BON.png\",\"width\":1200,\"height\":1200,\"caption\":\"ML Locations\"},\"image\":{\"@id\":\"https:\/\/ml-locations.be\/nl\/#\/schema\/logo\/image\/\"}}]}<\/script>\n<!-- \/ Yoast SEO plugin. -->","yoast_head_json":{"title":"Assiette plate white Perla - 25 cm | ML Locations","description":"Cette assiette en location allie la simplicit\u00e9 et la modernit\u00e9. La vaisselle white Perla est tr\u00e8s r\u00e9sistante aux chocs! La vaisselle white Perla est une r\u00e9f\u00e9rence aux belles perles blanches et rondes des hu\u00eetres perli\u00e8res. Cette assiette \u00e0 la location est tr\u00e8s robuste et conviendra parfaitement pour tous vos \u00e9v\u00e9nements de types anniversaires, banquets, mariages,...L'assiette perla plate 25 cm conviendra pour toutes vos pr\u00e9parations. Vous retrouverez \u00e9galement pour compl\u00e9ter votre table l'assiette white Perla en 29cm.","robots":{"index":"index","follow":"follow","max-snippet":"max-snippet:-1","max-image-preview":"max-image-preview:large","max-video-preview":"max-video-preview:-1"},"canonical":"https:\/\/ml-locations.be\/nl\/locations\/assiette-plate-perla\/","og_locale":"nl_NL","og_type":"article","og_title":"Assiette plate white Perla - 25 cm | ML Locations","og_description":"Cette assiette en location allie la simplicit\u00e9 et la modernit\u00e9. La vaisselle white Perla est tr\u00e8s r\u00e9sistante aux chocs! La vaisselle white Perla est une r\u00e9f\u00e9rence aux belles perles blanches et rondes des hu\u00eetres perli\u00e8res. Cette assiette \u00e0 la location est tr\u00e8s robuste et conviendra parfaitement pour tous vos \u00e9v\u00e9nements de types anniversaires, banquets, mariages,...L'assiette perla plate 25 cm conviendra pour toutes vos pr\u00e9parations. Vous retrouverez \u00e9galement pour compl\u00e9ter votre table l'assiette white Perla en 29cm.","og_url":"https:\/\/ml-locations.be\/nl\/locations\/assiette-plate-perla\/","og_site_name":"ML Locations","article_modified_time":"2026-03-11T10:30:56+00:00","og_image":[{"width":1000,"height":600,"url":"https:\/\/ml-locations.be\/wp-content\/uploads\/2024\/02\/white_perla_plate.jpg","type":"image\/jpeg"}],"twitter_card":"summary_large_image","twitter_misc":{"Geschatte leestijd":"1 minuut"},"schema":{"@context":"https:\/\/schema.org","@graph":[{"@type":"WebPage","@id":"https:\/\/ml-locations.be\/nl\/locations\/assiette-plate-perla\/","url":"https:\/\/ml-locations.be\/nl\/locations\/assiette-plate-perla\/","name":"Assiette plate white Perla - 25 cm | ML Locations","isPartOf":{"@id":"https:\/\/ml-locations.be\/nl\/#website"},"primaryImageOfPage":{"@id":"https:\/\/ml-locations.be\/nl\/locations\/assiette-plate-perla\/#primaryimage"},"image":{"@id":"https:\/\/ml-locations.be\/nl\/locations\/assiette-plate-perla\/#primaryimage"},"thumbnailUrl":"https:\/\/ml-locations.be\/wp-content\/uploads\/2024\/02\/white_perla_plate.jpg","datePublished":"2024-02-15T08:11:06+00:00","dateModified":"2026-03-11T10:30:56+00:00","description":"Cette assiette en location allie la simplicit\u00e9 et la modernit\u00e9. La vaisselle white Perla est tr\u00e8s r\u00e9sistante aux chocs! La vaisselle white Perla est une r\u00e9f\u00e9rence aux belles perles blanches et rondes des hu\u00eetres perli\u00e8res. Cette assiette \u00e0 la location est tr\u00e8s robuste et conviendra parfaitement pour tous vos \u00e9v\u00e9nements de types anniversaires, banquets, mariages,...L'assiette perla plate 25 cm conviendra pour toutes vos pr\u00e9parations. Vous retrouverez \u00e9galement pour compl\u00e9ter votre table l'assiette white Perla en 29cm.","breadcrumb":{"@id":"https:\/\/ml-locations.be\/nl\/locations\/assiette-plate-perla\/#breadcrumb"},"inLanguage":"nl-NL","potentialAction":[{"@type":"ReadAction","target":["https:\/\/ml-locations.be\/nl\/locations\/assiette-plate-perla\/"]}]},{"@type":"ImageObject","inLanguage":"nl-NL","@id":"https:\/\/ml-locations.be\/nl\/locations\/assiette-plate-perla\/#primaryimage","url":"https:\/\/ml-locations.be\/wp-content\/uploads\/2024\/02\/white_perla_plate.jpg","contentUrl":"https:\/\/ml-locations.be\/wp-content\/uploads\/2024\/02\/white_perla_plate.jpg","width":1000,"height":600,"caption":"Assiette White Perla plate - 25cm"},{"@type":"BreadcrumbList","@id":"https:\/\/ml-locations.be\/nl\/locations\/assiette-plate-perla\/#breadcrumb","itemListElement":[{"@type":"ListItem","position":1,"name":"Accueil","item":"https:\/\/ml-locations.be\/nl\/"},{"@type":"ListItem","position":2,"name":"Winkel","item":"https:\/\/ml-locations.be\/nl\/winkel\/"},{"@type":"ListItem","position":3,"name":"Assiette plate white Perla &#8211; 25 cm"}]},{"@type":"WebSite","@id":"https:\/\/ml-locations.be\/nl\/#website","url":"https:\/\/ml-locations.be\/nl\/","name":"ML Locations","description":"Mat\u00e9riel \u00e9v\u00e9nementiel : location chaise, table et mange debout, mat\u00e9riel horeca, frigos,...","publisher":{"@id":"https:\/\/ml-locations.be\/nl\/#organization"},"potentialAction":[{"@type":"SearchAction","target":{"@type":"EntryPoint","urlTemplate":"https:\/\/ml-locations.be\/nl\/?s={search_term_string}"},"query-input":{"@type":"PropertyValueSpecification","valueRequired":true,"valueName":"search_term_string"}}],"inLanguage":"nl-NL"},{"@type":"Organization","@id":"https:\/\/ml-locations.be\/nl\/#organization","name":"ML Locations","url":"https:\/\/ml-locations.be\/nl\/","logo":{"@type":"ImageObject","inLanguage":"nl-NL","@id":"https:\/\/ml-locations.be\/nl\/#\/schema\/logo\/image\/","url":"https:\/\/ml-locations.be\/wp-content\/uploads\/2018\/05\/LOGO-location-BON.png","contentUrl":"https:\/\/ml-locations.be\/wp-content\/uploads\/2018\/05\/LOGO-location-BON.png","width":1200,"height":1200,"caption":"ML Locations"},"image":{"@id":"https:\/\/ml-locations.be\/nl\/#\/schema\/logo\/image\/"}}]}},"_links":{"self":[{"href":"https:\/\/ml-locations.be\/nl\/wp-json\/wp\/v2\/product\/1071643","targetHints":{"allow":["GET"]}}],"collection":[{"href":"https:\/\/ml-locations.be\/nl\/wp-json\/wp\/v2\/product"}],"about":[{"href":"https:\/\/ml-locations.be\/nl\/wp-json\/wp\/v2\/types\/product"}],"wp:featuredmedia":[{"embeddable":true,"href":"https:\/\/ml-locations.be\/nl\/wp-json\/wp\/v2\/media\/1071648"}],"wp:attachment":[{"href":"https:\/\/ml-locations.be\/nl\/wp-json\/wp\/v2\/media?parent=1071643"}],"wp:term":[{"taxonomy":"product_brand","embeddable":true,"href":"https:\/\/ml-locations.be\/nl\/wp-json\/wp\/v2\/product_brand?post=1071643"},{"taxonomy":"product_cat","embeddable":true,"href":"https:\/\/ml-locations.be\/nl\/wp-json\/wp\/v2\/product_cat?post=1071643"},{"taxonomy":"product_tag","embeddable":true,"href":"https:\/\/ml-locations.be\/nl\/wp-json\/wp\/v2\/product_tag?post=1071643"}],"curies":[{"name":"wp","href":"https:\/\/api.w.org\/{rel}","templated":true}]}}