{"id":1105089,"date":"2026-01-16T15:35:21","date_gmt":"2026-01-16T14:35:21","guid":{"rendered":"https:\/\/ml-locations.be\/?post_type=product&#038;p=1105089"},"modified":"2026-01-16T16:01:55","modified_gmt":"2026-01-16T15:01:55","slug":"cuillere-a-cafe-amberes","status":"publish","type":"product","link":"https:\/\/ml-locations.be\/nl\/locations\/cuillere-a-cafe-amberes\/","title":{"rendered":"Cuill\u00e8re \u00e0 caf\u00e9 &#8211; Amberes"},"content":{"rendered":"<p><strong>Cuill\u00e8re \u00e0 caf\u00e9 en acier inoxydable<\/strong><br \/>\nCette cuill\u00e8re au design sobre et \u00e9l\u00e9gant est un incontournable pour dresser vos plus belles tables. Fabriqu\u00e9e en acier inoxydable, elle allie durabilit\u00e9, r\u00e9sistance et esth\u00e9tisme. Son manche ergonomique l\u00e9g\u00e8rement incurv\u00e9 assure une prise en main confortable et ajoute une touche moderne \u00e0 votre vaisselle.<\/p>\n<p><strong>Caract\u00e9ristiques :<\/strong><\/p>\n<ul>\n<li>Mat\u00e9riau : Acier inoxydable<\/li>\n<li>Design : Simple et contemporain<\/li>\n<li>Finition : Acier bross\u00e9, anti-traces<\/li>\n<li>Id\u00e9ale pour tous types de repas (formels et informels)<\/li>\n<\/ul>\n<p>Parfaite pour des mariages, d\u00eeners d&#8217;entreprise ou \u00e9v\u00e9nements priv\u00e9s, cette cuill\u00e8re s&#8217;int\u00e8gre harmonieusement \u00e0 toutes vos ambiances de table, qu&#8217;elles soient classiques ou modernes. Offrez \u00e0 vos convives une exp\u00e9rience \u00e9l\u00e9gante et fonctionnelle.<\/p>\n<p>&nbsp;<\/p>\n","protected":false},"excerpt":{"rendered":"<p><strong>Cuill\u00e8re en location : cuill\u00e8re \u00e0 caf\u00e9 en inox<\/strong>\u00a0\u00e0 louer pour tous vos banquets.<\/p>\n","protected":false},"featured_media":1105090,"template":"","meta":{"_acf_changed":false},"product_brand":[],"product_cat":[229,29],"product_tag":[224,213,214],"class_list":{"0":"post-1105089","1":"product","2":"type-product","3":"status-publish","4":"has-post-thumbnail","6":"product_cat-location-couverts","7":"product_cat-materiel-horeca-en-location","8":"product_tag-location-couverts-table","9":"product_tag-location-de-materiel-de-reception-mariages","10":"product_tag-location-materiel-banquet","11":"description-off","13":"first","14":"instock","15":"taxable","16":"shipping-taxable","17":"purchasable","18":"product-type-simple"},"acf":[],"yoast_head":"<!-- This site is optimized with the Yoast SEO plugin v25.0 - https:\/\/yoast.com\/wordpress\/plugins\/seo\/ -->\n<title>Cuill\u00e8res \u00e0 caf\u00e9 en inox - location de couverts | ML Location<\/title>\n<meta name=\"description\" content=\"Cuill\u00e8res de table en location pour vos \u00e9v\u00e9nement. Location de couverts et de vaisselles. Devis gratuit - Livraison possible.\" \/>\n<meta name=\"robots\" content=\"index, follow, max-snippet:-1, max-image-preview:large, max-video-preview:-1\" \/>\n<link rel=\"canonical\" href=\"https:\/\/ml-locations.be\/nl\/locations\/cuillere-a-cafe-amberes\/\" \/>\n<meta property=\"og:locale\" content=\"nl_NL\" \/>\n<meta property=\"og:type\" content=\"article\" \/>\n<meta property=\"og:title\" content=\"Cuill\u00e8res \u00e0 caf\u00e9 en inox - location de couverts | ML Location\" \/>\n<meta property=\"og:description\" content=\"Cuill\u00e8res de table en location pour vos \u00e9v\u00e9nement. Location de couverts et de vaisselles. Devis gratuit - Livraison possible.\" \/>\n<meta property=\"og:url\" content=\"https:\/\/ml-locations.be\/nl\/locations\/cuillere-a-cafe-amberes\/\" \/>\n<meta property=\"og:site_name\" content=\"ML Locations\" \/>\n<meta property=\"article:modified_time\" content=\"2026-01-16T15:01:55+00:00\" \/>\n<meta property=\"og:image\" content=\"https:\/\/ml-locations.be\/wp-content\/uploads\/2026\/01\/cuillere-a-cafe-Amberes-CUILANTCAF.jpg\" \/>\n\t<meta property=\"og:image:width\" content=\"1200\" \/>\n\t<meta property=\"og:image:height\" content=\"1200\" \/>\n\t<meta property=\"og:image:type\" content=\"image\/jpeg\" \/>\n<meta name=\"twitter:card\" content=\"summary_large_image\" \/>\n<meta name=\"twitter:label1\" content=\"Geschatte leestijd\" \/>\n\t<meta name=\"twitter:data1\" content=\"1 minuut\" \/>\n<script type=\"application\/ld+json\" class=\"yoast-schema-graph\">{\"@context\":\"https:\/\/schema.org\",\"@graph\":[{\"@type\":\"WebPage\",\"@id\":\"https:\/\/ml-locations.be\/nl\/locations\/cuillere-a-cafe-amberes\/\",\"url\":\"https:\/\/ml-locations.be\/nl\/locations\/cuillere-a-cafe-amberes\/\",\"name\":\"Cuill\u00e8res \u00e0 caf\u00e9 en inox - location de couverts | ML Location\",\"isPartOf\":{\"@id\":\"https:\/\/ml-locations.be\/nl\/#website\"},\"primaryImageOfPage\":{\"@id\":\"https:\/\/ml-locations.be\/nl\/locations\/cuillere-a-cafe-amberes\/#primaryimage\"},\"image\":{\"@id\":\"https:\/\/ml-locations.be\/nl\/locations\/cuillere-a-cafe-amberes\/#primaryimage\"},\"thumbnailUrl\":\"https:\/\/ml-locations.be\/wp-content\/uploads\/2026\/01\/cuillere-a-cafe-Amberes-CUILANTCAF.jpg\",\"datePublished\":\"2026-01-16T14:35:21+00:00\",\"dateModified\":\"2026-01-16T15:01:55+00:00\",\"description\":\"Cuill\u00e8res de table en location pour vos \u00e9v\u00e9nement. Location de couverts et de vaisselles. Devis gratuit - Livraison possible.\",\"breadcrumb\":{\"@id\":\"https:\/\/ml-locations.be\/nl\/locations\/cuillere-a-cafe-amberes\/#breadcrumb\"},\"inLanguage\":\"nl-NL\",\"potentialAction\":[{\"@type\":\"ReadAction\",\"target\":[\"https:\/\/ml-locations.be\/nl\/locations\/cuillere-a-cafe-amberes\/\"]}]},{\"@type\":\"ImageObject\",\"inLanguage\":\"nl-NL\",\"@id\":\"https:\/\/ml-locations.be\/nl\/locations\/cuillere-a-cafe-amberes\/#primaryimage\",\"url\":\"https:\/\/ml-locations.be\/wp-content\/uploads\/2026\/01\/cuillere-a-cafe-Amberes-CUILANTCAF.jpg\",\"contentUrl\":\"https:\/\/ml-locations.be\/wp-content\/uploads\/2026\/01\/cuillere-a-cafe-Amberes-CUILANTCAF.jpg\",\"width\":1200,\"height\":1200,\"caption\":\"cuille\u0300re a\u0300 cafe\u0301 Amberes\"},{\"@type\":\"BreadcrumbList\",\"@id\":\"https:\/\/ml-locations.be\/nl\/locations\/cuillere-a-cafe-amberes\/#breadcrumb\",\"itemListElement\":[{\"@type\":\"ListItem\",\"position\":1,\"name\":\"Accueil\",\"item\":\"https:\/\/ml-locations.be\/nl\/\"},{\"@type\":\"ListItem\",\"position\":2,\"name\":\"Winkel\",\"item\":\"https:\/\/ml-locations.be\/nl\/winkel\/\"},{\"@type\":\"ListItem\",\"position\":3,\"name\":\"Cuill\u00e8re \u00e0 caf\u00e9 &#8211; Amberes\"}]},{\"@type\":\"WebSite\",\"@id\":\"https:\/\/ml-locations.be\/nl\/#website\",\"url\":\"https:\/\/ml-locations.be\/nl\/\",\"name\":\"ML Locations\",\"description\":\"Mat\u00e9riel \u00e9v\u00e9nementiel : location chaise, table et mange debout, mat\u00e9riel horeca, frigos,...\",\"publisher\":{\"@id\":\"https:\/\/ml-locations.be\/nl\/#organization\"},\"potentialAction\":[{\"@type\":\"SearchAction\",\"target\":{\"@type\":\"EntryPoint\",\"urlTemplate\":\"https:\/\/ml-locations.be\/nl\/?s={search_term_string}\"},\"query-input\":{\"@type\":\"PropertyValueSpecification\",\"valueRequired\":true,\"valueName\":\"search_term_string\"}}],\"inLanguage\":\"nl-NL\"},{\"@type\":\"Organization\",\"@id\":\"https:\/\/ml-locations.be\/nl\/#organization\",\"name\":\"ML Locations\",\"url\":\"https:\/\/ml-locations.be\/nl\/\",\"logo\":{\"@type\":\"ImageObject\",\"inLanguage\":\"nl-NL\",\"@id\":\"https:\/\/ml-locations.be\/nl\/#\/schema\/logo\/image\/\",\"url\":\"https:\/\/ml-locations.be\/wp-content\/uploads\/2018\/05\/LOGO-location-BON.png\",\"contentUrl\":\"https:\/\/ml-locations.be\/wp-content\/uploads\/2018\/05\/LOGO-location-BON.png\",\"width\":1200,\"height\":1200,\"caption\":\"ML Locations\"},\"image\":{\"@id\":\"https:\/\/ml-locations.be\/nl\/#\/schema\/logo\/image\/\"}}]}<\/script>\n<!-- \/ Yoast SEO plugin. -->","yoast_head_json":{"title":"Cuill\u00e8res \u00e0 caf\u00e9 en inox - location de couverts | ML Location","description":"Cuill\u00e8res de table en location pour vos \u00e9v\u00e9nement. Location de couverts et de vaisselles. Devis gratuit - Livraison possible.","robots":{"index":"index","follow":"follow","max-snippet":"max-snippet:-1","max-image-preview":"max-image-preview:large","max-video-preview":"max-video-preview:-1"},"canonical":"https:\/\/ml-locations.be\/nl\/locations\/cuillere-a-cafe-amberes\/","og_locale":"nl_NL","og_type":"article","og_title":"Cuill\u00e8res \u00e0 caf\u00e9 en inox - location de couverts | ML Location","og_description":"Cuill\u00e8res de table en location pour vos \u00e9v\u00e9nement. Location de couverts et de vaisselles. Devis gratuit - Livraison possible.","og_url":"https:\/\/ml-locations.be\/nl\/locations\/cuillere-a-cafe-amberes\/","og_site_name":"ML Locations","article_modified_time":"2026-01-16T15:01:55+00:00","og_image":[{"width":1200,"height":1200,"url":"https:\/\/ml-locations.be\/wp-content\/uploads\/2026\/01\/cuillere-a-cafe-Amberes-CUILANTCAF.jpg","type":"image\/jpeg"}],"twitter_card":"summary_large_image","twitter_misc":{"Geschatte leestijd":"1 minuut"},"schema":{"@context":"https:\/\/schema.org","@graph":[{"@type":"WebPage","@id":"https:\/\/ml-locations.be\/nl\/locations\/cuillere-a-cafe-amberes\/","url":"https:\/\/ml-locations.be\/nl\/locations\/cuillere-a-cafe-amberes\/","name":"Cuill\u00e8res \u00e0 caf\u00e9 en inox - location de couverts | ML Location","isPartOf":{"@id":"https:\/\/ml-locations.be\/nl\/#website"},"primaryImageOfPage":{"@id":"https:\/\/ml-locations.be\/nl\/locations\/cuillere-a-cafe-amberes\/#primaryimage"},"image":{"@id":"https:\/\/ml-locations.be\/nl\/locations\/cuillere-a-cafe-amberes\/#primaryimage"},"thumbnailUrl":"https:\/\/ml-locations.be\/wp-content\/uploads\/2026\/01\/cuillere-a-cafe-Amberes-CUILANTCAF.jpg","datePublished":"2026-01-16T14:35:21+00:00","dateModified":"2026-01-16T15:01:55+00:00","description":"Cuill\u00e8res de table en location pour vos \u00e9v\u00e9nement. Location de couverts et de vaisselles. Devis gratuit - Livraison possible.","breadcrumb":{"@id":"https:\/\/ml-locations.be\/nl\/locations\/cuillere-a-cafe-amberes\/#breadcrumb"},"inLanguage":"nl-NL","potentialAction":[{"@type":"ReadAction","target":["https:\/\/ml-locations.be\/nl\/locations\/cuillere-a-cafe-amberes\/"]}]},{"@type":"ImageObject","inLanguage":"nl-NL","@id":"https:\/\/ml-locations.be\/nl\/locations\/cuillere-a-cafe-amberes\/#primaryimage","url":"https:\/\/ml-locations.be\/wp-content\/uploads\/2026\/01\/cuillere-a-cafe-Amberes-CUILANTCAF.jpg","contentUrl":"https:\/\/ml-locations.be\/wp-content\/uploads\/2026\/01\/cuillere-a-cafe-Amberes-CUILANTCAF.jpg","width":1200,"height":1200,"caption":"cuille\u0300re a\u0300 cafe\u0301 Amberes"},{"@type":"BreadcrumbList","@id":"https:\/\/ml-locations.be\/nl\/locations\/cuillere-a-cafe-amberes\/#breadcrumb","itemListElement":[{"@type":"ListItem","position":1,"name":"Accueil","item":"https:\/\/ml-locations.be\/nl\/"},{"@type":"ListItem","position":2,"name":"Winkel","item":"https:\/\/ml-locations.be\/nl\/winkel\/"},{"@type":"ListItem","position":3,"name":"Cuill\u00e8re \u00e0 caf\u00e9 &#8211; Amberes"}]},{"@type":"WebSite","@id":"https:\/\/ml-locations.be\/nl\/#website","url":"https:\/\/ml-locations.be\/nl\/","name":"ML Locations","description":"Mat\u00e9riel \u00e9v\u00e9nementiel : location chaise, table et mange debout, mat\u00e9riel horeca, frigos,...","publisher":{"@id":"https:\/\/ml-locations.be\/nl\/#organization"},"potentialAction":[{"@type":"SearchAction","target":{"@type":"EntryPoint","urlTemplate":"https:\/\/ml-locations.be\/nl\/?s={search_term_string}"},"query-input":{"@type":"PropertyValueSpecification","valueRequired":true,"valueName":"search_term_string"}}],"inLanguage":"nl-NL"},{"@type":"Organization","@id":"https:\/\/ml-locations.be\/nl\/#organization","name":"ML Locations","url":"https:\/\/ml-locations.be\/nl\/","logo":{"@type":"ImageObject","inLanguage":"nl-NL","@id":"https:\/\/ml-locations.be\/nl\/#\/schema\/logo\/image\/","url":"https:\/\/ml-locations.be\/wp-content\/uploads\/2018\/05\/LOGO-location-BON.png","contentUrl":"https:\/\/ml-locations.be\/wp-content\/uploads\/2018\/05\/LOGO-location-BON.png","width":1200,"height":1200,"caption":"ML Locations"},"image":{"@id":"https:\/\/ml-locations.be\/nl\/#\/schema\/logo\/image\/"}}]}},"_links":{"self":[{"href":"https:\/\/ml-locations.be\/nl\/wp-json\/wp\/v2\/product\/1105089","targetHints":{"allow":["GET"]}}],"collection":[{"href":"https:\/\/ml-locations.be\/nl\/wp-json\/wp\/v2\/product"}],"about":[{"href":"https:\/\/ml-locations.be\/nl\/wp-json\/wp\/v2\/types\/product"}],"wp:featuredmedia":[{"embeddable":true,"href":"https:\/\/ml-locations.be\/nl\/wp-json\/wp\/v2\/media\/1105090"}],"wp:attachment":[{"href":"https:\/\/ml-locations.be\/nl\/wp-json\/wp\/v2\/media?parent=1105089"}],"wp:term":[{"taxonomy":"product_brand","embeddable":true,"href":"https:\/\/ml-locations.be\/nl\/wp-json\/wp\/v2\/product_brand?post=1105089"},{"taxonomy":"product_cat","embeddable":true,"href":"https:\/\/ml-locations.be\/nl\/wp-json\/wp\/v2\/product_cat?post=1105089"},{"taxonomy":"product_tag","embeddable":true,"href":"https:\/\/ml-locations.be\/nl\/wp-json\/wp\/v2\/product_tag?post=1105089"}],"curies":[{"name":"wp","href":"https:\/\/api.w.org\/{rel}","templated":true}]}}