{"id":1105938,"date":"2026-02-24T15:51:14","date_gmt":"2026-02-24T14:51:14","guid":{"rendered":"https:\/\/ml-locations.be\/?post_type=product&#038;p=1105938"},"modified":"2026-03-11T11:07:07","modified_gmt":"2026-03-11T10:07:07","slug":"assiette-neo-gold-27cm-blanche-lisere-dore","status":"publish","type":"product","link":"https:\/\/ml-locations.be\/nl\/locations\/assiette-neo-gold-27cm-blanche-lisere-dore\/","title":{"rendered":"Assiette N\u00e9o Gold 27cm &#8211; blanche liser\u00e9 dor\u00e9"},"content":{"rendered":"<p>Apportez une touche de classe \u00e0 votre table avec notre assiette blanche orn\u00e9e d&#8217;un \u00e9l\u00e9gant liser\u00e9 dor\u00e9 sur le pourtour en location.<\/p>\n<p>Cette assiette allie simplicit\u00e9 et raffinement, id\u00e9ale pour toutes les occasions, des d\u00eeners formels aux repas quotidiens.<\/p>\n<p>Sa conception \u00e9pur\u00e9e en fait un choix intemporel qui s&#8217;harmonise parfaitement avec n&#8217;importe quel d\u00e9cor de table.<\/p>\n<p>L&#8217;assiette N\u00e9o 27cm conviendra pour vos plats.<\/p>\n<p>Vous retrouverez \u00e9galement pour compl\u00e9ter votre table l&#8217;assiette N\u00e9o Gold en 21cm et creuse de 22,5cm.<\/p>\n","protected":false},"excerpt":{"rendered":"<p>Notre assiette N\u00e9o blanche orn\u00e9e d&#8217;un \u00e9l\u00e9gant liser\u00e9 dor\u00e9 sur le pourtour en location allie simplicit\u00e9 et raffinement.<\/p>\n<p>Cette assiette \u00e0 la location est tr\u00e8s robuste et donc conviendra parfaitement pour tous vos \u00e9v\u00e9nements de types anniversaires, banquets, mariages,&#8230;<\/p>\n","protected":false},"featured_media":1105939,"template":"","meta":{"_acf_changed":false},"product_brand":[],"product_cat":[33],"product_tag":[],"class_list":{"0":"post-1105938","1":"product","2":"type-product","3":"status-publish","4":"has-post-thumbnail","6":"product_cat-location-vaisselle","7":"description-off","9":"first","10":"instock","11":"taxable","12":"shipping-taxable","13":"purchasable","14":"product-type-simple"},"acf":[],"yoast_head":"<!-- This site is optimized with the Yoast SEO plugin v25.0 - https:\/\/yoast.com\/wordpress\/plugins\/seo\/ -->\n<title>Assiette N\u00e9o Gold 27cm - blanche liser\u00e9 dor\u00e9 | ML Locations<\/title>\n<meta name=\"description\" content=\"Apportez une touche de classe \u00e0 votre table avec notre assiette blanche orn\u00e9e d&#039;un \u00e9l\u00e9gant liser\u00e9 noir sur le pourtour en location. Cette assiette allie simplicit\u00e9 et raffinement, id\u00e9ale pour toutes les occasions, des d\u00eeners formels aux repas quotidiens. Sa conception \u00e9pur\u00e9e en fait un choix intemporel qui s&#039;harmonise parfaitement avec n&#039;importe quel d\u00e9cor de table.\" \/>\n<meta name=\"robots\" content=\"index, follow, max-snippet:-1, max-image-preview:large, max-video-preview:-1\" \/>\n<link rel=\"canonical\" href=\"https:\/\/ml-locations.be\/nl\/locations\/assiette-neo-gold-27cm-blanche-lisere-dore\/\" \/>\n<meta property=\"og:locale\" content=\"nl_NL\" \/>\n<meta property=\"og:type\" content=\"article\" \/>\n<meta property=\"og:title\" content=\"Assiette N\u00e9o Gold 27cm - blanche liser\u00e9 dor\u00e9 | ML Locations\" \/>\n<meta property=\"og:description\" content=\"Apportez une touche de classe \u00e0 votre table avec notre assiette blanche orn\u00e9e d&#039;un \u00e9l\u00e9gant liser\u00e9 noir sur le pourtour en location. Cette assiette allie simplicit\u00e9 et raffinement, id\u00e9ale pour toutes les occasions, des d\u00eeners formels aux repas quotidiens. Sa conception \u00e9pur\u00e9e en fait un choix intemporel qui s&#039;harmonise parfaitement avec n&#039;importe quel d\u00e9cor de table.\" \/>\n<meta property=\"og:url\" content=\"https:\/\/ml-locations.be\/nl\/locations\/assiette-neo-gold-27cm-blanche-lisere-dore\/\" \/>\n<meta property=\"og:site_name\" content=\"ML Locations\" \/>\n<meta property=\"article:modified_time\" content=\"2026-03-11T10:07:07+00:00\" \/>\n<meta property=\"og:image\" content=\"https:\/\/ml-locations.be\/wp-content\/uploads\/2026\/02\/6100127.jpg\" \/>\n\t<meta property=\"og:image:width\" content=\"800\" \/>\n\t<meta property=\"og:image:height\" content=\"800\" \/>\n\t<meta property=\"og:image:type\" content=\"image\/jpeg\" \/>\n<meta name=\"twitter:card\" content=\"summary_large_image\" \/>\n<meta name=\"twitter:label1\" content=\"Geschatte leestijd\" \/>\n\t<meta name=\"twitter:data1\" content=\"1 minuut\" \/>\n<script type=\"application\/ld+json\" class=\"yoast-schema-graph\">{\"@context\":\"https:\/\/schema.org\",\"@graph\":[{\"@type\":\"WebPage\",\"@id\":\"https:\/\/ml-locations.be\/nl\/locations\/assiette-neo-gold-27cm-blanche-lisere-dore\/\",\"url\":\"https:\/\/ml-locations.be\/nl\/locations\/assiette-neo-gold-27cm-blanche-lisere-dore\/\",\"name\":\"Assiette N\u00e9o Gold 27cm - blanche liser\u00e9 dor\u00e9 | ML Locations\",\"isPartOf\":{\"@id\":\"https:\/\/ml-locations.be\/nl\/#website\"},\"primaryImageOfPage\":{\"@id\":\"https:\/\/ml-locations.be\/nl\/locations\/assiette-neo-gold-27cm-blanche-lisere-dore\/#primaryimage\"},\"image\":{\"@id\":\"https:\/\/ml-locations.be\/nl\/locations\/assiette-neo-gold-27cm-blanche-lisere-dore\/#primaryimage\"},\"thumbnailUrl\":\"https:\/\/ml-locations.be\/wp-content\/uploads\/2026\/02\/6100127.jpg\",\"datePublished\":\"2026-02-24T14:51:14+00:00\",\"dateModified\":\"2026-03-11T10:07:07+00:00\",\"description\":\"Apportez une touche de classe \u00e0 votre table avec notre assiette blanche orn\u00e9e d'un \u00e9l\u00e9gant liser\u00e9 noir sur le pourtour en location. Cette assiette allie simplicit\u00e9 et raffinement, id\u00e9ale pour toutes les occasions, des d\u00eeners formels aux repas quotidiens. Sa conception \u00e9pur\u00e9e en fait un choix intemporel qui s'harmonise parfaitement avec n'importe quel d\u00e9cor de table.\",\"breadcrumb\":{\"@id\":\"https:\/\/ml-locations.be\/nl\/locations\/assiette-neo-gold-27cm-blanche-lisere-dore\/#breadcrumb\"},\"inLanguage\":\"nl-NL\",\"potentialAction\":[{\"@type\":\"ReadAction\",\"target\":[\"https:\/\/ml-locations.be\/nl\/locations\/assiette-neo-gold-27cm-blanche-lisere-dore\/\"]}]},{\"@type\":\"ImageObject\",\"inLanguage\":\"nl-NL\",\"@id\":\"https:\/\/ml-locations.be\/nl\/locations\/assiette-neo-gold-27cm-blanche-lisere-dore\/#primaryimage\",\"url\":\"https:\/\/ml-locations.be\/wp-content\/uploads\/2026\/02\/6100127.jpg\",\"contentUrl\":\"https:\/\/ml-locations.be\/wp-content\/uploads\/2026\/02\/6100127.jpg\",\"width\":800,\"height\":800},{\"@type\":\"BreadcrumbList\",\"@id\":\"https:\/\/ml-locations.be\/nl\/locations\/assiette-neo-gold-27cm-blanche-lisere-dore\/#breadcrumb\",\"itemListElement\":[{\"@type\":\"ListItem\",\"position\":1,\"name\":\"Accueil\",\"item\":\"https:\/\/ml-locations.be\/nl\/\"},{\"@type\":\"ListItem\",\"position\":2,\"name\":\"Winkel\",\"item\":\"https:\/\/ml-locations.be\/nl\/winkel\/\"},{\"@type\":\"ListItem\",\"position\":3,\"name\":\"Assiette N\u00e9o Gold 27cm &#8211; blanche liser\u00e9 dor\u00e9\"}]},{\"@type\":\"WebSite\",\"@id\":\"https:\/\/ml-locations.be\/nl\/#website\",\"url\":\"https:\/\/ml-locations.be\/nl\/\",\"name\":\"ML Locations\",\"description\":\"Mat\u00e9riel \u00e9v\u00e9nementiel : location chaise, table et mange debout, mat\u00e9riel horeca, frigos,...\",\"publisher\":{\"@id\":\"https:\/\/ml-locations.be\/nl\/#organization\"},\"potentialAction\":[{\"@type\":\"SearchAction\",\"target\":{\"@type\":\"EntryPoint\",\"urlTemplate\":\"https:\/\/ml-locations.be\/nl\/?s={search_term_string}\"},\"query-input\":{\"@type\":\"PropertyValueSpecification\",\"valueRequired\":true,\"valueName\":\"search_term_string\"}}],\"inLanguage\":\"nl-NL\"},{\"@type\":\"Organization\",\"@id\":\"https:\/\/ml-locations.be\/nl\/#organization\",\"name\":\"ML Locations\",\"url\":\"https:\/\/ml-locations.be\/nl\/\",\"logo\":{\"@type\":\"ImageObject\",\"inLanguage\":\"nl-NL\",\"@id\":\"https:\/\/ml-locations.be\/nl\/#\/schema\/logo\/image\/\",\"url\":\"https:\/\/ml-locations.be\/wp-content\/uploads\/2018\/05\/LOGO-location-BON.png\",\"contentUrl\":\"https:\/\/ml-locations.be\/wp-content\/uploads\/2018\/05\/LOGO-location-BON.png\",\"width\":1200,\"height\":1200,\"caption\":\"ML Locations\"},\"image\":{\"@id\":\"https:\/\/ml-locations.be\/nl\/#\/schema\/logo\/image\/\"}}]}<\/script>\n<!-- \/ Yoast SEO plugin. -->","yoast_head_json":{"title":"Assiette N\u00e9o Gold 27cm - blanche liser\u00e9 dor\u00e9 | ML Locations","description":"Apportez une touche de classe \u00e0 votre table avec notre assiette blanche orn\u00e9e d'un \u00e9l\u00e9gant liser\u00e9 noir sur le pourtour en location. Cette assiette allie simplicit\u00e9 et raffinement, id\u00e9ale pour toutes les occasions, des d\u00eeners formels aux repas quotidiens. Sa conception \u00e9pur\u00e9e en fait un choix intemporel qui s'harmonise parfaitement avec n'importe quel d\u00e9cor de table.","robots":{"index":"index","follow":"follow","max-snippet":"max-snippet:-1","max-image-preview":"max-image-preview:large","max-video-preview":"max-video-preview:-1"},"canonical":"https:\/\/ml-locations.be\/nl\/locations\/assiette-neo-gold-27cm-blanche-lisere-dore\/","og_locale":"nl_NL","og_type":"article","og_title":"Assiette N\u00e9o Gold 27cm - blanche liser\u00e9 dor\u00e9 | ML Locations","og_description":"Apportez une touche de classe \u00e0 votre table avec notre assiette blanche orn\u00e9e d'un \u00e9l\u00e9gant liser\u00e9 noir sur le pourtour en location. Cette assiette allie simplicit\u00e9 et raffinement, id\u00e9ale pour toutes les occasions, des d\u00eeners formels aux repas quotidiens. Sa conception \u00e9pur\u00e9e en fait un choix intemporel qui s'harmonise parfaitement avec n'importe quel d\u00e9cor de table.","og_url":"https:\/\/ml-locations.be\/nl\/locations\/assiette-neo-gold-27cm-blanche-lisere-dore\/","og_site_name":"ML Locations","article_modified_time":"2026-03-11T10:07:07+00:00","og_image":[{"width":800,"height":800,"url":"https:\/\/ml-locations.be\/wp-content\/uploads\/2026\/02\/6100127.jpg","type":"image\/jpeg"}],"twitter_card":"summary_large_image","twitter_misc":{"Geschatte leestijd":"1 minuut"},"schema":{"@context":"https:\/\/schema.org","@graph":[{"@type":"WebPage","@id":"https:\/\/ml-locations.be\/nl\/locations\/assiette-neo-gold-27cm-blanche-lisere-dore\/","url":"https:\/\/ml-locations.be\/nl\/locations\/assiette-neo-gold-27cm-blanche-lisere-dore\/","name":"Assiette N\u00e9o Gold 27cm - blanche liser\u00e9 dor\u00e9 | ML Locations","isPartOf":{"@id":"https:\/\/ml-locations.be\/nl\/#website"},"primaryImageOfPage":{"@id":"https:\/\/ml-locations.be\/nl\/locations\/assiette-neo-gold-27cm-blanche-lisere-dore\/#primaryimage"},"image":{"@id":"https:\/\/ml-locations.be\/nl\/locations\/assiette-neo-gold-27cm-blanche-lisere-dore\/#primaryimage"},"thumbnailUrl":"https:\/\/ml-locations.be\/wp-content\/uploads\/2026\/02\/6100127.jpg","datePublished":"2026-02-24T14:51:14+00:00","dateModified":"2026-03-11T10:07:07+00:00","description":"Apportez une touche de classe \u00e0 votre table avec notre assiette blanche orn\u00e9e d'un \u00e9l\u00e9gant liser\u00e9 noir sur le pourtour en location. Cette assiette allie simplicit\u00e9 et raffinement, id\u00e9ale pour toutes les occasions, des d\u00eeners formels aux repas quotidiens. Sa conception \u00e9pur\u00e9e en fait un choix intemporel qui s'harmonise parfaitement avec n'importe quel d\u00e9cor de table.","breadcrumb":{"@id":"https:\/\/ml-locations.be\/nl\/locations\/assiette-neo-gold-27cm-blanche-lisere-dore\/#breadcrumb"},"inLanguage":"nl-NL","potentialAction":[{"@type":"ReadAction","target":["https:\/\/ml-locations.be\/nl\/locations\/assiette-neo-gold-27cm-blanche-lisere-dore\/"]}]},{"@type":"ImageObject","inLanguage":"nl-NL","@id":"https:\/\/ml-locations.be\/nl\/locations\/assiette-neo-gold-27cm-blanche-lisere-dore\/#primaryimage","url":"https:\/\/ml-locations.be\/wp-content\/uploads\/2026\/02\/6100127.jpg","contentUrl":"https:\/\/ml-locations.be\/wp-content\/uploads\/2026\/02\/6100127.jpg","width":800,"height":800},{"@type":"BreadcrumbList","@id":"https:\/\/ml-locations.be\/nl\/locations\/assiette-neo-gold-27cm-blanche-lisere-dore\/#breadcrumb","itemListElement":[{"@type":"ListItem","position":1,"name":"Accueil","item":"https:\/\/ml-locations.be\/nl\/"},{"@type":"ListItem","position":2,"name":"Winkel","item":"https:\/\/ml-locations.be\/nl\/winkel\/"},{"@type":"ListItem","position":3,"name":"Assiette N\u00e9o Gold 27cm &#8211; blanche liser\u00e9 dor\u00e9"}]},{"@type":"WebSite","@id":"https:\/\/ml-locations.be\/nl\/#website","url":"https:\/\/ml-locations.be\/nl\/","name":"ML Locations","description":"Mat\u00e9riel \u00e9v\u00e9nementiel : location chaise, table et mange debout, mat\u00e9riel horeca, frigos,...","publisher":{"@id":"https:\/\/ml-locations.be\/nl\/#organization"},"potentialAction":[{"@type":"SearchAction","target":{"@type":"EntryPoint","urlTemplate":"https:\/\/ml-locations.be\/nl\/?s={search_term_string}"},"query-input":{"@type":"PropertyValueSpecification","valueRequired":true,"valueName":"search_term_string"}}],"inLanguage":"nl-NL"},{"@type":"Organization","@id":"https:\/\/ml-locations.be\/nl\/#organization","name":"ML Locations","url":"https:\/\/ml-locations.be\/nl\/","logo":{"@type":"ImageObject","inLanguage":"nl-NL","@id":"https:\/\/ml-locations.be\/nl\/#\/schema\/logo\/image\/","url":"https:\/\/ml-locations.be\/wp-content\/uploads\/2018\/05\/LOGO-location-BON.png","contentUrl":"https:\/\/ml-locations.be\/wp-content\/uploads\/2018\/05\/LOGO-location-BON.png","width":1200,"height":1200,"caption":"ML Locations"},"image":{"@id":"https:\/\/ml-locations.be\/nl\/#\/schema\/logo\/image\/"}}]}},"_links":{"self":[{"href":"https:\/\/ml-locations.be\/nl\/wp-json\/wp\/v2\/product\/1105938","targetHints":{"allow":["GET"]}}],"collection":[{"href":"https:\/\/ml-locations.be\/nl\/wp-json\/wp\/v2\/product"}],"about":[{"href":"https:\/\/ml-locations.be\/nl\/wp-json\/wp\/v2\/types\/product"}],"wp:featuredmedia":[{"embeddable":true,"href":"https:\/\/ml-locations.be\/nl\/wp-json\/wp\/v2\/media\/1105939"}],"wp:attachment":[{"href":"https:\/\/ml-locations.be\/nl\/wp-json\/wp\/v2\/media?parent=1105938"}],"wp:term":[{"taxonomy":"product_brand","embeddable":true,"href":"https:\/\/ml-locations.be\/nl\/wp-json\/wp\/v2\/product_brand?post=1105938"},{"taxonomy":"product_cat","embeddable":true,"href":"https:\/\/ml-locations.be\/nl\/wp-json\/wp\/v2\/product_cat?post=1105938"},{"taxonomy":"product_tag","embeddable":true,"href":"https:\/\/ml-locations.be\/nl\/wp-json\/wp\/v2\/product_tag?post=1105938"}],"curies":[{"name":"wp","href":"https:\/\/api.w.org\/{rel}","templated":true}]}}