{"id":1674,"date":"2017-04-11T14:33:02","date_gmt":"2017-04-11T12:33:02","guid":{"rendered":"https:\/\/www.ml-locations.be\/\/locations\/sous-tasse\/"},"modified":"2024-08-27T21:02:02","modified_gmt":"2024-08-27T19:02:02","slug":"location-sous-tasse-cafe-180-ml","status":"publish","type":"product","link":"https:\/\/ml-locations.be\/nl\/locations\/location-sous-tasse-cafe-180-ml\/","title":{"rendered":"Sous-tasse \u00e0 caf\u00e9"},"content":{"rendered":"<p><strong>Sous-tasses en location : sous-tasses \u00e0 caf\u00e9 blanches<\/strong>\u00a0(<strong>10 cm de diam\u00e8tre) en location,\u00a0<\/strong>parfaites pour toutes vos r\u00e9ceptions, quel qu\u2019en soit le cadre : banquet,\u00a0 mariage, anniversaire, conf\u00e9rence,\u2026<\/p>\n<p>Les sous-tasses ainsi que la vaisselle en location sont repris sales en fin de location, et ce sans risque de frais suppl\u00e9mentaires car le nettoyage est compris dans le prix de la location.<\/p>\n<p>Ces <strong>sous-tasses \u00e0 louer<\/strong>, de couleur blanche, se marieront parfaitement avec la d\u00e9coration de votre<strong> buffet \u00e0 caf\u00e9<\/strong> ou de vos<strong> tables de banquet.<\/strong><\/p>\n<p>Vous pouvez \u00e9galement louer les <a href=\"https:\/\/ml-locations.be\/locations\/location-tasse-cafe-18cl\/\"><strong>tasses \u00e0 caf\u00e9<\/strong><\/a> correspondantes afin d\u2019offrir un service optimal \u00e0 vos convives.<\/p>\n<p>D\u00e9couvrez \u00e9galement notre <a href=\"https:\/\/ml-locations.be\/locations\/samovar-15-l-100-tasses\/\">samovar en location : percolateur 15 litres (100 tasses de caf\u00e9)<\/a>.<\/p>\n<p>&nbsp;<\/p>\n","protected":false},"excerpt":{"rendered":"<p><strong>Sous-tasse \u00e0 louer : sous-tasse \u00e0 caf\u00e9 blanche de 10 cm<\/strong> de diam\u00e8tre \u00e0 louer pour toutes vos <strong>r\u00e9ceptions<\/strong>.<\/p>\n","protected":false},"featured_media":4527,"template":"","meta":{"_acf_changed":false},"product_brand":[],"product_cat":[29,33],"product_tag":[213,214],"class_list":{"0":"post-1674","1":"product","2":"type-product","3":"status-publish","4":"has-post-thumbnail","6":"product_cat-materiel-horeca-en-location","7":"product_cat-location-vaisselle","8":"product_tag-location-de-materiel-de-reception-mariages","9":"product_tag-location-materiel-banquet","10":"description-off","12":"first","13":"instock","14":"sale","15":"taxable","16":"shipping-taxable","17":"purchasable","18":"product-type-simple"},"acf":[],"yoast_head":"<!-- This site is optimized with the Yoast SEO plugin v25.0 - https:\/\/yoast.com\/wordpress\/plugins\/seo\/ -->\n<title>Location de tasse et sous-tasse \u00e0 caf\u00e9| ML Locations<\/title>\n<meta name=\"description\" content=\"Location de service \u00e0 caf\u00e9 : tasses, sous-tasses, cuill\u00e8res. Toute la vaisselle en location se trouve sur notre site. Devis gratuit !\" \/>\n<meta name=\"robots\" content=\"index, follow, max-snippet:-1, max-image-preview:large, max-video-preview:-1\" \/>\n<link rel=\"canonical\" href=\"https:\/\/ml-locations.be\/nl\/locations\/location-sous-tasse-cafe-180-ml\/\" \/>\n<meta property=\"og:locale\" content=\"nl_NL\" \/>\n<meta property=\"og:type\" content=\"article\" \/>\n<meta property=\"og:title\" content=\"Location de tasse et sous-tasse \u00e0 caf\u00e9| ML Locations\" \/>\n<meta property=\"og:description\" content=\"Location de service \u00e0 caf\u00e9 : tasses, sous-tasses, cuill\u00e8res. Toute la vaisselle en location se trouve sur notre site. Devis gratuit !\" \/>\n<meta property=\"og:url\" content=\"https:\/\/ml-locations.be\/nl\/locations\/location-sous-tasse-cafe-180-ml\/\" \/>\n<meta property=\"og:site_name\" content=\"ML Locations\" \/>\n<meta property=\"article:modified_time\" content=\"2024-08-27T19:02:02+00:00\" \/>\n<meta property=\"og:image\" content=\"https:\/\/ml-locations.be\/wp-content\/uploads\/2017\/04\/location-tasse-st-cafe-180-ml.jpg\" \/>\n\t<meta property=\"og:image:width\" content=\"400\" \/>\n\t<meta property=\"og:image:height\" content=\"400\" \/>\n\t<meta property=\"og:image:type\" content=\"image\/jpeg\" \/>\n<meta name=\"twitter:card\" content=\"summary_large_image\" \/>\n<meta name=\"twitter:label1\" content=\"Geschatte leestijd\" \/>\n\t<meta name=\"twitter:data1\" content=\"1 minuut\" \/>\n<script type=\"application\/ld+json\" class=\"yoast-schema-graph\">{\"@context\":\"https:\/\/schema.org\",\"@graph\":[{\"@type\":\"WebPage\",\"@id\":\"https:\/\/ml-locations.be\/nl\/locations\/location-sous-tasse-cafe-180-ml\/\",\"url\":\"https:\/\/ml-locations.be\/nl\/locations\/location-sous-tasse-cafe-180-ml\/\",\"name\":\"Location de tasse et sous-tasse \u00e0 caf\u00e9| ML Locations\",\"isPartOf\":{\"@id\":\"https:\/\/ml-locations.be\/nl\/#website\"},\"primaryImageOfPage\":{\"@id\":\"https:\/\/ml-locations.be\/nl\/locations\/location-sous-tasse-cafe-180-ml\/#primaryimage\"},\"image\":{\"@id\":\"https:\/\/ml-locations.be\/nl\/locations\/location-sous-tasse-cafe-180-ml\/#primaryimage\"},\"thumbnailUrl\":\"https:\/\/ml-locations.be\/wp-content\/uploads\/2017\/04\/location-tasse-st-cafe-180-ml.jpg\",\"datePublished\":\"2017-04-11T12:33:02+00:00\",\"dateModified\":\"2024-08-27T19:02:02+00:00\",\"description\":\"Location de service \u00e0 caf\u00e9 : tasses, sous-tasses, cuill\u00e8res. Toute la vaisselle en location se trouve sur notre site. Devis gratuit !\",\"breadcrumb\":{\"@id\":\"https:\/\/ml-locations.be\/nl\/locations\/location-sous-tasse-cafe-180-ml\/#breadcrumb\"},\"inLanguage\":\"nl-NL\",\"potentialAction\":[{\"@type\":\"ReadAction\",\"target\":[\"https:\/\/ml-locations.be\/nl\/locations\/location-sous-tasse-cafe-180-ml\/\"]}]},{\"@type\":\"ImageObject\",\"inLanguage\":\"nl-NL\",\"@id\":\"https:\/\/ml-locations.be\/nl\/locations\/location-sous-tasse-cafe-180-ml\/#primaryimage\",\"url\":\"https:\/\/ml-locations.be\/wp-content\/uploads\/2017\/04\/location-tasse-st-cafe-180-ml.jpg\",\"contentUrl\":\"https:\/\/ml-locations.be\/wp-content\/uploads\/2017\/04\/location-tasse-st-cafe-180-ml.jpg\",\"width\":400,\"height\":400,\"caption\":\"Location service \u00e0 caf\u00e9 : tasse \u00e0 caf\u00e9, sous-tasse\"},{\"@type\":\"BreadcrumbList\",\"@id\":\"https:\/\/ml-locations.be\/nl\/locations\/location-sous-tasse-cafe-180-ml\/#breadcrumb\",\"itemListElement\":[{\"@type\":\"ListItem\",\"position\":1,\"name\":\"Accueil\",\"item\":\"https:\/\/ml-locations.be\/nl\/\"},{\"@type\":\"ListItem\",\"position\":2,\"name\":\"Winkel\",\"item\":\"https:\/\/ml-locations.be\/nl\/winkel\/\"},{\"@type\":\"ListItem\",\"position\":3,\"name\":\"Sous-tasse \u00e0 caf\u00e9\"}]},{\"@type\":\"WebSite\",\"@id\":\"https:\/\/ml-locations.be\/nl\/#website\",\"url\":\"https:\/\/ml-locations.be\/nl\/\",\"name\":\"ML Locations\",\"description\":\"Mat\u00e9riel \u00e9v\u00e9nementiel : location chaise, table et mange debout, mat\u00e9riel horeca, frigos,...\",\"publisher\":{\"@id\":\"https:\/\/ml-locations.be\/nl\/#organization\"},\"potentialAction\":[{\"@type\":\"SearchAction\",\"target\":{\"@type\":\"EntryPoint\",\"urlTemplate\":\"https:\/\/ml-locations.be\/nl\/?s={search_term_string}\"},\"query-input\":{\"@type\":\"PropertyValueSpecification\",\"valueRequired\":true,\"valueName\":\"search_term_string\"}}],\"inLanguage\":\"nl-NL\"},{\"@type\":\"Organization\",\"@id\":\"https:\/\/ml-locations.be\/nl\/#organization\",\"name\":\"ML Locations\",\"url\":\"https:\/\/ml-locations.be\/nl\/\",\"logo\":{\"@type\":\"ImageObject\",\"inLanguage\":\"nl-NL\",\"@id\":\"https:\/\/ml-locations.be\/nl\/#\/schema\/logo\/image\/\",\"url\":\"https:\/\/ml-locations.be\/wp-content\/uploads\/2018\/05\/LOGO-location-BON.png\",\"contentUrl\":\"https:\/\/ml-locations.be\/wp-content\/uploads\/2018\/05\/LOGO-location-BON.png\",\"width\":1200,\"height\":1200,\"caption\":\"ML Locations\"},\"image\":{\"@id\":\"https:\/\/ml-locations.be\/nl\/#\/schema\/logo\/image\/\"}}]}<\/script>\n<!-- \/ Yoast SEO plugin. -->","yoast_head_json":{"title":"Location de tasse et sous-tasse \u00e0 caf\u00e9| ML Locations","description":"Location de service \u00e0 caf\u00e9 : tasses, sous-tasses, cuill\u00e8res. Toute la vaisselle en location se trouve sur notre site. Devis gratuit !","robots":{"index":"index","follow":"follow","max-snippet":"max-snippet:-1","max-image-preview":"max-image-preview:large","max-video-preview":"max-video-preview:-1"},"canonical":"https:\/\/ml-locations.be\/nl\/locations\/location-sous-tasse-cafe-180-ml\/","og_locale":"nl_NL","og_type":"article","og_title":"Location de tasse et sous-tasse \u00e0 caf\u00e9| ML Locations","og_description":"Location de service \u00e0 caf\u00e9 : tasses, sous-tasses, cuill\u00e8res. Toute la vaisselle en location se trouve sur notre site. Devis gratuit !","og_url":"https:\/\/ml-locations.be\/nl\/locations\/location-sous-tasse-cafe-180-ml\/","og_site_name":"ML Locations","article_modified_time":"2024-08-27T19:02:02+00:00","og_image":[{"width":400,"height":400,"url":"https:\/\/ml-locations.be\/wp-content\/uploads\/2017\/04\/location-tasse-st-cafe-180-ml.jpg","type":"image\/jpeg"}],"twitter_card":"summary_large_image","twitter_misc":{"Geschatte leestijd":"1 minuut"},"schema":{"@context":"https:\/\/schema.org","@graph":[{"@type":"WebPage","@id":"https:\/\/ml-locations.be\/nl\/locations\/location-sous-tasse-cafe-180-ml\/","url":"https:\/\/ml-locations.be\/nl\/locations\/location-sous-tasse-cafe-180-ml\/","name":"Location de tasse et sous-tasse \u00e0 caf\u00e9| ML Locations","isPartOf":{"@id":"https:\/\/ml-locations.be\/nl\/#website"},"primaryImageOfPage":{"@id":"https:\/\/ml-locations.be\/nl\/locations\/location-sous-tasse-cafe-180-ml\/#primaryimage"},"image":{"@id":"https:\/\/ml-locations.be\/nl\/locations\/location-sous-tasse-cafe-180-ml\/#primaryimage"},"thumbnailUrl":"https:\/\/ml-locations.be\/wp-content\/uploads\/2017\/04\/location-tasse-st-cafe-180-ml.jpg","datePublished":"2017-04-11T12:33:02+00:00","dateModified":"2024-08-27T19:02:02+00:00","description":"Location de service \u00e0 caf\u00e9 : tasses, sous-tasses, cuill\u00e8res. Toute la vaisselle en location se trouve sur notre site. Devis gratuit !","breadcrumb":{"@id":"https:\/\/ml-locations.be\/nl\/locations\/location-sous-tasse-cafe-180-ml\/#breadcrumb"},"inLanguage":"nl-NL","potentialAction":[{"@type":"ReadAction","target":["https:\/\/ml-locations.be\/nl\/locations\/location-sous-tasse-cafe-180-ml\/"]}]},{"@type":"ImageObject","inLanguage":"nl-NL","@id":"https:\/\/ml-locations.be\/nl\/locations\/location-sous-tasse-cafe-180-ml\/#primaryimage","url":"https:\/\/ml-locations.be\/wp-content\/uploads\/2017\/04\/location-tasse-st-cafe-180-ml.jpg","contentUrl":"https:\/\/ml-locations.be\/wp-content\/uploads\/2017\/04\/location-tasse-st-cafe-180-ml.jpg","width":400,"height":400,"caption":"Location service \u00e0 caf\u00e9 : tasse \u00e0 caf\u00e9, sous-tasse"},{"@type":"BreadcrumbList","@id":"https:\/\/ml-locations.be\/nl\/locations\/location-sous-tasse-cafe-180-ml\/#breadcrumb","itemListElement":[{"@type":"ListItem","position":1,"name":"Accueil","item":"https:\/\/ml-locations.be\/nl\/"},{"@type":"ListItem","position":2,"name":"Winkel","item":"https:\/\/ml-locations.be\/nl\/winkel\/"},{"@type":"ListItem","position":3,"name":"Sous-tasse \u00e0 caf\u00e9"}]},{"@type":"WebSite","@id":"https:\/\/ml-locations.be\/nl\/#website","url":"https:\/\/ml-locations.be\/nl\/","name":"ML Locations","description":"Mat\u00e9riel \u00e9v\u00e9nementiel : location chaise, table et mange debout, mat\u00e9riel horeca, frigos,...","publisher":{"@id":"https:\/\/ml-locations.be\/nl\/#organization"},"potentialAction":[{"@type":"SearchAction","target":{"@type":"EntryPoint","urlTemplate":"https:\/\/ml-locations.be\/nl\/?s={search_term_string}"},"query-input":{"@type":"PropertyValueSpecification","valueRequired":true,"valueName":"search_term_string"}}],"inLanguage":"nl-NL"},{"@type":"Organization","@id":"https:\/\/ml-locations.be\/nl\/#organization","name":"ML Locations","url":"https:\/\/ml-locations.be\/nl\/","logo":{"@type":"ImageObject","inLanguage":"nl-NL","@id":"https:\/\/ml-locations.be\/nl\/#\/schema\/logo\/image\/","url":"https:\/\/ml-locations.be\/wp-content\/uploads\/2018\/05\/LOGO-location-BON.png","contentUrl":"https:\/\/ml-locations.be\/wp-content\/uploads\/2018\/05\/LOGO-location-BON.png","width":1200,"height":1200,"caption":"ML Locations"},"image":{"@id":"https:\/\/ml-locations.be\/nl\/#\/schema\/logo\/image\/"}}]}},"_links":{"self":[{"href":"https:\/\/ml-locations.be\/nl\/wp-json\/wp\/v2\/product\/1674","targetHints":{"allow":["GET"]}}],"collection":[{"href":"https:\/\/ml-locations.be\/nl\/wp-json\/wp\/v2\/product"}],"about":[{"href":"https:\/\/ml-locations.be\/nl\/wp-json\/wp\/v2\/types\/product"}],"wp:featuredmedia":[{"embeddable":true,"href":"https:\/\/ml-locations.be\/nl\/wp-json\/wp\/v2\/media\/4527"}],"wp:attachment":[{"href":"https:\/\/ml-locations.be\/nl\/wp-json\/wp\/v2\/media?parent=1674"}],"wp:term":[{"taxonomy":"product_brand","embeddable":true,"href":"https:\/\/ml-locations.be\/nl\/wp-json\/wp\/v2\/product_brand?post=1674"},{"taxonomy":"product_cat","embeddable":true,"href":"https:\/\/ml-locations.be\/nl\/wp-json\/wp\/v2\/product_cat?post=1674"},{"taxonomy":"product_tag","embeddable":true,"href":"https:\/\/ml-locations.be\/nl\/wp-json\/wp\/v2\/product_tag?post=1674"}],"curies":[{"name":"wp","href":"https:\/\/api.w.org\/{rel}","templated":true}]}}