{"id":1680,"date":"2017-04-11T14:33:06","date_gmt":"2017-04-11T12:33:06","guid":{"rendered":"https:\/\/www.ml-locations.be\/\/locations\/verre-a-biere-speciale-25-pieces\/"},"modified":"2026-01-14T15:07:40","modified_gmt":"2026-01-14T14:07:40","slug":"location-verre-biere-speciale","status":"publish","type":"product","link":"https:\/\/ml-locations.be\/nl\/locations\/location-verre-biere-speciale\/","title":{"rendered":"Verre \u00e0 bi\u00e8re sp\u00e9ciale (16 pi\u00e8ces)"},"content":{"rendered":"<p><strong>Verres \u00e0 bi\u00e8re sp\u00e9ciale en location<\/strong>\u00a0(verres \u00e0 trappistes de 45 cl), parfaites\u00a0pour le <strong>service de bi\u00e8res sp\u00e9ciales et de trappistes<\/strong>\u00a0lors de vos <strong>banquets<\/strong>,\u00a0<strong>r\u00e9ceptions<\/strong>. Ils conviennent pour le service de bi\u00e8res trappistes telles que Chimay, Orval, Rochefort, Westmalle, Westvleteren.<\/p>\n<p>Apportez une touche classe \u00e0 votre <strong>banquet<\/strong> en servant la bi\u00e8re sp\u00e9ciale dans un verre \u00e0 bi\u00e8re pr\u00e9vu \u00e0 cet effet et r\u00e9alisez un service de la bi\u00e8re dans les r\u00e8gles de l\u2019art en d\u00e9veloppant tous les ar\u00f4mes qu\u2019offre une vraie bi\u00e8re sp\u00e9ciale. Louez ces verres \u00e0 bi\u00e8res sp\u00e9ciales et rendez les verres sales apr\u00e8s votre \u00e9v\u00e9nement, sans frais suppl\u00e9mentaires : <strong>le nettoyage des verres est compris dans le prix de la location.<\/strong><\/p>\n<p>Ces verres \u00e0 bi\u00e8re sont lou\u00e9s par rack entier de 16 verres \u00e0 bi\u00e8re sp\u00e9ciale. Le nombre de racks livr\u00e9s d\u00e9pend du nombre de verres command\u00e9s.<\/p>\n<p><u>Ex\u00a0<\/u>: 50\u00a0verres \u00e0 bi\u00e8re command\u00e9s = 4 racks de 16 verres (= 64 verres) livr\u00e9s ET factur\u00e9s.<\/p>\n<p>Le remplacement des verres \u00e0 bi\u00e8res non-rendus en fin de <strong>location<\/strong> est factur\u00e9.<\/p>\n<p>N&#8217;h\u00e9sitez pas \u00e0 nous contacter, si vous d\u00e9sirez louer d&#8217;autres verres (long drink, fl\u00fbte \u00e0 champagne, verre \u00e0 cocktail,&#8230;). ML Locations vous propose en plus de la <a href=\"https:\/\/ml-locations.be\/location\/materiel-horeca-en-location\/verres-en-location\/\">location de verres<\/a>, la <a href=\"https:\/\/ml-locations.be\/location\/materiel-horeca-en-location\/location-vaisselle-location-couverts\/\">location de vaisselle<\/a>, et la <a href=\"https:\/\/ml-locations.be\/location\/materiel-horeca-en-location\/location-vaisselle-location-couverts\/\">location de couverts<\/a> pour vos banquets et \u00e9v\u00e9nements.<\/p>\n","protected":false},"excerpt":{"rendered":"<p><strong>Verres \u00e0 bi\u00e8re sp\u00e9ciale<\/strong>\u00a0<strong>\u00e0 louer :\u00a0<\/strong>verres \u00e0 trappistes\u00a0d\u2019une contenance de 45 cl pour banquets et r\u00e9ceptions (mariage, convention, anniversaire, conf\u00e9rence,\u2026).\u00a0NB : commandes par rack de 16 verres.<\/p>\n","protected":false},"featured_media":2770,"template":"","meta":{"_acf_changed":false},"product_brand":[],"product_cat":[29,32],"product_tag":[208,214],"class_list":{"0":"post-1680","1":"product","2":"type-product","3":"status-publish","4":"has-post-thumbnail","6":"product_cat-materiel-horeca-en-location","7":"product_cat-verres-en-location","8":"product_tag-location-materiel-bar","9":"product_tag-location-materiel-banquet","10":"description-off","12":"first","13":"instock","14":"taxable","15":"shipping-taxable","16":"purchasable","17":"product-type-simple"},"acf":[],"yoast_head":"<!-- This site is optimized with the Yoast SEO plugin v25.0 - https:\/\/yoast.com\/wordpress\/plugins\/seo\/ -->\n<title>Verre \u00e0 bi\u00e8res sp\u00e9ciales (trappistes) en location | ML Locations<\/title>\n<meta name=\"description\" content=\"Louez ces verres \u00e0 bi\u00e8re sp\u00e9ciales (verres \u00e0 trappistes de 45 cl) pour vos banquets et \u00e9v\u00e9nements ! Grand choix de verres en location.\" \/>\n<meta name=\"robots\" content=\"index, follow, max-snippet:-1, max-image-preview:large, max-video-preview:-1\" \/>\n<link rel=\"canonical\" href=\"https:\/\/ml-locations.be\/nl\/locations\/location-verre-biere-speciale\/\" \/>\n<meta property=\"og:locale\" content=\"nl_NL\" \/>\n<meta property=\"og:type\" content=\"article\" \/>\n<meta property=\"og:title\" content=\"Verre \u00e0 bi\u00e8res sp\u00e9ciales (trappistes) en location | ML Locations\" \/>\n<meta property=\"og:description\" content=\"Louez ces verres \u00e0 bi\u00e8re sp\u00e9ciales (verres \u00e0 trappistes de 45 cl) pour vos banquets et \u00e9v\u00e9nements ! Grand choix de verres en location.\" \/>\n<meta property=\"og:url\" content=\"https:\/\/ml-locations.be\/nl\/locations\/location-verre-biere-speciale\/\" \/>\n<meta property=\"og:site_name\" content=\"ML Locations\" \/>\n<meta property=\"article:modified_time\" content=\"2026-01-14T14:07:40+00:00\" \/>\n<meta property=\"og:image\" content=\"https:\/\/ml-locations.be\/wp-content\/uploads\/2017\/04\/verre-a-biere-45-cl.jpg\" \/>\n\t<meta property=\"og:image:width\" content=\"1000\" \/>\n\t<meta property=\"og:image:height\" content=\"1000\" \/>\n\t<meta property=\"og:image:type\" content=\"image\/jpeg\" \/>\n<meta name=\"twitter:card\" content=\"summary_large_image\" \/>\n<meta name=\"twitter:label1\" content=\"Geschatte leestijd\" \/>\n\t<meta name=\"twitter:data1\" content=\"2 minuten\" \/>\n<script type=\"application\/ld+json\" class=\"yoast-schema-graph\">{\"@context\":\"https:\/\/schema.org\",\"@graph\":[{\"@type\":\"WebPage\",\"@id\":\"https:\/\/ml-locations.be\/nl\/locations\/location-verre-biere-speciale\/\",\"url\":\"https:\/\/ml-locations.be\/nl\/locations\/location-verre-biere-speciale\/\",\"name\":\"Verre \u00e0 bi\u00e8res sp\u00e9ciales (trappistes) en location | ML Locations\",\"isPartOf\":{\"@id\":\"https:\/\/ml-locations.be\/nl\/#website\"},\"primaryImageOfPage\":{\"@id\":\"https:\/\/ml-locations.be\/nl\/locations\/location-verre-biere-speciale\/#primaryimage\"},\"image\":{\"@id\":\"https:\/\/ml-locations.be\/nl\/locations\/location-verre-biere-speciale\/#primaryimage\"},\"thumbnailUrl\":\"https:\/\/ml-locations.be\/wp-content\/uploads\/2017\/04\/verre-a-biere-45-cl.jpg\",\"datePublished\":\"2017-04-11T12:33:06+00:00\",\"dateModified\":\"2026-01-14T14:07:40+00:00\",\"description\":\"Louez ces verres \u00e0 bi\u00e8re sp\u00e9ciales (verres \u00e0 trappistes de 45 cl) pour vos banquets et \u00e9v\u00e9nements ! Grand choix de verres en location.\",\"breadcrumb\":{\"@id\":\"https:\/\/ml-locations.be\/nl\/locations\/location-verre-biere-speciale\/#breadcrumb\"},\"inLanguage\":\"nl-NL\",\"potentialAction\":[{\"@type\":\"ReadAction\",\"target\":[\"https:\/\/ml-locations.be\/nl\/locations\/location-verre-biere-speciale\/\"]}]},{\"@type\":\"ImageObject\",\"inLanguage\":\"nl-NL\",\"@id\":\"https:\/\/ml-locations.be\/nl\/locations\/location-verre-biere-speciale\/#primaryimage\",\"url\":\"https:\/\/ml-locations.be\/wp-content\/uploads\/2017\/04\/verre-a-biere-45-cl.jpg\",\"contentUrl\":\"https:\/\/ml-locations.be\/wp-content\/uploads\/2017\/04\/verre-a-biere-45-cl.jpg\",\"width\":1000,\"height\":1000,\"caption\":\"verre \u00e0 bi\u00e8re 45 cl en location\"},{\"@type\":\"BreadcrumbList\",\"@id\":\"https:\/\/ml-locations.be\/nl\/locations\/location-verre-biere-speciale\/#breadcrumb\",\"itemListElement\":[{\"@type\":\"ListItem\",\"position\":1,\"name\":\"Accueil\",\"item\":\"https:\/\/ml-locations.be\/nl\/\"},{\"@type\":\"ListItem\",\"position\":2,\"name\":\"Winkel\",\"item\":\"https:\/\/ml-locations.be\/nl\/winkel\/\"},{\"@type\":\"ListItem\",\"position\":3,\"name\":\"Verre \u00e0 bi\u00e8re sp\u00e9ciale (16 pi\u00e8ces)\"}]},{\"@type\":\"WebSite\",\"@id\":\"https:\/\/ml-locations.be\/nl\/#website\",\"url\":\"https:\/\/ml-locations.be\/nl\/\",\"name\":\"ML Locations\",\"description\":\"Mat\u00e9riel \u00e9v\u00e9nementiel : location chaise, table et mange debout, mat\u00e9riel horeca, frigos,...\",\"publisher\":{\"@id\":\"https:\/\/ml-locations.be\/nl\/#organization\"},\"potentialAction\":[{\"@type\":\"SearchAction\",\"target\":{\"@type\":\"EntryPoint\",\"urlTemplate\":\"https:\/\/ml-locations.be\/nl\/?s={search_term_string}\"},\"query-input\":{\"@type\":\"PropertyValueSpecification\",\"valueRequired\":true,\"valueName\":\"search_term_string\"}}],\"inLanguage\":\"nl-NL\"},{\"@type\":\"Organization\",\"@id\":\"https:\/\/ml-locations.be\/nl\/#organization\",\"name\":\"ML Locations\",\"url\":\"https:\/\/ml-locations.be\/nl\/\",\"logo\":{\"@type\":\"ImageObject\",\"inLanguage\":\"nl-NL\",\"@id\":\"https:\/\/ml-locations.be\/nl\/#\/schema\/logo\/image\/\",\"url\":\"https:\/\/ml-locations.be\/wp-content\/uploads\/2018\/05\/LOGO-location-BON.png\",\"contentUrl\":\"https:\/\/ml-locations.be\/wp-content\/uploads\/2018\/05\/LOGO-location-BON.png\",\"width\":1200,\"height\":1200,\"caption\":\"ML Locations\"},\"image\":{\"@id\":\"https:\/\/ml-locations.be\/nl\/#\/schema\/logo\/image\/\"}}]}<\/script>\n<!-- \/ Yoast SEO plugin. -->","yoast_head_json":{"title":"Verre \u00e0 bi\u00e8res sp\u00e9ciales (trappistes) en location | ML Locations","description":"Louez ces verres \u00e0 bi\u00e8re sp\u00e9ciales (verres \u00e0 trappistes de 45 cl) pour vos banquets et \u00e9v\u00e9nements ! Grand choix de verres en location.","robots":{"index":"index","follow":"follow","max-snippet":"max-snippet:-1","max-image-preview":"max-image-preview:large","max-video-preview":"max-video-preview:-1"},"canonical":"https:\/\/ml-locations.be\/nl\/locations\/location-verre-biere-speciale\/","og_locale":"nl_NL","og_type":"article","og_title":"Verre \u00e0 bi\u00e8res sp\u00e9ciales (trappistes) en location | ML Locations","og_description":"Louez ces verres \u00e0 bi\u00e8re sp\u00e9ciales (verres \u00e0 trappistes de 45 cl) pour vos banquets et \u00e9v\u00e9nements ! Grand choix de verres en location.","og_url":"https:\/\/ml-locations.be\/nl\/locations\/location-verre-biere-speciale\/","og_site_name":"ML Locations","article_modified_time":"2026-01-14T14:07:40+00:00","og_image":[{"width":1000,"height":1000,"url":"https:\/\/ml-locations.be\/wp-content\/uploads\/2017\/04\/verre-a-biere-45-cl.jpg","type":"image\/jpeg"}],"twitter_card":"summary_large_image","twitter_misc":{"Geschatte leestijd":"2 minuten"},"schema":{"@context":"https:\/\/schema.org","@graph":[{"@type":"WebPage","@id":"https:\/\/ml-locations.be\/nl\/locations\/location-verre-biere-speciale\/","url":"https:\/\/ml-locations.be\/nl\/locations\/location-verre-biere-speciale\/","name":"Verre \u00e0 bi\u00e8res sp\u00e9ciales (trappistes) en location | ML Locations","isPartOf":{"@id":"https:\/\/ml-locations.be\/nl\/#website"},"primaryImageOfPage":{"@id":"https:\/\/ml-locations.be\/nl\/locations\/location-verre-biere-speciale\/#primaryimage"},"image":{"@id":"https:\/\/ml-locations.be\/nl\/locations\/location-verre-biere-speciale\/#primaryimage"},"thumbnailUrl":"https:\/\/ml-locations.be\/wp-content\/uploads\/2017\/04\/verre-a-biere-45-cl.jpg","datePublished":"2017-04-11T12:33:06+00:00","dateModified":"2026-01-14T14:07:40+00:00","description":"Louez ces verres \u00e0 bi\u00e8re sp\u00e9ciales (verres \u00e0 trappistes de 45 cl) pour vos banquets et \u00e9v\u00e9nements ! Grand choix de verres en location.","breadcrumb":{"@id":"https:\/\/ml-locations.be\/nl\/locations\/location-verre-biere-speciale\/#breadcrumb"},"inLanguage":"nl-NL","potentialAction":[{"@type":"ReadAction","target":["https:\/\/ml-locations.be\/nl\/locations\/location-verre-biere-speciale\/"]}]},{"@type":"ImageObject","inLanguage":"nl-NL","@id":"https:\/\/ml-locations.be\/nl\/locations\/location-verre-biere-speciale\/#primaryimage","url":"https:\/\/ml-locations.be\/wp-content\/uploads\/2017\/04\/verre-a-biere-45-cl.jpg","contentUrl":"https:\/\/ml-locations.be\/wp-content\/uploads\/2017\/04\/verre-a-biere-45-cl.jpg","width":1000,"height":1000,"caption":"verre \u00e0 bi\u00e8re 45 cl en location"},{"@type":"BreadcrumbList","@id":"https:\/\/ml-locations.be\/nl\/locations\/location-verre-biere-speciale\/#breadcrumb","itemListElement":[{"@type":"ListItem","position":1,"name":"Accueil","item":"https:\/\/ml-locations.be\/nl\/"},{"@type":"ListItem","position":2,"name":"Winkel","item":"https:\/\/ml-locations.be\/nl\/winkel\/"},{"@type":"ListItem","position":3,"name":"Verre \u00e0 bi\u00e8re sp\u00e9ciale (16 pi\u00e8ces)"}]},{"@type":"WebSite","@id":"https:\/\/ml-locations.be\/nl\/#website","url":"https:\/\/ml-locations.be\/nl\/","name":"ML Locations","description":"Mat\u00e9riel \u00e9v\u00e9nementiel : location chaise, table et mange debout, mat\u00e9riel horeca, frigos,...","publisher":{"@id":"https:\/\/ml-locations.be\/nl\/#organization"},"potentialAction":[{"@type":"SearchAction","target":{"@type":"EntryPoint","urlTemplate":"https:\/\/ml-locations.be\/nl\/?s={search_term_string}"},"query-input":{"@type":"PropertyValueSpecification","valueRequired":true,"valueName":"search_term_string"}}],"inLanguage":"nl-NL"},{"@type":"Organization","@id":"https:\/\/ml-locations.be\/nl\/#organization","name":"ML Locations","url":"https:\/\/ml-locations.be\/nl\/","logo":{"@type":"ImageObject","inLanguage":"nl-NL","@id":"https:\/\/ml-locations.be\/nl\/#\/schema\/logo\/image\/","url":"https:\/\/ml-locations.be\/wp-content\/uploads\/2018\/05\/LOGO-location-BON.png","contentUrl":"https:\/\/ml-locations.be\/wp-content\/uploads\/2018\/05\/LOGO-location-BON.png","width":1200,"height":1200,"caption":"ML Locations"},"image":{"@id":"https:\/\/ml-locations.be\/nl\/#\/schema\/logo\/image\/"}}]}},"_links":{"self":[{"href":"https:\/\/ml-locations.be\/nl\/wp-json\/wp\/v2\/product\/1680","targetHints":{"allow":["GET"]}}],"collection":[{"href":"https:\/\/ml-locations.be\/nl\/wp-json\/wp\/v2\/product"}],"about":[{"href":"https:\/\/ml-locations.be\/nl\/wp-json\/wp\/v2\/types\/product"}],"wp:featuredmedia":[{"embeddable":true,"href":"https:\/\/ml-locations.be\/nl\/wp-json\/wp\/v2\/media\/2770"}],"wp:attachment":[{"href":"https:\/\/ml-locations.be\/nl\/wp-json\/wp\/v2\/media?parent=1680"}],"wp:term":[{"taxonomy":"product_brand","embeddable":true,"href":"https:\/\/ml-locations.be\/nl\/wp-json\/wp\/v2\/product_brand?post=1680"},{"taxonomy":"product_cat","embeddable":true,"href":"https:\/\/ml-locations.be\/nl\/wp-json\/wp\/v2\/product_cat?post=1680"},{"taxonomy":"product_tag","embeddable":true,"href":"https:\/\/ml-locations.be\/nl\/wp-json\/wp\/v2\/product_tag?post=1680"}],"curies":[{"name":"wp","href":"https:\/\/api.w.org\/{rel}","templated":true}]}}