{"id":1753,"date":"2017-04-11T14:33:19","date_gmt":"2017-04-11T12:33:19","guid":{"rendered":"https:\/\/www.ml-locations.be\/\/locations\/presentoir-a4-plexi\/"},"modified":"2017-05-08T13:52:23","modified_gmt":"2017-05-08T11:52:23","slug":"presentoir-a4-plexi","status":"publish","type":"product","link":"https:\/\/ml-locations.be\/nl\/locations\/presentoir-a4-plexi\/","title":{"rendered":"Pr\u00e9sentoir A4 plexi"},"content":{"rendered":"<p>Ce <strong>pr\u00e9sentoir \u00e0 brochure pliable<\/strong> est tr\u00e8s pratique comme supports pour vos brochures lors d\u2019<strong>\u00e9v\u00e9nements<\/strong> (<strong>foires<\/strong>, <strong>salons<\/strong>,\u2026). Il est simple \u00e0 installer et \u00e0 replier et se range dans une valise ce qui rend son transport tr\u00e8s pratique lors de vos d\u00e9placements. Pr\u00e9sentoir \u00ab\u00a0accord\u00e9on\u00a0\u00bb avec cinq \u00e9tag\u00e8res pour pr\u00e9senter vos documents.<\/p>\n<p>Le <strong>pr\u00e9sentoir<\/strong> est inclin\u00e9 pour une meilleure visibilit\u00e9. Vous pouvez ins\u00e9rez des documents au format A4 pr\u00e9vus \u00e0 cet effet, cela permet la protection de vos brochures et d\u00e9pliants.<\/p>\n","protected":false},"excerpt":{"rendered":"<p><strong>Pr\u00e9sentoir A4 plexi sur pied<\/strong> avec syst\u00e8me accord\u00e9on qui se d\u00e9plie pour pr\u00e9senter vos brochures ou documents. Id\u00e9al dans les halls d\u2019accueil et pour les stands d\u2019expositions.<\/p>\n","protected":false},"featured_media":2379,"template":"","meta":{"_acf_changed":false},"product_brand":[],"product_cat":[6],"product_tag":[],"class_list":{"0":"post-1753","1":"product","2":"type-product","3":"status-publish","4":"has-post-thumbnail","6":"product_cat-mobilier","7":"description-off","9":"first","10":"instock","11":"taxable","12":"shipping-taxable","13":"purchasable","14":"product-type-simple"},"acf":[],"yoast_head":"<!-- This site is optimized with the Yoast SEO plugin v25.0 - https:\/\/yoast.com\/wordpress\/plugins\/seo\/ -->\n<title>Pr\u00e9sentoir A4 plexi | ML Locations<\/title>\n<meta name=\"robots\" content=\"index, follow, max-snippet:-1, max-image-preview:large, max-video-preview:-1\" \/>\n<link rel=\"canonical\" href=\"https:\/\/ml-locations.be\/nl\/locations\/presentoir-a4-plexi\/\" \/>\n<meta property=\"og:locale\" content=\"nl_NL\" \/>\n<meta property=\"og:type\" content=\"article\" \/>\n<meta property=\"og:title\" content=\"Pr\u00e9sentoir A4 plexi | ML Locations\" \/>\n<meta property=\"og:description\" content=\"Pr\u00e9sentoir A4 plexi sur pied avec syst\u00e8me accord\u00e9on qui se d\u00e9plie pour pr\u00e9senter vos brochures ou documents. Id\u00e9al dans les halls d\u2019accueil et pour les stands d\u2019expositions.\" \/>\n<meta property=\"og:url\" content=\"https:\/\/ml-locations.be\/nl\/locations\/presentoir-a4-plexi\/\" \/>\n<meta property=\"og:site_name\" content=\"ML Locations\" \/>\n<meta property=\"article:modified_time\" content=\"2017-05-08T11:52:23+00:00\" \/>\n<meta property=\"og:image\" content=\"https:\/\/ml-locations.be\/wp-content\/uploads\/2017\/04\/presentoir-a-brochures.jpg\" \/>\n\t<meta property=\"og:image:width\" content=\"1000\" \/>\n\t<meta property=\"og:image:height\" content=\"1000\" \/>\n\t<meta property=\"og:image:type\" content=\"image\/jpeg\" \/>\n<meta name=\"twitter:card\" content=\"summary_large_image\" \/>\n<script type=\"application\/ld+json\" class=\"yoast-schema-graph\">{\"@context\":\"https:\/\/schema.org\",\"@graph\":[{\"@type\":\"WebPage\",\"@id\":\"https:\/\/ml-locations.be\/nl\/locations\/presentoir-a4-plexi\/\",\"url\":\"https:\/\/ml-locations.be\/nl\/locations\/presentoir-a4-plexi\/\",\"name\":\"Pr\u00e9sentoir A4 plexi | ML Locations\",\"isPartOf\":{\"@id\":\"https:\/\/ml-locations.be\/nl\/#website\"},\"primaryImageOfPage\":{\"@id\":\"https:\/\/ml-locations.be\/nl\/locations\/presentoir-a4-plexi\/#primaryimage\"},\"image\":{\"@id\":\"https:\/\/ml-locations.be\/nl\/locations\/presentoir-a4-plexi\/#primaryimage\"},\"thumbnailUrl\":\"https:\/\/ml-locations.be\/wp-content\/uploads\/2017\/04\/presentoir-a-brochures.jpg\",\"datePublished\":\"2017-04-11T12:33:19+00:00\",\"dateModified\":\"2017-05-08T11:52:23+00:00\",\"breadcrumb\":{\"@id\":\"https:\/\/ml-locations.be\/nl\/locations\/presentoir-a4-plexi\/#breadcrumb\"},\"inLanguage\":\"nl-NL\",\"potentialAction\":[{\"@type\":\"ReadAction\",\"target\":[\"https:\/\/ml-locations.be\/nl\/locations\/presentoir-a4-plexi\/\"]}]},{\"@type\":\"ImageObject\",\"inLanguage\":\"nl-NL\",\"@id\":\"https:\/\/ml-locations.be\/nl\/locations\/presentoir-a4-plexi\/#primaryimage\",\"url\":\"https:\/\/ml-locations.be\/wp-content\/uploads\/2017\/04\/presentoir-a-brochures.jpg\",\"contentUrl\":\"https:\/\/ml-locations.be\/wp-content\/uploads\/2017\/04\/presentoir-a-brochures.jpg\",\"width\":1000,\"height\":1000,\"caption\":\"presentoir \u00e0 brochures - mobilier en location\"},{\"@type\":\"BreadcrumbList\",\"@id\":\"https:\/\/ml-locations.be\/nl\/locations\/presentoir-a4-plexi\/#breadcrumb\",\"itemListElement\":[{\"@type\":\"ListItem\",\"position\":1,\"name\":\"Accueil\",\"item\":\"https:\/\/ml-locations.be\/nl\/\"},{\"@type\":\"ListItem\",\"position\":2,\"name\":\"Winkel\",\"item\":\"https:\/\/ml-locations.be\/nl\/winkel\/\"},{\"@type\":\"ListItem\",\"position\":3,\"name\":\"Pr\u00e9sentoir A4 plexi\"}]},{\"@type\":\"WebSite\",\"@id\":\"https:\/\/ml-locations.be\/nl\/#website\",\"url\":\"https:\/\/ml-locations.be\/nl\/\",\"name\":\"ML Locations\",\"description\":\"Mat\u00e9riel \u00e9v\u00e9nementiel : location chaise, table et mange debout, mat\u00e9riel horeca, frigos,...\",\"publisher\":{\"@id\":\"https:\/\/ml-locations.be\/nl\/#organization\"},\"potentialAction\":[{\"@type\":\"SearchAction\",\"target\":{\"@type\":\"EntryPoint\",\"urlTemplate\":\"https:\/\/ml-locations.be\/nl\/?s={search_term_string}\"},\"query-input\":{\"@type\":\"PropertyValueSpecification\",\"valueRequired\":true,\"valueName\":\"search_term_string\"}}],\"inLanguage\":\"nl-NL\"},{\"@type\":\"Organization\",\"@id\":\"https:\/\/ml-locations.be\/nl\/#organization\",\"name\":\"ML Locations\",\"url\":\"https:\/\/ml-locations.be\/nl\/\",\"logo\":{\"@type\":\"ImageObject\",\"inLanguage\":\"nl-NL\",\"@id\":\"https:\/\/ml-locations.be\/nl\/#\/schema\/logo\/image\/\",\"url\":\"https:\/\/ml-locations.be\/wp-content\/uploads\/2018\/05\/LOGO-location-BON.png\",\"contentUrl\":\"https:\/\/ml-locations.be\/wp-content\/uploads\/2018\/05\/LOGO-location-BON.png\",\"width\":1200,\"height\":1200,\"caption\":\"ML Locations\"},\"image\":{\"@id\":\"https:\/\/ml-locations.be\/nl\/#\/schema\/logo\/image\/\"}}]}<\/script>\n<!-- \/ Yoast SEO plugin. -->","yoast_head_json":{"title":"Pr\u00e9sentoir A4 plexi | ML Locations","robots":{"index":"index","follow":"follow","max-snippet":"max-snippet:-1","max-image-preview":"max-image-preview:large","max-video-preview":"max-video-preview:-1"},"canonical":"https:\/\/ml-locations.be\/nl\/locations\/presentoir-a4-plexi\/","og_locale":"nl_NL","og_type":"article","og_title":"Pr\u00e9sentoir A4 plexi | ML Locations","og_description":"Pr\u00e9sentoir A4 plexi sur pied avec syst\u00e8me accord\u00e9on qui se d\u00e9plie pour pr\u00e9senter vos brochures ou documents. Id\u00e9al dans les halls d\u2019accueil et pour les stands d\u2019expositions.","og_url":"https:\/\/ml-locations.be\/nl\/locations\/presentoir-a4-plexi\/","og_site_name":"ML Locations","article_modified_time":"2017-05-08T11:52:23+00:00","og_image":[{"width":1000,"height":1000,"url":"https:\/\/ml-locations.be\/wp-content\/uploads\/2017\/04\/presentoir-a-brochures.jpg","type":"image\/jpeg"}],"twitter_card":"summary_large_image","schema":{"@context":"https:\/\/schema.org","@graph":[{"@type":"WebPage","@id":"https:\/\/ml-locations.be\/nl\/locations\/presentoir-a4-plexi\/","url":"https:\/\/ml-locations.be\/nl\/locations\/presentoir-a4-plexi\/","name":"Pr\u00e9sentoir A4 plexi | ML Locations","isPartOf":{"@id":"https:\/\/ml-locations.be\/nl\/#website"},"primaryImageOfPage":{"@id":"https:\/\/ml-locations.be\/nl\/locations\/presentoir-a4-plexi\/#primaryimage"},"image":{"@id":"https:\/\/ml-locations.be\/nl\/locations\/presentoir-a4-plexi\/#primaryimage"},"thumbnailUrl":"https:\/\/ml-locations.be\/wp-content\/uploads\/2017\/04\/presentoir-a-brochures.jpg","datePublished":"2017-04-11T12:33:19+00:00","dateModified":"2017-05-08T11:52:23+00:00","breadcrumb":{"@id":"https:\/\/ml-locations.be\/nl\/locations\/presentoir-a4-plexi\/#breadcrumb"},"inLanguage":"nl-NL","potentialAction":[{"@type":"ReadAction","target":["https:\/\/ml-locations.be\/nl\/locations\/presentoir-a4-plexi\/"]}]},{"@type":"ImageObject","inLanguage":"nl-NL","@id":"https:\/\/ml-locations.be\/nl\/locations\/presentoir-a4-plexi\/#primaryimage","url":"https:\/\/ml-locations.be\/wp-content\/uploads\/2017\/04\/presentoir-a-brochures.jpg","contentUrl":"https:\/\/ml-locations.be\/wp-content\/uploads\/2017\/04\/presentoir-a-brochures.jpg","width":1000,"height":1000,"caption":"presentoir \u00e0 brochures - mobilier en location"},{"@type":"BreadcrumbList","@id":"https:\/\/ml-locations.be\/nl\/locations\/presentoir-a4-plexi\/#breadcrumb","itemListElement":[{"@type":"ListItem","position":1,"name":"Accueil","item":"https:\/\/ml-locations.be\/nl\/"},{"@type":"ListItem","position":2,"name":"Winkel","item":"https:\/\/ml-locations.be\/nl\/winkel\/"},{"@type":"ListItem","position":3,"name":"Pr\u00e9sentoir A4 plexi"}]},{"@type":"WebSite","@id":"https:\/\/ml-locations.be\/nl\/#website","url":"https:\/\/ml-locations.be\/nl\/","name":"ML Locations","description":"Mat\u00e9riel \u00e9v\u00e9nementiel : location chaise, table et mange debout, mat\u00e9riel horeca, frigos,...","publisher":{"@id":"https:\/\/ml-locations.be\/nl\/#organization"},"potentialAction":[{"@type":"SearchAction","target":{"@type":"EntryPoint","urlTemplate":"https:\/\/ml-locations.be\/nl\/?s={search_term_string}"},"query-input":{"@type":"PropertyValueSpecification","valueRequired":true,"valueName":"search_term_string"}}],"inLanguage":"nl-NL"},{"@type":"Organization","@id":"https:\/\/ml-locations.be\/nl\/#organization","name":"ML Locations","url":"https:\/\/ml-locations.be\/nl\/","logo":{"@type":"ImageObject","inLanguage":"nl-NL","@id":"https:\/\/ml-locations.be\/nl\/#\/schema\/logo\/image\/","url":"https:\/\/ml-locations.be\/wp-content\/uploads\/2018\/05\/LOGO-location-BON.png","contentUrl":"https:\/\/ml-locations.be\/wp-content\/uploads\/2018\/05\/LOGO-location-BON.png","width":1200,"height":1200,"caption":"ML Locations"},"image":{"@id":"https:\/\/ml-locations.be\/nl\/#\/schema\/logo\/image\/"}}]}},"_links":{"self":[{"href":"https:\/\/ml-locations.be\/nl\/wp-json\/wp\/v2\/product\/1753","targetHints":{"allow":["GET"]}}],"collection":[{"href":"https:\/\/ml-locations.be\/nl\/wp-json\/wp\/v2\/product"}],"about":[{"href":"https:\/\/ml-locations.be\/nl\/wp-json\/wp\/v2\/types\/product"}],"wp:featuredmedia":[{"embeddable":true,"href":"https:\/\/ml-locations.be\/nl\/wp-json\/wp\/v2\/media\/2379"}],"wp:attachment":[{"href":"https:\/\/ml-locations.be\/nl\/wp-json\/wp\/v2\/media?parent=1753"}],"wp:term":[{"taxonomy":"product_brand","embeddable":true,"href":"https:\/\/ml-locations.be\/nl\/wp-json\/wp\/v2\/product_brand?post=1753"},{"taxonomy":"product_cat","embeddable":true,"href":"https:\/\/ml-locations.be\/nl\/wp-json\/wp\/v2\/product_cat?post=1753"},{"taxonomy":"product_tag","embeddable":true,"href":"https:\/\/ml-locations.be\/nl\/wp-json\/wp\/v2\/product_tag?post=1753"}],"curies":[{"name":"wp","href":"https:\/\/api.w.org\/{rel}","templated":true}]}}