{"id":1779,"date":"2017-04-11T14:33:29","date_gmt":"2017-04-11T12:33:29","guid":{"rendered":"https:\/\/www.ml-locations.be\/\/locations\/podium-praticable-de-scene-2x1m-prolyt\/"},"modified":"2017-05-08T13:52:36","modified_gmt":"2017-05-08T11:52:36","slug":"podium-praticable-de-scene-2x1m-prolyt","status":"publish","type":"product","link":"https:\/\/ml-locations.be\/nl\/locations\/podium-praticable-de-scene-2x1m-prolyt\/","title":{"rendered":"Podium &#8211; praticable de sc\u00e8ne 2x1m prolyte"},"content":{"rendered":"<p>Ces <strong>podiums rectangle en prolyte<\/strong>\u00a0de 2 m\u00e8tres sur 1 sont des praticables parfaitement adapt\u00e9es \u00e0 la cr\u00e9ation d\u2019une surface sur\u00e9lev\u00e9e praticable pour vos conf\u00e9rences et discours lors de vos \u00e9v\u00e8nements tel qu\u2019un d\u00eener de mariage, anniversaire, conf\u00e9rence, reveal,\u2026<\/p>\n<p>Ces podiums peuvent \u00eatre attach\u00e9 les uns aux autres afin de cr\u00e9er une sc\u00e8ne ou un plancher sur\u00e9lev\u00e9 plus grand.<\/p>\n<p>La grande r\u00e9sistance de ces praticables de sc\u00e8ne vous permet de cr\u00e9er des podiums en toute s\u00e9curit\u00e9. Et leur poids r\u00e9duit permet de les d\u00e9placer facilement.<\/p>\n<p>Nous vous proposons \u00e9galement la <strong>location<\/strong> <strong>de pieds de podiums<\/strong> de 40, 60, 70 ou 100 cm afin de sur\u00e9lever le podium \u00e0 votre convenance ainsi que d\u2019un tapis et des jupes de podium de la couleur de votre choix afin d\u2019habiller la sc\u00e8ne et ajouter un touche plus classe et plus professionnelle \u00e0 votre \u00e9v\u00e9nement.<\/p>\n","protected":false},"excerpt":{"rendered":"<p><strong>Podium rectangle en prolyte<\/strong> de 2 m\u00e8tres sur 1 parfaitement adapt\u00e9 afin de cr\u00e9er une <strong>sc\u00e8ne sur\u00e9lev\u00e9e<\/strong> pour une conf\u00e9rence, discours, soir\u00e9e ou lors de tout autre \u00e9v\u00e9nement.<\/p>\n","protected":false},"featured_media":2583,"template":"","meta":{"_acf_changed":false},"product_brand":[],"product_cat":[17,20],"product_tag":[204],"class_list":{"0":"post-1779","1":"product","2":"type-product","3":"status-publish","4":"has-post-thumbnail","6":"product_cat-materiel-sono-et-lumieres-en-location","7":"product_cat-podium-scene-praticables-en-location","8":"product_tag-location-materiel-concert-et-spectacle","9":"description-off","11":"first","12":"instock","13":"taxable","14":"shipping-taxable","15":"purchasable","16":"product-type-simple"},"acf":[],"yoast_head":"<!-- This site is optimized with the Yoast SEO plugin v25.0 - https:\/\/yoast.com\/wordpress\/plugins\/seo\/ -->\n<title>Podium - praticable de sc\u00e8ne 2x1m prolyte | ML Locations<\/title>\n<meta name=\"robots\" content=\"index, follow, max-snippet:-1, max-image-preview:large, max-video-preview:-1\" \/>\n<link rel=\"canonical\" href=\"https:\/\/ml-locations.be\/nl\/locations\/podium-praticable-de-scene-2x1m-prolyt\/\" \/>\n<meta property=\"og:locale\" content=\"nl_NL\" \/>\n<meta property=\"og:type\" content=\"article\" \/>\n<meta property=\"og:title\" content=\"Podium - praticable de sc\u00e8ne 2x1m prolyte | ML Locations\" \/>\n<meta property=\"og:description\" content=\"Podium rectangle en prolyte de 2 m\u00e8tres sur 1 parfaitement adapt\u00e9 afin de cr\u00e9er une sc\u00e8ne sur\u00e9lev\u00e9e pour une conf\u00e9rence, discours, soir\u00e9e ou lors de tout autre \u00e9v\u00e9nement.\" \/>\n<meta property=\"og:url\" content=\"https:\/\/ml-locations.be\/nl\/locations\/podium-praticable-de-scene-2x1m-prolyt\/\" \/>\n<meta property=\"og:site_name\" content=\"ML Locations\" \/>\n<meta property=\"article:modified_time\" content=\"2017-05-08T11:52:36+00:00\" \/>\n<meta property=\"og:image\" content=\"https:\/\/ml-locations.be\/wp-content\/uploads\/2017\/04\/Prolyte-Podium-2x1.jpg\" \/>\n\t<meta property=\"og:image:width\" content=\"1000\" \/>\n\t<meta property=\"og:image:height\" content=\"1000\" \/>\n\t<meta property=\"og:image:type\" content=\"image\/jpeg\" \/>\n<meta name=\"twitter:card\" content=\"summary_large_image\" \/>\n<meta name=\"twitter:label1\" content=\"Geschatte leestijd\" \/>\n\t<meta name=\"twitter:data1\" content=\"1 minuut\" \/>\n<script type=\"application\/ld+json\" class=\"yoast-schema-graph\">{\"@context\":\"https:\/\/schema.org\",\"@graph\":[{\"@type\":\"WebPage\",\"@id\":\"https:\/\/ml-locations.be\/nl\/locations\/podium-praticable-de-scene-2x1m-prolyt\/\",\"url\":\"https:\/\/ml-locations.be\/nl\/locations\/podium-praticable-de-scene-2x1m-prolyt\/\",\"name\":\"Podium - praticable de sc\u00e8ne 2x1m prolyte | ML Locations\",\"isPartOf\":{\"@id\":\"https:\/\/ml-locations.be\/nl\/#website\"},\"primaryImageOfPage\":{\"@id\":\"https:\/\/ml-locations.be\/nl\/locations\/podium-praticable-de-scene-2x1m-prolyt\/#primaryimage\"},\"image\":{\"@id\":\"https:\/\/ml-locations.be\/nl\/locations\/podium-praticable-de-scene-2x1m-prolyt\/#primaryimage\"},\"thumbnailUrl\":\"https:\/\/ml-locations.be\/wp-content\/uploads\/2017\/04\/Prolyte-Podium-2x1.jpg\",\"datePublished\":\"2017-04-11T12:33:29+00:00\",\"dateModified\":\"2017-05-08T11:52:36+00:00\",\"breadcrumb\":{\"@id\":\"https:\/\/ml-locations.be\/nl\/locations\/podium-praticable-de-scene-2x1m-prolyt\/#breadcrumb\"},\"inLanguage\":\"nl-NL\",\"potentialAction\":[{\"@type\":\"ReadAction\",\"target\":[\"https:\/\/ml-locations.be\/nl\/locations\/podium-praticable-de-scene-2x1m-prolyt\/\"]}]},{\"@type\":\"ImageObject\",\"inLanguage\":\"nl-NL\",\"@id\":\"https:\/\/ml-locations.be\/nl\/locations\/podium-praticable-de-scene-2x1m-prolyt\/#primaryimage\",\"url\":\"https:\/\/ml-locations.be\/wp-content\/uploads\/2017\/04\/Prolyte-Podium-2x1.jpg\",\"contentUrl\":\"https:\/\/ml-locations.be\/wp-content\/uploads\/2017\/04\/Prolyte-Podium-2x1.jpg\",\"width\":1000,\"height\":1000,\"caption\":\"podium en prolyte \u00e0 louer\"},{\"@type\":\"BreadcrumbList\",\"@id\":\"https:\/\/ml-locations.be\/nl\/locations\/podium-praticable-de-scene-2x1m-prolyt\/#breadcrumb\",\"itemListElement\":[{\"@type\":\"ListItem\",\"position\":1,\"name\":\"Accueil\",\"item\":\"https:\/\/ml-locations.be\/nl\/\"},{\"@type\":\"ListItem\",\"position\":2,\"name\":\"Winkel\",\"item\":\"https:\/\/ml-locations.be\/nl\/winkel\/\"},{\"@type\":\"ListItem\",\"position\":3,\"name\":\"Podium &#8211; praticable de sc\u00e8ne 2x1m prolyte\"}]},{\"@type\":\"WebSite\",\"@id\":\"https:\/\/ml-locations.be\/nl\/#website\",\"url\":\"https:\/\/ml-locations.be\/nl\/\",\"name\":\"ML Locations\",\"description\":\"Mat\u00e9riel \u00e9v\u00e9nementiel : location chaise, table et mange debout, mat\u00e9riel horeca, frigos,...\",\"publisher\":{\"@id\":\"https:\/\/ml-locations.be\/nl\/#organization\"},\"potentialAction\":[{\"@type\":\"SearchAction\",\"target\":{\"@type\":\"EntryPoint\",\"urlTemplate\":\"https:\/\/ml-locations.be\/nl\/?s={search_term_string}\"},\"query-input\":{\"@type\":\"PropertyValueSpecification\",\"valueRequired\":true,\"valueName\":\"search_term_string\"}}],\"inLanguage\":\"nl-NL\"},{\"@type\":\"Organization\",\"@id\":\"https:\/\/ml-locations.be\/nl\/#organization\",\"name\":\"ML Locations\",\"url\":\"https:\/\/ml-locations.be\/nl\/\",\"logo\":{\"@type\":\"ImageObject\",\"inLanguage\":\"nl-NL\",\"@id\":\"https:\/\/ml-locations.be\/nl\/#\/schema\/logo\/image\/\",\"url\":\"https:\/\/ml-locations.be\/wp-content\/uploads\/2018\/05\/LOGO-location-BON.png\",\"contentUrl\":\"https:\/\/ml-locations.be\/wp-content\/uploads\/2018\/05\/LOGO-location-BON.png\",\"width\":1200,\"height\":1200,\"caption\":\"ML Locations\"},\"image\":{\"@id\":\"https:\/\/ml-locations.be\/nl\/#\/schema\/logo\/image\/\"}}]}<\/script>\n<!-- \/ Yoast SEO plugin. -->","yoast_head_json":{"title":"Podium - praticable de sc\u00e8ne 2x1m prolyte | ML Locations","robots":{"index":"index","follow":"follow","max-snippet":"max-snippet:-1","max-image-preview":"max-image-preview:large","max-video-preview":"max-video-preview:-1"},"canonical":"https:\/\/ml-locations.be\/nl\/locations\/podium-praticable-de-scene-2x1m-prolyt\/","og_locale":"nl_NL","og_type":"article","og_title":"Podium - praticable de sc\u00e8ne 2x1m prolyte | ML Locations","og_description":"Podium rectangle en prolyte de 2 m\u00e8tres sur 1 parfaitement adapt\u00e9 afin de cr\u00e9er une sc\u00e8ne sur\u00e9lev\u00e9e pour une conf\u00e9rence, discours, soir\u00e9e ou lors de tout autre \u00e9v\u00e9nement.","og_url":"https:\/\/ml-locations.be\/nl\/locations\/podium-praticable-de-scene-2x1m-prolyt\/","og_site_name":"ML Locations","article_modified_time":"2017-05-08T11:52:36+00:00","og_image":[{"width":1000,"height":1000,"url":"https:\/\/ml-locations.be\/wp-content\/uploads\/2017\/04\/Prolyte-Podium-2x1.jpg","type":"image\/jpeg"}],"twitter_card":"summary_large_image","twitter_misc":{"Geschatte leestijd":"1 minuut"},"schema":{"@context":"https:\/\/schema.org","@graph":[{"@type":"WebPage","@id":"https:\/\/ml-locations.be\/nl\/locations\/podium-praticable-de-scene-2x1m-prolyt\/","url":"https:\/\/ml-locations.be\/nl\/locations\/podium-praticable-de-scene-2x1m-prolyt\/","name":"Podium - praticable de sc\u00e8ne 2x1m prolyte | ML Locations","isPartOf":{"@id":"https:\/\/ml-locations.be\/nl\/#website"},"primaryImageOfPage":{"@id":"https:\/\/ml-locations.be\/nl\/locations\/podium-praticable-de-scene-2x1m-prolyt\/#primaryimage"},"image":{"@id":"https:\/\/ml-locations.be\/nl\/locations\/podium-praticable-de-scene-2x1m-prolyt\/#primaryimage"},"thumbnailUrl":"https:\/\/ml-locations.be\/wp-content\/uploads\/2017\/04\/Prolyte-Podium-2x1.jpg","datePublished":"2017-04-11T12:33:29+00:00","dateModified":"2017-05-08T11:52:36+00:00","breadcrumb":{"@id":"https:\/\/ml-locations.be\/nl\/locations\/podium-praticable-de-scene-2x1m-prolyt\/#breadcrumb"},"inLanguage":"nl-NL","potentialAction":[{"@type":"ReadAction","target":["https:\/\/ml-locations.be\/nl\/locations\/podium-praticable-de-scene-2x1m-prolyt\/"]}]},{"@type":"ImageObject","inLanguage":"nl-NL","@id":"https:\/\/ml-locations.be\/nl\/locations\/podium-praticable-de-scene-2x1m-prolyt\/#primaryimage","url":"https:\/\/ml-locations.be\/wp-content\/uploads\/2017\/04\/Prolyte-Podium-2x1.jpg","contentUrl":"https:\/\/ml-locations.be\/wp-content\/uploads\/2017\/04\/Prolyte-Podium-2x1.jpg","width":1000,"height":1000,"caption":"podium en prolyte \u00e0 louer"},{"@type":"BreadcrumbList","@id":"https:\/\/ml-locations.be\/nl\/locations\/podium-praticable-de-scene-2x1m-prolyt\/#breadcrumb","itemListElement":[{"@type":"ListItem","position":1,"name":"Accueil","item":"https:\/\/ml-locations.be\/nl\/"},{"@type":"ListItem","position":2,"name":"Winkel","item":"https:\/\/ml-locations.be\/nl\/winkel\/"},{"@type":"ListItem","position":3,"name":"Podium &#8211; praticable de sc\u00e8ne 2x1m prolyte"}]},{"@type":"WebSite","@id":"https:\/\/ml-locations.be\/nl\/#website","url":"https:\/\/ml-locations.be\/nl\/","name":"ML Locations","description":"Mat\u00e9riel \u00e9v\u00e9nementiel : location chaise, table et mange debout, mat\u00e9riel horeca, frigos,...","publisher":{"@id":"https:\/\/ml-locations.be\/nl\/#organization"},"potentialAction":[{"@type":"SearchAction","target":{"@type":"EntryPoint","urlTemplate":"https:\/\/ml-locations.be\/nl\/?s={search_term_string}"},"query-input":{"@type":"PropertyValueSpecification","valueRequired":true,"valueName":"search_term_string"}}],"inLanguage":"nl-NL"},{"@type":"Organization","@id":"https:\/\/ml-locations.be\/nl\/#organization","name":"ML Locations","url":"https:\/\/ml-locations.be\/nl\/","logo":{"@type":"ImageObject","inLanguage":"nl-NL","@id":"https:\/\/ml-locations.be\/nl\/#\/schema\/logo\/image\/","url":"https:\/\/ml-locations.be\/wp-content\/uploads\/2018\/05\/LOGO-location-BON.png","contentUrl":"https:\/\/ml-locations.be\/wp-content\/uploads\/2018\/05\/LOGO-location-BON.png","width":1200,"height":1200,"caption":"ML Locations"},"image":{"@id":"https:\/\/ml-locations.be\/nl\/#\/schema\/logo\/image\/"}}]}},"_links":{"self":[{"href":"https:\/\/ml-locations.be\/nl\/wp-json\/wp\/v2\/product\/1779","targetHints":{"allow":["GET"]}}],"collection":[{"href":"https:\/\/ml-locations.be\/nl\/wp-json\/wp\/v2\/product"}],"about":[{"href":"https:\/\/ml-locations.be\/nl\/wp-json\/wp\/v2\/types\/product"}],"wp:featuredmedia":[{"embeddable":true,"href":"https:\/\/ml-locations.be\/nl\/wp-json\/wp\/v2\/media\/2583"}],"wp:attachment":[{"href":"https:\/\/ml-locations.be\/nl\/wp-json\/wp\/v2\/media?parent=1779"}],"wp:term":[{"taxonomy":"product_brand","embeddable":true,"href":"https:\/\/ml-locations.be\/nl\/wp-json\/wp\/v2\/product_brand?post=1779"},{"taxonomy":"product_cat","embeddable":true,"href":"https:\/\/ml-locations.be\/nl\/wp-json\/wp\/v2\/product_cat?post=1779"},{"taxonomy":"product_tag","embeddable":true,"href":"https:\/\/ml-locations.be\/nl\/wp-json\/wp\/v2\/product_tag?post=1779"}],"curies":[{"name":"wp","href":"https:\/\/api.w.org\/{rel}","templated":true}]}}