{"id":2804,"date":"2017-04-27T17:31:25","date_gmt":"2017-04-27T15:31:25","guid":{"rendered":"https:\/\/www.ml-locations.be?post_type=product&#038;p=2804"},"modified":"2017-05-02T10:07:30","modified_gmt":"2017-05-02T08:07:30","slug":"lyre-b-eye-colorstage","status":"publish","type":"product","link":"https:\/\/ml-locations.be\/nl\/locations\/lyre-b-eye-colorstage\/","title":{"rendered":"Lyre B-eye Colorstage\u00a0"},"content":{"rendered":"<p>La <strong>lyre B-Eye Colorstage<\/strong> est une <strong>lyre\u00a0robotis\u00e9e<\/strong> permettant un contr\u00f4le total des mouvements du <strong>projecteur<\/strong> gr\u00e2ce aux commandes DMX. Ce projecteur <strong>lyre<\/strong> est dot\u00e9 de trois modes de fonctionnement\u00a0: <strong>lyre Wash<\/strong> (faisceau lumineux \u00e9tendu), <strong>lyre Beam<\/strong> (faisceau lumineux concentr\u00e9, rayon) et <strong>Graphic<\/strong> (formes g\u00e9om\u00e9triques). Ce <strong>projecteur lumineux<\/strong> (lyre) est \u00e9quip\u00e9\u00a0d&#8217;un syst\u00e8me d&#8217;optique unique avec une plage de zoom in\u00e9gal\u00e9 de 4\u00b0 \u00e0 60\u00b0 et une distribution uniforme des couleurs. Chaque couleur peut \u00eatre dynamiquement et individuellement contr\u00f4l\u00e9e offrant un <strong>\u00e9clairage<\/strong> optimal des lieux de votre <strong>\u00e9v\u00e9nement<\/strong>. Son \u00e9clairage LED<\/p>\n<p><strong>Caract\u00e9ristiques et dimensions de la lyre B-Eye Colorstage\u00a0:<\/strong><\/p>\n<ul>\n<li>Ecran de contr\u00f4le LCD<\/li>\n<li>Lyre compos\u00e9e de 19 LED 15w &#8211; 4 en 1 (quad LED) LED OSRAM<\/li>\n<li>Fonction de zoom rotatif<\/li>\n<li>Canaux DMX 21, 35, 78, 92 et 97 (peuvent \u00eatre s\u00e9lectionn\u00e9s \u00e0 partir de l&#8217;\u00e9cran)<\/li>\n<li>Angle : 4-60 degr\u00e9s<\/li>\n<li>Temp\u00e9rature\u00a0: 2500-8000K<\/li>\n<li>Fonction dimmer<\/li>\n<li>Modes\u00a0: Ma\u00eetre \/ Esclave \/ Auto \/ Sound<\/li>\n<li>Une\u00a0gamme compl\u00e8te de couleurs RGBW<\/li>\n<li>Mode automatique int\u00e9gr\u00e9\u00a0(animation automatique r\u00e9agissant au son)<\/li>\n<li>Poids environ\u00a0: 19 kg<\/li>\n<li>Dimensions\u00a0: 494 x 358 x 253 mm<\/li>\n<li>Consommation d&#8217;\u00e9nergie d&#8217;environ 350W.<\/li>\n<\/ul>\n<p><strong>D\u00e9couvrez le fonctionnement de la lyre B-Eye de colorstage (projecteur) :\u00a0<\/strong><br \/>\n<iframe loading=\"lazy\" src=\"https:\/\/www.youtube.com\/embed\/NW4CzLp8UAI?ecver=2\" width=\"640\" height=\"360\" frameborder=\"0\" allowfullscreen=\"allowfullscreen\"><\/iframe><\/p>\n","protected":false},"excerpt":{"rendered":"<p><strong>Projecteur lyre B-Eye Colorstage<\/strong> pour l&#8217;\u00e9clairage de vos \u00e9v\u00e9nements. <strong>Lyre<\/strong> polyvalente avec ses trois modes de fonctionnement : <strong>lyre Wash<\/strong>, <strong>lyre Beam<\/strong> et <strong>Graphic<\/strong>. Id\u00e9ale pour l\u2019<strong>\u00e9clairage<\/strong> de vos soir\u00e9es, conf\u00e9rence, pr\u00e9sentation de produits,\u2026<\/p>\n","protected":false},"featured_media":2805,"template":"","meta":{"_acf_changed":false},"product_brand":[],"product_cat":[17,19],"product_tag":[205],"class_list":{"0":"post-2804","1":"product","2":"type-product","3":"status-publish","4":"has-post-thumbnail","6":"product_cat-materiel-sono-et-lumieres-en-location","7":"product_cat-materiel-eclairage-et-lumieres-a-louer","8":"product_tag-location-materiel-organisation-soiree","9":"description-off","11":"first","12":"instock","13":"taxable","14":"shipping-taxable","15":"purchasable","16":"product-type-simple"},"acf":[],"yoast_head":"<!-- This site is optimized with the Yoast SEO plugin v25.0 - https:\/\/yoast.com\/wordpress\/plugins\/seo\/ -->\n<title>Lyre B-eye Colorstage\u00a0 | ML Locations<\/title>\n<meta name=\"robots\" content=\"index, follow, max-snippet:-1, max-image-preview:large, max-video-preview:-1\" \/>\n<link rel=\"canonical\" href=\"https:\/\/ml-locations.be\/nl\/locations\/lyre-b-eye-colorstage\/\" \/>\n<meta property=\"og:locale\" content=\"nl_NL\" \/>\n<meta property=\"og:type\" content=\"article\" \/>\n<meta property=\"og:title\" content=\"Lyre B-eye Colorstage\u00a0 | ML Locations\" \/>\n<meta property=\"og:description\" content=\"Projecteur lyre B-Eye Colorstage pour l&#039;\u00e9clairage de vos \u00e9v\u00e9nements. Lyre polyvalente avec ses trois modes de fonctionnement : lyre Wash, lyre Beam et Graphic. Id\u00e9ale pour l\u2019\u00e9clairage de vos soir\u00e9es, conf\u00e9rence, pr\u00e9sentation de produits,\u2026\" \/>\n<meta property=\"og:url\" content=\"https:\/\/ml-locations.be\/nl\/locations\/lyre-b-eye-colorstage\/\" \/>\n<meta property=\"og:site_name\" content=\"ML Locations\" \/>\n<meta property=\"article:modified_time\" content=\"2017-05-02T08:07:30+00:00\" \/>\n<meta property=\"og:image\" content=\"https:\/\/ml-locations.be\/wp-content\/uploads\/2017\/04\/lyre-b-eye-projecteur-location-eclairage-et-lumiere.jpg\" \/>\n\t<meta property=\"og:image:width\" content=\"320\" \/>\n\t<meta property=\"og:image:height\" content=\"400\" \/>\n\t<meta property=\"og:image:type\" content=\"image\/jpeg\" \/>\n<meta name=\"twitter:card\" content=\"summary_large_image\" \/>\n<meta name=\"twitter:label1\" content=\"Geschatte leestijd\" \/>\n\t<meta name=\"twitter:data1\" content=\"1 minuut\" \/>\n<script type=\"application\/ld+json\" class=\"yoast-schema-graph\">{\"@context\":\"https:\/\/schema.org\",\"@graph\":[{\"@type\":\"WebPage\",\"@id\":\"https:\/\/ml-locations.be\/nl\/locations\/lyre-b-eye-colorstage\/\",\"url\":\"https:\/\/ml-locations.be\/nl\/locations\/lyre-b-eye-colorstage\/\",\"name\":\"Lyre B-eye Colorstage\u00a0 | ML Locations\",\"isPartOf\":{\"@id\":\"https:\/\/ml-locations.be\/nl\/#website\"},\"primaryImageOfPage\":{\"@id\":\"https:\/\/ml-locations.be\/nl\/locations\/lyre-b-eye-colorstage\/#primaryimage\"},\"image\":{\"@id\":\"https:\/\/ml-locations.be\/nl\/locations\/lyre-b-eye-colorstage\/#primaryimage\"},\"thumbnailUrl\":\"https:\/\/ml-locations.be\/wp-content\/uploads\/2017\/04\/lyre-b-eye-projecteur-location-eclairage-et-lumiere.jpg\",\"datePublished\":\"2017-04-27T15:31:25+00:00\",\"dateModified\":\"2017-05-02T08:07:30+00:00\",\"breadcrumb\":{\"@id\":\"https:\/\/ml-locations.be\/nl\/locations\/lyre-b-eye-colorstage\/#breadcrumb\"},\"inLanguage\":\"nl-NL\",\"potentialAction\":[{\"@type\":\"ReadAction\",\"target\":[\"https:\/\/ml-locations.be\/nl\/locations\/lyre-b-eye-colorstage\/\"]}]},{\"@type\":\"ImageObject\",\"inLanguage\":\"nl-NL\",\"@id\":\"https:\/\/ml-locations.be\/nl\/locations\/lyre-b-eye-colorstage\/#primaryimage\",\"url\":\"https:\/\/ml-locations.be\/wp-content\/uploads\/2017\/04\/lyre-b-eye-projecteur-location-eclairage-et-lumiere.jpg\",\"contentUrl\":\"https:\/\/ml-locations.be\/wp-content\/uploads\/2017\/04\/lyre-b-eye-projecteur-location-eclairage-et-lumiere.jpg\",\"width\":320,\"height\":400,\"caption\":\"lyre b-eye - projecteur - location eclairage et lumiere\"},{\"@type\":\"BreadcrumbList\",\"@id\":\"https:\/\/ml-locations.be\/nl\/locations\/lyre-b-eye-colorstage\/#breadcrumb\",\"itemListElement\":[{\"@type\":\"ListItem\",\"position\":1,\"name\":\"Accueil\",\"item\":\"https:\/\/ml-locations.be\/nl\/\"},{\"@type\":\"ListItem\",\"position\":2,\"name\":\"Winkel\",\"item\":\"https:\/\/ml-locations.be\/nl\/winkel\/\"},{\"@type\":\"ListItem\",\"position\":3,\"name\":\"Lyre B-eye Colorstage\u00a0\"}]},{\"@type\":\"WebSite\",\"@id\":\"https:\/\/ml-locations.be\/nl\/#website\",\"url\":\"https:\/\/ml-locations.be\/nl\/\",\"name\":\"ML Locations\",\"description\":\"Mat\u00e9riel \u00e9v\u00e9nementiel : location chaise, table et mange debout, mat\u00e9riel horeca, frigos,...\",\"publisher\":{\"@id\":\"https:\/\/ml-locations.be\/nl\/#organization\"},\"potentialAction\":[{\"@type\":\"SearchAction\",\"target\":{\"@type\":\"EntryPoint\",\"urlTemplate\":\"https:\/\/ml-locations.be\/nl\/?s={search_term_string}\"},\"query-input\":{\"@type\":\"PropertyValueSpecification\",\"valueRequired\":true,\"valueName\":\"search_term_string\"}}],\"inLanguage\":\"nl-NL\"},{\"@type\":\"Organization\",\"@id\":\"https:\/\/ml-locations.be\/nl\/#organization\",\"name\":\"ML Locations\",\"url\":\"https:\/\/ml-locations.be\/nl\/\",\"logo\":{\"@type\":\"ImageObject\",\"inLanguage\":\"nl-NL\",\"@id\":\"https:\/\/ml-locations.be\/nl\/#\/schema\/logo\/image\/\",\"url\":\"https:\/\/ml-locations.be\/wp-content\/uploads\/2018\/05\/LOGO-location-BON.png\",\"contentUrl\":\"https:\/\/ml-locations.be\/wp-content\/uploads\/2018\/05\/LOGO-location-BON.png\",\"width\":1200,\"height\":1200,\"caption\":\"ML Locations\"},\"image\":{\"@id\":\"https:\/\/ml-locations.be\/nl\/#\/schema\/logo\/image\/\"}}]}<\/script>\n<!-- \/ Yoast SEO plugin. -->","yoast_head_json":{"title":"Lyre B-eye Colorstage\u00a0 | ML Locations","robots":{"index":"index","follow":"follow","max-snippet":"max-snippet:-1","max-image-preview":"max-image-preview:large","max-video-preview":"max-video-preview:-1"},"canonical":"https:\/\/ml-locations.be\/nl\/locations\/lyre-b-eye-colorstage\/","og_locale":"nl_NL","og_type":"article","og_title":"Lyre B-eye Colorstage\u00a0 | ML Locations","og_description":"Projecteur lyre B-Eye Colorstage pour l'\u00e9clairage de vos \u00e9v\u00e9nements. Lyre polyvalente avec ses trois modes de fonctionnement : lyre Wash, lyre Beam et Graphic. Id\u00e9ale pour l\u2019\u00e9clairage de vos soir\u00e9es, conf\u00e9rence, pr\u00e9sentation de produits,\u2026","og_url":"https:\/\/ml-locations.be\/nl\/locations\/lyre-b-eye-colorstage\/","og_site_name":"ML Locations","article_modified_time":"2017-05-02T08:07:30+00:00","og_image":[{"width":320,"height":400,"url":"https:\/\/ml-locations.be\/wp-content\/uploads\/2017\/04\/lyre-b-eye-projecteur-location-eclairage-et-lumiere.jpg","type":"image\/jpeg"}],"twitter_card":"summary_large_image","twitter_misc":{"Geschatte leestijd":"1 minuut"},"schema":{"@context":"https:\/\/schema.org","@graph":[{"@type":"WebPage","@id":"https:\/\/ml-locations.be\/nl\/locations\/lyre-b-eye-colorstage\/","url":"https:\/\/ml-locations.be\/nl\/locations\/lyre-b-eye-colorstage\/","name":"Lyre B-eye Colorstage\u00a0 | ML Locations","isPartOf":{"@id":"https:\/\/ml-locations.be\/nl\/#website"},"primaryImageOfPage":{"@id":"https:\/\/ml-locations.be\/nl\/locations\/lyre-b-eye-colorstage\/#primaryimage"},"image":{"@id":"https:\/\/ml-locations.be\/nl\/locations\/lyre-b-eye-colorstage\/#primaryimage"},"thumbnailUrl":"https:\/\/ml-locations.be\/wp-content\/uploads\/2017\/04\/lyre-b-eye-projecteur-location-eclairage-et-lumiere.jpg","datePublished":"2017-04-27T15:31:25+00:00","dateModified":"2017-05-02T08:07:30+00:00","breadcrumb":{"@id":"https:\/\/ml-locations.be\/nl\/locations\/lyre-b-eye-colorstage\/#breadcrumb"},"inLanguage":"nl-NL","potentialAction":[{"@type":"ReadAction","target":["https:\/\/ml-locations.be\/nl\/locations\/lyre-b-eye-colorstage\/"]}]},{"@type":"ImageObject","inLanguage":"nl-NL","@id":"https:\/\/ml-locations.be\/nl\/locations\/lyre-b-eye-colorstage\/#primaryimage","url":"https:\/\/ml-locations.be\/wp-content\/uploads\/2017\/04\/lyre-b-eye-projecteur-location-eclairage-et-lumiere.jpg","contentUrl":"https:\/\/ml-locations.be\/wp-content\/uploads\/2017\/04\/lyre-b-eye-projecteur-location-eclairage-et-lumiere.jpg","width":320,"height":400,"caption":"lyre b-eye - projecteur - location eclairage et lumiere"},{"@type":"BreadcrumbList","@id":"https:\/\/ml-locations.be\/nl\/locations\/lyre-b-eye-colorstage\/#breadcrumb","itemListElement":[{"@type":"ListItem","position":1,"name":"Accueil","item":"https:\/\/ml-locations.be\/nl\/"},{"@type":"ListItem","position":2,"name":"Winkel","item":"https:\/\/ml-locations.be\/nl\/winkel\/"},{"@type":"ListItem","position":3,"name":"Lyre B-eye Colorstage\u00a0"}]},{"@type":"WebSite","@id":"https:\/\/ml-locations.be\/nl\/#website","url":"https:\/\/ml-locations.be\/nl\/","name":"ML Locations","description":"Mat\u00e9riel \u00e9v\u00e9nementiel : location chaise, table et mange debout, mat\u00e9riel horeca, frigos,...","publisher":{"@id":"https:\/\/ml-locations.be\/nl\/#organization"},"potentialAction":[{"@type":"SearchAction","target":{"@type":"EntryPoint","urlTemplate":"https:\/\/ml-locations.be\/nl\/?s={search_term_string}"},"query-input":{"@type":"PropertyValueSpecification","valueRequired":true,"valueName":"search_term_string"}}],"inLanguage":"nl-NL"},{"@type":"Organization","@id":"https:\/\/ml-locations.be\/nl\/#organization","name":"ML Locations","url":"https:\/\/ml-locations.be\/nl\/","logo":{"@type":"ImageObject","inLanguage":"nl-NL","@id":"https:\/\/ml-locations.be\/nl\/#\/schema\/logo\/image\/","url":"https:\/\/ml-locations.be\/wp-content\/uploads\/2018\/05\/LOGO-location-BON.png","contentUrl":"https:\/\/ml-locations.be\/wp-content\/uploads\/2018\/05\/LOGO-location-BON.png","width":1200,"height":1200,"caption":"ML Locations"},"image":{"@id":"https:\/\/ml-locations.be\/nl\/#\/schema\/logo\/image\/"}}]}},"_links":{"self":[{"href":"https:\/\/ml-locations.be\/nl\/wp-json\/wp\/v2\/product\/2804","targetHints":{"allow":["GET"]}}],"collection":[{"href":"https:\/\/ml-locations.be\/nl\/wp-json\/wp\/v2\/product"}],"about":[{"href":"https:\/\/ml-locations.be\/nl\/wp-json\/wp\/v2\/types\/product"}],"wp:featuredmedia":[{"embeddable":true,"href":"https:\/\/ml-locations.be\/nl\/wp-json\/wp\/v2\/media\/2805"}],"wp:attachment":[{"href":"https:\/\/ml-locations.be\/nl\/wp-json\/wp\/v2\/media?parent=2804"}],"wp:term":[{"taxonomy":"product_brand","embeddable":true,"href":"https:\/\/ml-locations.be\/nl\/wp-json\/wp\/v2\/product_brand?post=2804"},{"taxonomy":"product_cat","embeddable":true,"href":"https:\/\/ml-locations.be\/nl\/wp-json\/wp\/v2\/product_cat?post=2804"},{"taxonomy":"product_tag","embeddable":true,"href":"https:\/\/ml-locations.be\/nl\/wp-json\/wp\/v2\/product_tag?post=2804"}],"curies":[{"name":"wp","href":"https:\/\/api.w.org\/{rel}","templated":true}]}}